{"id":2593,"date":"2024-03-11T11:22:00","date_gmt":"2024-03-11T10:22:00","guid":{"rendered":"https:\/\/la-petite-fabrique-de-grammaire.fr\/?page_id=2593"},"modified":"2024-08-31T11:52:40","modified_gmt":"2024-08-31T09:52:40","slug":"la-modalisation-2","status":"publish","type":"page","link":"https:\/\/la-petite-fabrique-de-grammaire.fr\/?page_id=2593","title":{"rendered":"La modalisation"},"content":{"rendered":"<p style=\"text-align: justify;\"><strong>QU&rsquo;EST-CE QUE LA MODALISATION ? QU&rsquo;EST-CE QU&rsquo;UN MODE ?<\/strong><\/p>\n<p style=\"text-align: justify;\">La langue permet \u00e0 celui qui parle d&rsquo;indiquer la relation qu&rsquo;il entretient avec son \u00e9nonc\u00e9 : plus ou moins grande adh\u00e9sion, marquage d&rsquo;une obligation&#8230; (voir la page <a href=\"https:\/\/la-petite-fabrique-de-grammaire.fr\/?page_id=2599\" target=\"_blank\" rel=\"noopener\"><em>Quelques jalons de l&rsquo;histoire de la grammaire<\/em><\/a>, point 5)<br \/>\nIl peut exprimer une suggestion par un adverbe (<span style=\"color: #3366ff;\">peut-\u00eatre, sans doute<\/span>\u2026) ou une forme verbale (<span style=\"color: #3366ff;\">Il n&rsquo;est pas venu, il <strong>aura eu<\/strong> un accident<\/span>\u2026) ; il peut formuler une hypoth\u00e8se (<span style=\"color: #3366ff;\">Il n&rsquo;y <strong>aurait<\/strong> pas <strong>eu<\/strong> cet accident, je <strong>serais<\/strong> venu !<\/span>) ; il peut marquer une obligation (<span style=\"color: #3366ff;\">On contourne <strong>obligatoirement<\/strong> le supermarch\u00e9. <strong>Contourne<\/strong>-le.<\/span>)\u00a0; il peut souligner qu\u2019il ne croit pas \u00e0 une affirmation qu\u2019il rapporte (<span style=\"color: #3366ff;\">\u00c0 l\u2019entendre, Damien <strong>aurait eu<\/strong> un accident<\/span>), etc.<\/p>\n<p style=\"text-align: justify;\">Les moyens pour modaliser un \u00e9nonc\u00e9 sont divers : adverbes, formes verbales\u2026 Certains verbes impersonnels servent aussi \u00e0 modaliser : <span style=\"color: #3366ff;\">il faut<\/span>\u2026 <span style=\"color: #3366ff;\">il arrive que<\/span>\u2026 Souvent, on explicite gr\u00e2ce \u00e0 un verbe de pens\u00e9e : <span style=\"color: #3366ff;\">je crois que<\/span>&#8230; <span style=\"color: #3366ff;\">il doute que<\/span>&#8230; <span style=\"color: #3366ff;\">elle sugg\u00e8re que<\/span>&#8230;<\/p>\n<p style=\"text-align: justify;\">Les cat\u00e9gories qu\u2019on appelle \u00ab modes \u00bb en conjugaison peuvent servir \u00e0 modaliser (voir la page <a href=\"https:\/\/la-petite-fabrique-de-grammaire.fr\/?page_id=2564\" target=\"_blank\" rel=\"noopener\"><em>Conjugaison<\/em><\/a>), comme dans ces exemples :<br \/>\n<span style=\"color: #3366ff;\">Paul cherche un chien qui <strong>est<\/strong> gentil<\/span> (mode indicatif) : ce gentil chien s\u2019est perdu, Paul le cherche.<br \/>\n<span style=\"color: #3366ff;\">Paul cherche un chien qui <strong>soit<\/strong> gentil<\/span> (mode subjonctif) : Paul veut prendre un chien mais il voudrait que ce chien ne soit pas m\u00e9chant.<br \/>\nMais souvent, le choix d\u2019un mode verbal ou d\u2019un autre est contraint par la syntaxe et ne permet pas vraiment de modaliser\u00a0: <span style=\"color: #3366ff;\">il faut que tu viennes, j\u2019attends que tu viennes<\/span><em>\u2026 <\/em>Les verbes <em>falloir <\/em>ou<em> attendre <\/em>demandent que le verbe de la subordonn\u00e9e qui en d\u00e9pend soit au subjonctif.<br \/>\nEn revanche, certains temps du mode indicatif peuvent modaliser :<br \/>\n<span style=\"color: #3366ff;\">Il n\u2019est pas venu, il <strong>aura eu<\/strong> un accident<\/span><em>\u00a0: <\/em>hypoth\u00e8se douteuse (<em>futur ant\u00e9rieur<\/em>)<br \/>\n<span style=\"color: #3366ff;\">Tu ne <strong>tueras<\/strong> pas <\/span>: prescription (<em>futur<\/em>)<br \/>\n<span style=\"color: #3366ff;\">Si j\u2019<strong>avais \u00e9t\u00e9 <\/strong>plus sage !\u00a0<\/span>: irr\u00e9el (<em>plus-que-parfait<\/em>).<br \/>\nLa notion de \u00ab\u00a0mode\u00a0\u00bb dans la conjugaison recouvre donc davantage une fa\u00e7on de classer les formes verbales que des mani\u00e8res diff\u00e9rentes de modaliser.<\/p>\n<p style=\"text-align: justify;\"><strong>En classe<\/strong>, \u00e0 l\u2019\u00e9cole primaire, on approche la modalisation en \u00e9tudiant l\u2019imp\u00e9ratif qui donne un ordre (<span style=\"color: #3366ff;\">Ferme donc la fen\u00eatre\u00a0!<\/span>) et le conditionnel qui exprime un fait soumis \u00e0 condition (<span style=\"color: #3366ff;\">Si on avait ferm\u00e9 la fen\u00eatre, je n\u2019aurais pas attrap\u00e9 de rhume<\/span>). On r\u00e9servera pour le coll\u00e8ge les autres sens possibles de l&rsquo;imp\u00e9ratif et du conditionnel ainsi que les cas plus subtils ou moins \u00e9vidents.<br \/>\n\u00c0 l\u2019occasion, on s\u2019int\u00e9ressera aussi aux adverbes modalisateurs, par exemple \u00e0 la diff\u00e9rence d\u2019orthographe entre <em>peut-\u00eatre<\/em> (<span style=\"color: #3366ff;\">Il est peut-\u00eatre retard\u00e9<\/span>) et la s\u00e9quence <em>peut \u00eatre<\/em> (<span style=\"color: #3366ff;\">Il peut \u00eatre retard\u00e9<\/span>), ou \u00e0 l&rsquo;ambigu\u00eft\u00e9 de <em>sans doute<\/em> (<span style=\"color: #3366ff;\">Il a sans doute eu un accident <\/span>: <em>sans doute <\/em>= <em>sans nul doute<\/em> ou = <em>probablement<\/em> ?).<\/p>\n","protected":false},"excerpt":{"rendered":"<p>QU&rsquo;EST-CE QUE LA MODALISATION ? QU&rsquo;EST-CE QU&rsquo;UN MODE ? La langue permet \u00e0 celui qui parle d&rsquo;indiquer la relation qu&rsquo;il entretient avec son \u00e9nonc\u00e9 : plus ou moins grande adh\u00e9sion, marquage d&rsquo;une obligation&#8230; (voir la page Quelques jalons de l&rsquo;histoire de la grammaire, point 5) Il peut exprimer une suggestion par un adverbe (peut-\u00eatre, sans [&hellip;]<\/p>\n","protected":false},"author":1,"featured_media":0,"parent":0,"menu_order":0,"comment_status":"closed","ping_status":"closed","template":"","meta":{"footnotes":""},"class_list":["post-2593","page","type-page","status-publish","hentry"],"_links":{"self":[{"href":"https:\/\/la-petite-fabrique-de-grammaire.fr\/index.php?rest_route=\/wp\/v2\/pages\/2593","targetHints":{"allow":["GET"]}}],"collection":[{"href":"https:\/\/la-petite-fabrique-de-grammaire.fr\/index.php?rest_route=\/wp\/v2\/pages"}],"about":[{"href":"https:\/\/la-petite-fabrique-de-grammaire.fr\/index.php?rest_route=\/wp\/v2\/types\/page"}],"author":[{"embeddable":true,"href":"https:\/\/la-petite-fabrique-de-grammaire.fr\/index.php?rest_route=\/wp\/v2\/users\/1"}],"replies":[{"embeddable":true,"href":"https:\/\/la-petite-fabrique-de-grammaire.fr\/index.php?rest_route=%2Fwp%2Fv2%2Fcomments&post=2593"}],"version-history":[{"count":21,"href":"https:\/\/la-petite-fabrique-de-grammaire.fr\/index.php?rest_route=\/wp\/v2\/pages\/2593\/revisions"}],"predecessor-version":[{"id":5595,"href":"https:\/\/la-petite-fabrique-de-grammaire.fr\/index.php?rest_route=\/wp\/v2\/pages\/2593\/revisions\/5595"}],"wp:attachment":[{"href":"https:\/\/la-petite-fabrique-de-grammaire.fr\/index.php?rest_route=%2Fwp%2Fv2%2Fmedia&parent=2593"}],"curies":[{"name":"wp","href":"https:\/\/api.w.org\/{rel}","templated":true}]}}