{"id":2581,"date":"2024-03-11T11:19:55","date_gmt":"2024-03-11T10:19:55","guid":{"rendered":"https:\/\/la-petite-fabrique-de-grammaire.fr\/?page_id=2581"},"modified":"2024-08-22T18:50:19","modified_gmt":"2024-08-22T16:50:19","slug":"la-personne-grammaticale-2","status":"publish","type":"page","link":"https:\/\/la-petite-fabrique-de-grammaire.fr\/?page_id=2581","title":{"rendered":"La personne grammaticale"},"content":{"rendered":"<p style=\"text-align: justify;\">\u00a0<\/p>\r\n<p style=\"text-align: justify;\"><strong>\u00c0 QUOI CORRESPONDENT LES 6 PERSONNES GRAMMATICALES ?<\/strong><\/p>\r\n<p style=\"text-align: justify;\">D&rsquo;un point de vue s\u00e9mantique, dans les langues indo-europ\u00e9ennes, la notion de personne grammaticale r\u00e9f\u00e8re \u00e0 la situation de dialogue.<\/p>\r\n<p style=\"text-align: justify;\">La personne 1 <span style=\"color: #0000ff;\"><span style=\"color: #000000;\">(<\/span><span style=\"color: #3366ff;\">je<\/span><span style=\"color: #000000;\">)<\/span><\/span> correspond \u00e0 la personne qui \u00e9nonce la phrase.<br \/>La personne 2 (<span style=\"color: #3366ff;\">tu<\/span>) correspond \u00e0 la personne \u00e0 qui la phrase est adress\u00e9e.<br \/>La personne 3 (<span style=\"color: #3366ff;\">il<\/span> \/<span style=\"color: #3366ff;\"> elle<\/span>) correspond \u00e0 la personne qui n&rsquo;est ni celle qui \u00e9nonce la phrase, ni la personne (les personnes) \u00e0 qui la phrase est adress\u00e9e ; cette personne 3 correspond \u00e0 la personne dont on parle sans qu&rsquo;elle participe \u00e0 l&rsquo;\u00e9change. Elle peut aussi correspondre \u00e0 un objet, une notion abstraite\u2026<br \/>La personne 6 (<span style=\"color: #3366ff;\">ils<\/span> \/ <span style=\"color: #3366ff;\">elles<\/span>) correspond \u00e0 un groupe de plusieurs personnes, groupe auquel n&rsquo;appartient pas la personne qui \u00e9nonce la phrase, ni la personne (les personnes) \u00e0 laquelle (auxquelles) la phrase est adress\u00e9e. Elle peut aussi correspondre \u00e0 des objets, des notions abstraites\u2026<\/p>\r\n\r\n<div class=\"wp-block-columns is-layout-flex wp-container-core-columns-is-layout-28f84493 wp-block-columns-is-layout-flex\" style=\"text-align: justify;\">\r\n<div class=\"wp-block-column is-layout-flow wp-block-column-is-layout-flow\" style=\"flex-basis: 66.66%;\">\r\n<p>Comme les paroles s\u2019\u00e9changent dans un dialogue, les mots <em>je<\/em> et <em>tu<\/em> changent de r\u00e9f\u00e9rent \u00e0 chaque nouvelle prise de parole. Cela n\u2019entraine aucune difficult\u00e9 de compr\u00e9hension dans une situation orale, mais peut devenir d\u00e9licat dans un dialogue rapport\u00e9 \u00e0 l\u2019\u00e9crit.<\/p>\r\n<\/div>\r\n\r\n\r\n\r\n<div class=\"wp-block-column is-layout-flow wp-block-column-is-layout-flow\" style=\"flex-basis: 33.33%;\">\r\n<p><span style=\"color: #ff9900;\"><strong>Le gout des mots<\/strong><\/span><br \/><span style=\"color: #ff9900;\">L&rsquo;album <em>Le petit roi<\/em> d&rsquo;Anne-Claire L\u00e9v\u00eaque et Isabelle Simon (\u00e9d. du Rouergue) illustre malicieusement le fait que le mot <em>moi<\/em> change de sens selon la personne qui le prononce.<\/span><\/p>\r\n<\/div>\r\n<\/div>\r\n\r\n<p style=\"text-align: justify;\">Il s&rsquo;agit l\u00e0 d&rsquo;un ensemble de base. Si l&rsquo;on ajoute \u00e0 la situation de dialogue davantage de personnes, il devient plus complexe de d\u00e9crire les situations \u00e0 envisager.<\/p>\r\n\r\n<div class=\"wp-block-columns is-layout-flex wp-container-core-columns-is-layout-28f84493 wp-block-columns-is-layout-flex\" style=\"text-align: justify;\">\r\n<div class=\"wp-block-column is-layout-flow wp-block-column-is-layout-flow\" style=\"flex-basis: 66.66%;\">\r\n<p>La personne 4 (<span style=\"color: #3366ff;\">nous<\/span>) correspond \u00e0 un groupe de personnes auquel appartient celle qui \u00e9nonce la phrase et il est suppos\u00e9 que ce groupe est solidaire de ce porte-parole. Ce groupe peut comporter la (les) personne(s) \u00e0 laquelle (auxquelles) la phrase est adress\u00e9e : on parle alors de \u00ab nous inclusif \u00bb ; il peut aussi ne pas l&rsquo;inclure : on parle alors de \u00ab nous exclusif \u00bb.<\/p>\r\n<\/div>\r\n\r\n\r\n\r\n<div class=\"wp-block-column is-layout-flow wp-block-column-is-layout-flow\" style=\"flex-basis: 33.33%;\"> <span style=\"color: #3366ff;\"><strong>Le mot du linguiste<\/strong><\/span><br \/><span style=\"color: #3366ff;\">Exemple de \u00ab <em>nous<\/em> exclusif \u00bb : Paul et ses fr\u00e8res demandent \u00e0 leur m\u00e8re : \u00ab Est-ce que nous pouvons aller \u00e0 la rivi\u00e8re pendant que vous pr\u00e9parez le piquenique ? \u00bb Exemple de \u00ab <em>nous<\/em> inclusif \u00bb : Paul et ses fr\u00e8res demandent \u00e0 leur m\u00e8re : \u00ab Est-ce que nous allons manger bient\u00f4t ? \u00bb<\/span> <\/div>\r\n<\/div>\r\n\r\n<p style=\"text-align: justify;\">La personne 5 (<span style=\"color: #3366ff;\">vous<\/span>) correspond \u00e0 un groupe de personnes (ou \u00e0 son porte-parole : les autres membres du groupe peuvent \u00eatre absents) \u00e0 qui la phrase est adress\u00e9e ; la personne qui \u00e9nonce la phrase n\u2019appartient pas \u00e0 ce groupe.<\/p>\r\n\r\n<div class=\"wp-block-columns is-layout-flex wp-container-core-columns-is-layout-28f84493 wp-block-columns-is-layout-flex\" style=\"text-align: justify;\">\r\n<div class=\"wp-block-column is-layout-flow wp-block-column-is-layout-flow\" style=\"flex-basis: 66.66%;\">\r\n<p>Les mots possessifs (<span style=\"color: #3366ff;\">mon, le mien<\/span><em>\u2026 \/ <\/em><span style=\"color: #3366ff;\">ton, le tien<\/span><em>\u2026<\/em>) sont choisis en relation avec la personne du possesseur. Dans certaines langues (le latin, l&rsquo;arabe), on choisit sur le m\u00eame crit\u00e8re de proximit\u00e9 avec l&rsquo;\u00e9nonciateur les d\u00e9monstratifs. En fran\u00e7ais, l&rsquo;opposition entre <span style=\"color: #3366ff;\">ici<\/span> et <span style=\"color: #3366ff;\">l\u00e0<\/span> marque un \u00e9loignement plus ou moins grand par rapport \u00e0 la (les) personne(s) qui parle(nt) (personne 1 : <em>je<\/em> ; personne 4 : <em>nous<\/em>) : <em>ici<\/em> est proche de \u00ab\u00a0je\u00a0\u00bb, <em>l\u00e0<\/em> est plus loin de \u00ab\u00a0je\u00a0\u00bb. Cette opposition vaut aussi pour les pr\u00e9sentatifs <em>voici<\/em> et <em>voil\u00e0<\/em>.<\/p>\r\n<\/div>\r\n\r\n\r\n\r\n<div class=\"wp-block-column is-layout-flow wp-block-column-is-layout-flow\" style=\"flex-basis: 33.33%;\">\r\n<p><span style=\"color: #3366ff;\"><strong>Le mot du linguiste<\/strong><\/span><br \/><span style=\"color: #3366ff;\">En latin <em>hic liber<\/em> peut signifier : <em>ce livre-ci<\/em>, ou <em>mon livre<\/em> ou <em>notre livre<\/em> ; <em>iste liber<\/em>, <em>le livre qui est pr\u00e8s de toi<\/em>, <em>ton livre<\/em> ou <em>votre livre<\/em> ; <em>ille liber<\/em> (le pronom fran\u00e7ais <em>il l elle<\/em> vient de ce mot <em>ille<\/em>) <em>ce livre-l\u00e0, son livre, leur livre<\/em>\u2026<\/span><\/p>\r\n<\/div>\r\n<\/div>\r\n\r\n<p style=\"text-align: justify;\"><strong>Remarques :<\/strong><\/p>\r\n\r\n<div class=\"wp-block-columns is-layout-flex wp-container-core-columns-is-layout-28f84493 wp-block-columns-is-layout-flex\" style=\"text-align: justify;\">\r\n<div class=\"wp-block-column is-layout-flow wp-block-column-is-layout-flow\" style=\"flex-basis: 50%;\">\r\n<p>1) La notion de \u00ab personne du pluriel \u00bb est probl\u00e9matique :<br \/><br \/>Le <em>nous<\/em> dit <em>de modestie<\/em> (quand on \u00e9crit un papier acad\u00e9mique), le <em>nous<\/em> dit <em>de majest\u00e9<\/em> (celui du roi), le <em>vous<\/em> dit <em>de politesse<\/em> ne d\u00e9signent en fait qu&rsquo;une personne seule.<br \/><br \/>Par ailleurs, le \u00ab nous \u00bb n\u2019est pas un ensemble de \u00ab je \u00bb : un seul prend la parole, il est seulement cens\u00e9 porter une parole collective. Le \u00ab vous \u00bb n\u2019est pas davantage une collection de \u00ab tu \u00bb, la parole peut \u00eatre adress\u00e9e \u00e0 tous les membres du groupe, mais elle peut n&rsquo;\u00eatre adress\u00e9e qu&rsquo;\u00e0 un seul interlocuteur qui repr\u00e9sente l&rsquo;ensemble, les autres membres n\u2019\u00e9tant pas pr\u00e9sents.<br \/><br \/>Voil\u00e0 pourquoi les linguistes pr\u00e9f\u00e8rent parler de personne 4, de personne 5 et de personne 6 plut\u00f4t que de parler de \u00ab\u00a0personnes du pluriel\u00a0\u00bb.<\/p>\r\n<\/div>\r\n\r\n\r\n\r\n<div class=\"wp-block-column is-layout-flow wp-block-column-is-layout-flow\" style=\"flex-basis: 50%;\">\r\n<p><span style=\"color: #ff9900;\"><strong>Le gout des mots<\/strong><\/span>\u00a0 \u00a0 <span style=\"color: #ff9900;\">Les usages \u00ab de politesse \u00bb<\/span><br \/><span style=\"color: #ff9900;\">L\u2019usage \u00ab poli \u00bb des formes de la personne 5 vient de l&rsquo;\u00e9poque (III-IVe si\u00e8cles) o\u00f9 l&#8217;empire romain \u00e9tait dirig\u00e9 par quatre personnes, les <em>t\u00e9trarques<\/em> (un empereur et un vice-empereur pour l&#8217;empire d&rsquo;occident, l\u00e0 o\u00f9 on parlait latin ; un empereur et un vice-empereur pour l&#8217;empire d&rsquo;orient, l\u00e0 o\u00f9 on parlait grec). Les courtisans utilisaient le pluriel m\u00eame lorsqu&rsquo;ils s&rsquo;adressaient \u00e0 un seul t\u00e9trarque, comme s&rsquo;ils s&rsquo;adressaient aux quatre \u00e0 la fois. Cet usage entretenait la fiction d&rsquo;une parfaite unit\u00e9 de l&#8217;empire.<\/span><br \/><span style=\"color: #ff9900;\">\u00ab <span style=\"color: #3366ff;\">Madame est servie<\/span> \u00bb : la servante s&rsquo;adresse \u00e0 la maitresse de maison \u00e0 la personne 3 ; \u00ab <span style=\"color: #3366ff;\">Ces messieurs me confieront-ils leur manteau ?<\/span> \u00bb : le majordome s\u2019adresse aux visiteurs \u00e0 la personne 6. Ces usages expliquent qu&rsquo;en Allemagne, comme parfois en Italie, la politesse demande l&rsquo;usage des personnes 3 ou 6.<\/span><\/p>\r\n<\/div>\r\n<\/div>\r\n\r\n\r\n\r\n<div class=\"wp-block-columns is-layout-flex wp-container-core-columns-is-layout-28f84493 wp-block-columns-is-layout-flex\" style=\"text-align: justify;\">\r\n<div class=\"wp-block-column is-layout-flow wp-block-column-is-layout-flow\" style=\"flex-basis: 50%;\">\r\n<p>2) Dans d&rsquo;autres langues (certaines langues orientales, le sanskrit, le japonais\u2026), il y a davantage de personnes. Il s&rsquo;ajoute alors des crit\u00e8res sociaux : il y a des personnes 1 diff\u00e9rentes selon que le locuteur est un homme ou une femme, et il y a des personnes 2 diff\u00e9rentes selon que la personne \u00e0 laquelle on s&rsquo;adresse est plus \u00e9lev\u00e9e dans la hi\u00e9rarchie sociale, \u00e0 la m\u00eame hauteur, ou moins \u00e9lev\u00e9e (un peu comme nous tutoyons ou vouvoyons).<\/p>\r\n<\/div>\r\n\r\n\r\n\r\n<div class=\"wp-block-column is-layout-flow wp-block-column-is-layout-flow\" style=\"flex-basis: 50%;\">\r\n<p><span style=\"color: #3366ff;\"><strong>Le mot du linguiste<\/strong><\/span><br \/><span style=\"color: #3366ff;\">Le cas de l&rsquo;anglais &#8211; o\u00f9 <em>you<\/em> vaut pour la personne 2 et la personne 5 et o\u00f9 il n&rsquo;y a donc que 5 personnes : <em>I, he-she-it, we, you, they<\/em> &#8211; confirme bien que ce qui d\u00e9termine l&rsquo;usage des personnes, outre la situation d&rsquo;\u00e9nonciation, est le cadre culturel o\u00f9 elle a lieu, et non pas &#8211; comme dans le syst\u00e8me nominal &#8211; un quelconque marquage d&rsquo;une pluralit\u00e9.<\/span><\/p>\r\n<\/div>\r\n<\/div>\r\n\r\n<p style=\"text-align: justify;\">3) Depuis le XVe &#8211; XVIe si\u00e8cle, on ne prononce plus en fran\u00e7ais la plupart des consonnes finales, et depuis cette \u00e9poque le <em>-e<\/em> final est lui aussi devenu de moins en moins perceptible. Par cons\u00e9quent, les marques de la personne port\u00e9es par le verbe ne se pronon\u00e7aient ni ne s&rsquo;entendaient plus : <em>\/kurs\/<\/em> (= [<em>je<\/em>] <em>cours<\/em>) est devenu <em>\/kur\/<\/em>, <em>\/parl\u0259\/<\/em> (= [<em>je<\/em>] <em>parle<\/em>) est devenu <em>\/parl\/<\/em>. Voil\u00e0 pourquoi l&#8217;emploi des pronoms sujets est devenu obligatoire aux personnes 1, 2 &#8211; puis, par analogie, aux personnes 4 et 5 &#8211; \u00e0 l&rsquo;\u00e9poque de Villon et Rabelais : depuis le pronom sujet fonctionne \u00e0 l&rsquo;oral comme la \u00ab vraie \u00bb marque de la personne. De nos jours, dans la langue orale, l&#8217;emploi du pronom sujet se r\u00e9pand m\u00eame pour les personnes 3 et 6 : \u00ab <span style=\"color: #3366ff;\">Papa, il est en bas, il fait du chocolat ; Maman, elle est en haut, elle fait des g\u00e2teaux.<\/span> \u00bb<\/p>\r\n<p style=\"text-align: justify;\">4) Remarques sur le <em>on<\/em><br \/>Au Moyen-\u00c2ge, <em>on<\/em> est une forme du mot <em>homme<\/em>, celle qui \u00e9tait utilis\u00e9e quand le mot \u00e9tait en position de sujet. D&rsquo;ailleurs, il arrive encore que, pour que la phrase sonne mieux, on fasse pr\u00e9c\u00e9der ce <em>on<\/em> d&rsquo;un <em>l&rsquo;<\/em> qui rappelle l&rsquo;ancien d\u00e9terminant : \u00ab <span style=\"color: #3366ff;\">Je demande que <strong>l&rsquo;<\/strong>on soit sage.<\/span> \u00bb Il est ensuite devenu un pronom ind\u00e9fini utilis\u00e9 pour d\u00e9signer n&rsquo;importe quel humain. Il s&rsquo;utilisait donc surtout dans des formules \u00e0 valeur g\u00e9n\u00e9rale : \u00ab <span style=\"color: #3366ff;\">On a souvent besoin d&rsquo;un plus petit que soi<\/span> \u00bb. Le pronom de reprise ou le possessif \u00e9tait alors syst\u00e9matiquement \u00e0 la personne 3.<\/p>\r\n\r\n<div class=\"wp-block-columns is-layout-flex wp-container-core-columns-is-layout-28f84493 wp-block-columns-is-layout-flex\" style=\"text-align: justify;\">\r\n<div class=\"wp-block-column is-layout-flow wp-block-column-is-layout-flow\" style=\"flex-basis: 40%;\">\r\n<p>De nos jours, l&rsquo;usage de ce pronom s&rsquo;\u00e9tend consid\u00e9rablement ; dans certains cas (plut\u00f4t litt\u00e9raires, ou ironiques, ou familiers\u2026), il peut s&rsquo;utiliser \u00e0 la place d&rsquo;\u00e0 peu pr\u00e8s toutes les personnes : \u00ab <span style=\"color: #3366ff;\">Comment se sent-on aujourd&rsquo;hui ?<\/span> \u00bb demande l&rsquo;infirmi\u00e8re \u00e0 son malade.<\/p>\r\n<\/div>\r\n\r\n\r\n\r\n<div class=\"wp-block-column is-layout-flow wp-block-column-is-layout-flow\" style=\"flex-basis: 60%;\">\r\n<p><span style=\"color: #ff9900;\"><strong>Le gout des mots<\/strong><\/span><br \/><span style=\"color: #ff9900;\">La fr\u00e9quence d\u2019emploi d\u2019un <em>on<\/em> \u00e0 la place d\u2019autres personnes est caract\u00e9ristique de Racine. Il lui permet d&rsquo;estomper les contours d&rsquo;une situation d&rsquo;\u00e9nonciation qui pourrait \u00eatre brutale :<\/span><br \/><span style=\"color: #ff9900;\"><em>Pour jamais ! Ah, Seigneur, songez-vous en vous-m\u00eame<br \/>Combien ce mot cruel est affreux quand <\/em><strong>on<\/strong><em> (= puisque je vous) aime ?<\/em><\/span><br \/><span style=\"color: #ff9900;\">\u00a0\u00a0\u00a0\u00a0\u00a0\u00a0\u00a0\u00a0\u00a0\u00a0\u00a0\u00a0\u00a0\u00a0\u00a0\u00a0\u00a0\u00a0\u00a0\u00a0\u00a0\u00a0\u00a0\u00a0\u00a0\u00a0\u00a0\u00a0\u00a0\u00a0\u00a0\u00a0\u00a0\u00a0\u00a0\u00a0\u00a0\u00a0\u00a0\u00a0\u00a0\u00a0 B\u00e9r\u00e9nice, IV, 5<\/span><br \/><br \/><span style=\"color: #ff9900;\"><em>Depuis quand pense-t-<\/em><strong>on<\/strong><em> (= pensez-vous) qu&rsquo;inutile \u00e0 moi-m\u00eame <br \/>Je me laisse ravir une \u00e9pouse que j&rsquo;aime ?<\/em><\/span><br \/><span style=\"color: #ff9900;\">\u00a0\u00a0\u00a0\u00a0\u00a0\u00a0\u00a0\u00a0\u00a0\u00a0\u00a0\u00a0\u00a0\u00a0\u00a0\u00a0\u00a0\u00a0\u00a0\u00a0\u00a0\u00a0\u00a0\u00a0\u00a0\u00a0\u00a0\u00a0\u00a0\u00a0\u00a0\u00a0\u00a0\u00a0\u00a0\u00a0\u00a0\u00a0\u00a0\u00a0\u00a0\u00a0Iphig\u00e9nie, IV, 6<\/span><br \/><br \/><span style=\"color: #ff9900;\">\u00a0\u00a0\u00a0\u00a0\u00a0\u00a0\u00a0\u00a0\u00a0\u00a0\u00a0\u00a0\u00a0\u00a0<em>Non, il (= Britannicus) ne vous hait pas,<br \/>Seigneur, <\/em><strong>on<\/strong><em> (= il, Narcisse) le trahit, je sais son innocence.<\/em><\/span><br \/><span style=\"color: #ff9900;\">\u00a0\u00a0\u00a0\u00a0\u00a0\u00a0\u00a0\u00a0\u00a0\u00a0\u00a0\u00a0\u00a0\u00a0\u00a0\u00a0\u00a0\u00a0\u00a0\u00a0\u00a0\u00a0\u00a0\u00a0\u00a0\u00a0\u00a0\u00a0\u00a0\u00a0\u00a0\u00a0\u00a0\u00a0\u00a0\u00a0\u00a0\u00a0\u00a0\u00a0\u00a0\u00a0Britannicus, IV, 3<\/span><\/p>\r\n<\/div>\r\n<\/div>\r\n\r\n\r\n\r\n<div class=\"wp-block-columns is-layout-flex wp-container-core-columns-is-layout-28f84493 wp-block-columns-is-layout-flex\" style=\"text-align: justify;\">\r\n<div class=\"wp-block-column is-layout-flow wp-block-column-is-layout-flow\" style=\"flex-basis: 66.66%;\">\r\n<p>Surtout, ce pronom cens\u00e9ment ind\u00e9fini s&#8217;emploie couramment \u00e0 la place de la personne 4 (<em>nous<\/em>). \u00ab Nous, on va y aller bient\u00f4t. \u00bb Depuis Balzac, un attribut du sujet <em>on<\/em> peut s&rsquo;accorder au f\u00e9minin quand ce <em>on<\/em> d\u00e9signe \u00e0 l&rsquo;\u00e9vidence un nom f\u00e9minin : \u00ab <span style=\"color: #3366ff;\">M\u00e8re, <strong>on<\/strong> est toujours grandi<strong>e<\/strong> \u00e0 prendre soin de ses enfants.<\/span> \u00bb Actuellement il est courant de faire l&rsquo;accord au pluriel quand le <em>on<\/em> \u00e9quivaut \u00e0 un <em>nous<\/em> en particulier dans le cas d&rsquo;un \u00ab nous inclusif \u00bb : \u00ab <span style=\"color: #3366ff;\">On est bien content<strong>s<\/strong> de nos r\u00e9sultats.<\/span> \u00bb Le pronom de reprise ou le possessif est alors syst\u00e9matiquement \u00e0 la personne 4.<\/p>\r\n<\/div>\r\n\r\n\r\n\r\n<div class=\"wp-block-column is-layout-flow wp-block-column-is-layout-flow\" style=\"flex-basis: 33.33%;\"><!-- wp:paragraph-->\r\n<p><span style=\"color: #008080;\"><strong>Le mot du didacticien<\/strong><\/span><br \/><span style=\"color: #008080;\">Les tol\u00e9rances orthographiques et grammaticales de 1976, publi\u00e9s au Journal Officiel en janvier 1977 admettaient d\u00e9j\u00e0 ce type d\u2019accord.<\/span><\/p>\r\n\r\n<p>&nbsp;<\/p>\r\n<\/div>\r\n<\/div>\r\n<p style=\"text-align: justify;\">\r\n\r\n<\/p>\r\n<p style=\"text-align: justify;\"><\/p>\r\n<p style=\"text-align: justify;\">5) L&rsquo; \u00ab\u00a0impersonnel\u00a0\u00bb<\/p>\r\n<p style=\"text-align: justify;\"><\/p>\r\n<div class=\"wp-block-columns is-layout-flex wp-container-core-columns-is-layout-28f84493 wp-block-columns-is-layout-flex\" style=\"text-align: justify;\">\r\n<div class=\"wp-block-column is-layout-flow wp-block-column-is-layout-flow\" style=\"flex-basis: 66.66%;\">\r\n<p>Le fran\u00e7ais n&rsquo;accepte plus que la place du sujet soit laiss\u00e9e vide. Les verbes impersonnels (<em>il faut\u2026, il est utile de\u2026, il pleut\u2026<\/em>) sont donc accompagn\u00e9s d&rsquo;un pronom d\u00e9pourvu de sens, et qui a la forme du pronom de personne 3.<br \/>Certains verbes ne s\u2019utilisent qu\u2019\u00e0 une forme impersonnelle : les verbes m\u00e9t\u00e9orologiques (<em>il pleut, il vente<\/em>\u2026), certains auxiliaires de mode (<em>il faut, il se peut que<\/em>\u2026).<br \/>D\u2019autres verbes peuvent s\u2019utiliser \u00e0 une forme personnelle ou \u00e0 une forme impersonnelle. Ce tour combine alors un pronom impersonnel et une \u00ab s\u00e9quence \u00bb (qu&rsquo;on appelait traditionnellement, souvent au prix d&rsquo;une grande perplexit\u00e9 pour les \u00e9l\u00e8ves, le \u00ab sujet r\u00e9el \u00bb) : \u00ab <span style=\"color: #3366ff;\">Il manque trois \u00e9l\u00e8ves, il reste seulement vingt-trois \u00e9l\u00e8ves. Il s\u2019agit que le travail soit fini.<\/span> \u00bb<\/p>\r\n<\/div>\r\n\r\n\r\n\r\n<div class=\"wp-block-column is-layout-flow wp-block-column-is-layout-flow\" style=\"flex-basis: 33.33%;\"><!-- wp:paragraph-->\r\n<p><span style=\"color: #3366ff;\"><strong>Le mot du linguiste<\/strong><\/span><br \/><span style=\"color: #3366ff;\">La place du \u00ab sujet \u00bb est laiss\u00e9e vide dans quelques formules fig\u00e9es, comme\u00a0 \u00a0 \u00ab peu\u00a0 me\u00a0 chaut\u00a0 \u00bb\u00a0 \u00a0 (du\u00a0 verbe\u00a0 <em>chaloir<\/em>\u00a0[= pr\u00e9occuper, tracasser], cf. <em>nonchalant<\/em>), \u00ab point trop n&rsquo;en faut \u00bb, \u00ab \u00e0 Dieu ne plaise \u00bb, etc.<\/span><\/p>\r\n<\/div>\r\n<!-- \/wp:post-content --><\/div>\r\n<p style=\"text-align: justify;\"><!-- \/wp:columns --><\/p>\r\n<p style=\"text-align: justify;\">\u00a0<\/p>","protected":false},"excerpt":{"rendered":"<p>\u00a0 \u00c0 QUOI CORRESPONDENT LES 6 PERSONNES GRAMMATICALES ? D&rsquo;un point de vue s\u00e9mantique, dans les langues indo-europ\u00e9ennes, la notion de personne grammaticale r\u00e9f\u00e8re \u00e0 la situation de dialogue. La personne 1 (je) correspond \u00e0 la personne qui \u00e9nonce la phrase.La personne 2 (tu) correspond \u00e0 la personne \u00e0 qui la phrase est adress\u00e9e.La personne [&hellip;]<\/p>\n","protected":false},"author":1,"featured_media":0,"parent":0,"menu_order":0,"comment_status":"closed","ping_status":"closed","template":"","meta":{"footnotes":""},"class_list":["post-2581","page","type-page","status-publish","hentry"],"_links":{"self":[{"href":"https:\/\/la-petite-fabrique-de-grammaire.fr\/index.php?rest_route=\/wp\/v2\/pages\/2581","targetHints":{"allow":["GET"]}}],"collection":[{"href":"https:\/\/la-petite-fabrique-de-grammaire.fr\/index.php?rest_route=\/wp\/v2\/pages"}],"about":[{"href":"https:\/\/la-petite-fabrique-de-grammaire.fr\/index.php?rest_route=\/wp\/v2\/types\/page"}],"author":[{"embeddable":true,"href":"https:\/\/la-petite-fabrique-de-grammaire.fr\/index.php?rest_route=\/wp\/v2\/users\/1"}],"replies":[{"embeddable":true,"href":"https:\/\/la-petite-fabrique-de-grammaire.fr\/index.php?rest_route=%2Fwp%2Fv2%2Fcomments&post=2581"}],"version-history":[{"count":54,"href":"https:\/\/la-petite-fabrique-de-grammaire.fr\/index.php?rest_route=\/wp\/v2\/pages\/2581\/revisions"}],"predecessor-version":[{"id":5569,"href":"https:\/\/la-petite-fabrique-de-grammaire.fr\/index.php?rest_route=\/wp\/v2\/pages\/2581\/revisions\/5569"}],"wp:attachment":[{"href":"https:\/\/la-petite-fabrique-de-grammaire.fr\/index.php?rest_route=%2Fwp%2Fv2%2Fmedia&parent=2581"}],"curies":[{"name":"wp","href":"https:\/\/api.w.org\/{rel}","templated":true}]}}