{"id":2573,"date":"2024-03-11T11:18:42","date_gmt":"2024-03-11T10:18:42","guid":{"rendered":"https:\/\/la-petite-fabrique-de-grammaire.fr\/?page_id=2573"},"modified":"2024-08-31T11:47:26","modified_gmt":"2024-08-31T09:47:26","slug":"le-groupe-syntaxique","status":"publish","type":"page","link":"https:\/\/la-petite-fabrique-de-grammaire.fr\/?page_id=2573","title":{"rendered":"Le groupe syntaxique"},"content":{"rendered":"<p><strong>QUEST-CE QU&rsquo;UN GROUPE SYNTAXIQUE ?<\/strong><\/p>\n<p style=\"text-align: justify;\">La grammaire scolaire, dans l&rsquo;exercice traditionnel d&rsquo; \u00ab analyse grammaticale \u00bb, voulait faire un sort \u00e0 chacun des mots d&rsquo;une phrase. C&rsquo;\u00e9tait pertinent en latin, parce qu&rsquo;en latin les mots portent en eux-m\u00eames, dans leur forme, l&rsquo;indication de leur fonction. Ainsi les phrases suivantes sont \u00e0 peu pr\u00e8s \u00e9quivalentes :<br \/>\n<span style=\"color: #3366ff;\">\u00a0 \u00a0 \u00a0 \u00a0 \u00a0 \u00a0 Paulus matrem amat<\/span> (Paul aime sa m\u00e8re)<br \/>\n<span style=\"color: #3366ff;\">\u00a0 \u00a0 \u00a0 \u00a0 \u00a0 \u00a0 Matrem amat Paulus<\/span><br \/>\n<span style=\"color: #3366ff;\">\u00a0 \u00a0 \u00a0 \u00a0 \u00a0 \u00a0 Matrem Paulus amat<\/span><br \/>\n&#8230; etc.<br \/>\nCe sont les terminaisons qui indiquent le r\u00f4le des mots : &#8211;<em>us<\/em> pour le sujet, &#8211;<em>em<\/em> pour l&rsquo;objet.<br \/>\nMais en fran\u00e7ais il faut raisonner autrement, il faut identifier les diff\u00e9rents groupes syntaxiques. Une \u00ab\u00a0analyse grammaticale\u00a0\u00bb conduirait \u00e0 une repr\u00e9sentation \u00e9miett\u00e9e de la phrase et, plus ennuyeux, cela emp\u00eacherait de percevoir la hi\u00e9rarchie des liens qui la constituent.<\/p>\n<p style=\"text-align: justify;\">Pour bien comprendre la notion de groupe, on peut prendre l\u2019exemple d\u2019une phrase qu\u2019on fait r\u00e9duire par suppressions ou par remplacements successifs sans se pr\u00e9occuper des \u00e9ventuels changements de sens mais en conservant la correction grammaticale, \u00e0 la mani\u00e8re de la grammaire distributionnaliste (sur cette grammaire, voir <a href=\"https:\/\/la-petite-fabrique-de-grammaire.fr\/?page_id=2599\">Quelques jalons pour l&rsquo;histoire de la grammaire<\/a>\u00a0point 3) :<\/p>\n<p style=\"text-align: justify;\"><img decoding=\"async\" src=\"http:\/\/la-petite-fabrique-de-grammaire.fr\/wp-content\/uploads\/2024\/02\/La-classe-de-Francoise.png\" alt=\"\" \/><\/p>\n<p style=\"text-align: justify;\">D&rsquo;apr\u00e8s notre exemple, on voit que la phrase est constitu\u00e9e d&rsquo;au moins deux \u00e9l\u00e9ments : le sujet (de quoi on parle\u00a0: <span style=\"color: #0000ff;\"><em>elle<\/em><\/span>) et le pr\u00e9dicat (ce qu\u2019on en dit\u00a0: <span style=\"color: #0000ff;\"><em>travaille<\/em><\/span>), auxquels s&rsquo;ajoutent un troisi\u00e8me \u00e9l\u00e9ment (<span style=\"color: #0000ff;\"><em>apr\u00e8s la r\u00e9cr\u00e9ation<\/em><\/span>) et un quatri\u00e8me (<span style=\"color: #0000ff;\"><em>pour reprendre le travail<\/em><\/span>) qui, eux, peuvent \u00eatre supprim\u00e9s sans d\u00e9truire la grammaticalit\u00e9 de la phrase.<\/p>\n<p style=\"text-align: justify;\">On voit aussi que l&rsquo;\u00e9l\u00e9ment sujet est le plus souvent r\u00e9alis\u00e9 par un ensemble stable qu&rsquo;on appellera \u00ab groupe \u00bb, constitu\u00e9 d&rsquo;un d\u00e9terminant et d&rsquo;un nom (<span style=\"color: #3366ff;\"><em>la classe<\/em><\/span>) mais qui peut \u00eatre remplac\u00e9 par un pronom personnel. Ce groupe, on l&rsquo;appelle <strong>groupe nominal<\/strong>, car le nom y joue un r\u00f4le central : c&rsquo;est lui le donneur, c&rsquo;est de lui que d\u00e9pend le choix de la forme (masculine ou f\u00e9minine\u00a0; au singulier ou au pluriel) du d\u00e9terminant.<\/p>\n<p style=\"text-align: justify;\">On peut constater qu&rsquo;un groupe nominal ne se trouve pas seulement en position de sujet, mais qu&rsquo;il se trouve souvent ailleurs dans la phrase. Dans notre exemple, le compl\u00e9ment de phrase <span style=\"color: #0000ff;\"><em>a<\/em><em>pr\u00e8s<\/em><\/span> <span style=\"color: #0000ff;\"><em>chaque r\u00e9cr\u00e9ation <\/em><\/span>est aussi un groupe nominal, mais il est dit \u00ab\u00a0pr\u00e9positionnel\u00a0\u00bb car il est constitu\u00e9 d&rsquo;une pr\u00e9position (<span style=\"color: #3366ff;\">a<em>pr\u00e8s<\/em><\/span>), d&rsquo;un d\u00e9terminant (<span style=\"color: #3366ff;\"><em>chaque<\/em><\/span>) et un nom (<span style=\"color: #3366ff;\"><em>r\u00e9cr\u00e9ation<\/em><\/span>).<\/p>\n<p style=\"text-align: justify;\">On constate encore qu&rsquo;un groupe nominal peut \u00eatre plus ou moins expans\u00e9 : <span style=\"color: #0000ff;\"><em>la classe de Fran\u00e7oise<\/em><\/span> comporte un compl\u00e9ment (<span style=\"color: #3366ff;\"><em>de Fran\u00e7oise<\/em><\/span>), <span style=\"color: #0000ff;\"><em>cette classe studieuse<\/em><\/span> comporte un adjectif (<span style=\"color: #3366ff;\"><em>studieuse<\/em><\/span>). Mais un groupe nominal, expans\u00e9 ou non, peut g\u00e9n\u00e9ralement \u00eatre remplac\u00e9 par un pronom personnel : en cas d&rsquo;h\u00e9sitation, c&rsquo;est un moyen assez s\u00fbr pour v\u00e9rifier l\u00e0 o\u00f9 commence et l\u00e0 o\u00f9 s&rsquo;arr\u00eate un groupe nominal.<\/p>\n<p style=\"text-align: justify;\">Le pr\u00e9dicat, lui, est r\u00e9alis\u00e9 par un verbe seul (<span style=\"color: #0000ff;\"><em>travaille<\/em><\/span>) ou par un verbe accompagn\u00e9 d&rsquo;un ou plusieurs compl\u00e9ment(s) (<span style=\"color: #0000ff;\"><em>se met en rang \/ se range<\/em><\/span>) qui lui sont \u00e9troitement li\u00e9s : il est \u00e0 remarquer que la pr\u00e9sence, le nombre ou la classe grammaticale du compl\u00e9ment ou des compl\u00e9ments n&rsquo;est pas au libre choix de celui qui parle mais qu&rsquo;il d\u00e9pend du verbe. Si l&rsquo;on compare<br \/>\n<span style=\"color: #0000ff;\"><em>\u00a0 \u00a0 \u00a0 \u00a0 \u00a0 \u00a0 la classe <\/em><strong>se met en<\/strong><em> rang<\/em><\/span> (<em>se dispose de mani\u00e8re \u00e0 circuler dans les couloirs<\/em>).<br \/>\n<span style=\"color: #0000ff;\"><em>\u00a0 \u00a0 \u00a0 \u00a0 \u00a0 \u00a0 elle <\/em><strong>se met au<\/strong><em> travail<\/em><\/span> (<em>commence \u00e0 travailler<\/em>).<br \/>\n<span style=\"color: #0000ff;\"><em>\u00a0 \u00a0 \u00a0 \u00a0 \u00a0 \u00a0 elle <\/em><strong>se met dans<\/strong><em> les vestiaires des petits<\/em><\/span> (<em>prend place<\/em>).<br \/>\non mesure que le sens du verbe <em>se mettre<\/em> varie selon le compl\u00e9ment qu&rsquo;il appelle, autrement dit on voit que le choix du compl\u00e9ment est contraint par le sens \u00e0 donner au verbe, et que, r\u00e9ciproquement, le sens du verbe d\u00e9pend pour partie du compl\u00e9ment qui l&rsquo;accompagne. Pour signifier cette solidarit\u00e9 entre le compl\u00e9ment et le verbe qu&rsquo;il compl\u00e8te, on parle de <strong>groupe verbal<\/strong>.<br \/>\nBien s\u00fbr, en classe, il faut \u00e9viter de cantonner les groupes nominaux \u00e0 la position de sujet, on en trouve r\u00e9guli\u00e8rement \u00e0 l&rsquo;int\u00e9rieur du groupe verbal, pr\u00e9c\u00e9d\u00e9s ou non d&rsquo;une pr\u00e9position.<\/p>\n<p style=\"text-align: justify;\">En plus du groupe nominal, du groupe nominal pr\u00e9positionnel et du groupe verbal, on peut d\u00e9finir d&rsquo;autres groupes. Dans d\u2019autres phrases, on peut identifier<br \/>\n&#8211; un <strong>groupe adjectival, <\/strong>constitu\u00e9 d&rsquo;un adjectif et d&rsquo;un adverbe, ou d&rsquo;un adjectif et de son compl\u00e9ment :<br \/>\n<em><span style=\"color: #0000ff;\">\u00a0 \u00a0 \u00a0 \u00a0 \u00a0 \u00a0 Jules est <\/span><\/em><span style=\"color: #0000ff;\">tr\u00e8s studieux \/ le plus studieux de tous \/ s\u00fbr de sa force \/ certain de r\u00e9ussir \/ certain que l\u2019\u00e9preuve sera facile.<\/span><br \/>\n&#8211; un <strong>groupe adverbial<\/strong> constitu\u00e9 d\u2019un adverbe et de l&rsquo;adverbe qui en d\u00e9pend :<br \/>\n<span style=\"color: #0000ff;\"><em>\u00a0 \u00a0 \u00a0 \u00a0 \u00a0 \u00a0 \u00c7a fait<\/em> terriblement mal.<\/span><br \/>\n&#8211; un <strong>groupe infinitif<\/strong> constitu\u00e9 d&rsquo;un verbe \u00e0 l&rsquo;infinitif et de ses compl\u00e9ments :<br \/>\n<span style=\"color: #0000ff;\">\u00a0 \u00a0 \u00a0 \u00a0 \u00a0 \u00a0 Vivre sur la lune <em>est un r\u00eave impossible. <\/em><\/span>Autre exemple <span style=\"color: #0000ff;\">: <em>La classe se range <\/em>pour reprendre le travail<em>.<\/em><\/span><br \/>\n&#8211; un <strong>groupe participe<\/strong> constitu\u00e9 d&rsquo;un verbe au participe et de ses compl\u00e9ments :<br \/>\n<span style=\"color: #0000ff;\"><em>\u00a0 \u00a0 \u00a0 \u00a0 \u00a0 \u00a0 Le roi revint<\/em>, riant \u00e0 gorge d\u00e9ploy\u00e9e. (<\/span>V. Hugo)<br \/>\n&#8211; etc.<\/p>\n","protected":false},"excerpt":{"rendered":"<p>QUEST-CE QU&rsquo;UN GROUPE SYNTAXIQUE ? La grammaire scolaire, dans l&rsquo;exercice traditionnel d&rsquo; \u00ab analyse grammaticale \u00bb, voulait faire un sort \u00e0 chacun des mots d&rsquo;une phrase. C&rsquo;\u00e9tait pertinent en latin, parce qu&rsquo;en latin les mots portent en eux-m\u00eames, dans leur forme, l&rsquo;indication de leur fonction. Ainsi les phrases suivantes sont \u00e0 peu pr\u00e8s \u00e9quivalentes : [&hellip;]<\/p>\n","protected":false},"author":1,"featured_media":0,"parent":0,"menu_order":0,"comment_status":"closed","ping_status":"closed","template":"","meta":{"footnotes":""},"class_list":["post-2573","page","type-page","status-publish","hentry"],"_links":{"self":[{"href":"https:\/\/la-petite-fabrique-de-grammaire.fr\/index.php?rest_route=\/wp\/v2\/pages\/2573","targetHints":{"allow":["GET"]}}],"collection":[{"href":"https:\/\/la-petite-fabrique-de-grammaire.fr\/index.php?rest_route=\/wp\/v2\/pages"}],"about":[{"href":"https:\/\/la-petite-fabrique-de-grammaire.fr\/index.php?rest_route=\/wp\/v2\/types\/page"}],"author":[{"embeddable":true,"href":"https:\/\/la-petite-fabrique-de-grammaire.fr\/index.php?rest_route=\/wp\/v2\/users\/1"}],"replies":[{"embeddable":true,"href":"https:\/\/la-petite-fabrique-de-grammaire.fr\/index.php?rest_route=%2Fwp%2Fv2%2Fcomments&post=2573"}],"version-history":[{"count":23,"href":"https:\/\/la-petite-fabrique-de-grammaire.fr\/index.php?rest_route=\/wp\/v2\/pages\/2573\/revisions"}],"predecessor-version":[{"id":5371,"href":"https:\/\/la-petite-fabrique-de-grammaire.fr\/index.php?rest_route=\/wp\/v2\/pages\/2573\/revisions\/5371"}],"wp:attachment":[{"href":"https:\/\/la-petite-fabrique-de-grammaire.fr\/index.php?rest_route=%2Fwp%2Fv2%2Fmedia&parent=2573"}],"curies":[{"name":"wp","href":"https:\/\/api.w.org\/{rel}","templated":true}]}}