{"id":2512,"date":"2024-03-10T16:57:13","date_gmt":"2024-03-10T15:57:13","guid":{"rendered":"https:\/\/la-petite-fabrique-de-grammaire.fr\/?page_id=2512"},"modified":"2025-09-03T09:24:29","modified_gmt":"2025-09-03T07:24:29","slug":"situations-decriture-cm1","status":"publish","type":"page","link":"https:\/\/la-petite-fabrique-de-grammaire.fr\/?page_id=2512","title":{"rendered":"Situations d&rsquo;\u00e9criture CM1"},"content":{"rendered":"<p style=\"text-align: justify;\">Dans le tableau, ainsi que dans les fichiers qui d\u00e9crivent les situations, outre le domaine et le titre propos\u00e9, deux sortes d&rsquo;objectifs sont indiqu\u00e9s :<br \/>\n&#8211; un objectif (ou plusieurs) langagier, qui pr\u00e9cise quel enjeu de communication se trouve servi ;<br \/>\n&#8211; un objectif grammatical (ou plusieurs), qui pr\u00e9cise quelle notion ou quelle proc\u00e9dure est vis\u00e9e dans la situation.<\/p>\n<p style=\"text-align: justify;\">Il est indiqu\u00e9 apr\u00e8s quelle le\u00e7on on peut proposer la situation aux \u00e9l\u00e8ves. Mais bien s\u00fbr, on peut aussi la proposer deux semaines ou un mois plus tard&#8230; Cette indication signifie surtout avant quelle le\u00e7on il serait pr\u00e9matur\u00e9 de la proposer.<\/p>\n<p>&nbsp;<\/p>\n\n<table id=\"tablepress-58\" class=\"tablepress tablepress-id-58\">\n<thead>\n<tr class=\"row-1\">\n\t<th class=\"column-1\">Domaines<\/th><th class=\"column-2\">Titre<\/th><th class=\"column-3\">Genre \u00e0 produire<\/th><th class=\"column-4\">Objectif(s) langagier(s)<\/th><th class=\"column-5\">Objectif(s) grammatical \/ grammaticaux<\/th><th colspan=\"2\" class=\"column-6\">Ressources pour la classe<\/th>\n<\/tr>\n<\/thead>\n<tbody class=\"row-striping row-hover\">\n<tr class=\"row-2\">\n\t<td class=\"column-1\">Valeur impersonnelle de l'infinitif<\/td><td class=\"column-2\"><strong><span style=\"color:#7030A0;\">Histoire en peu de mots<\/span><\/strong><br \/>\n<br \/>\nApr\u00e8s la le\u00e7on 12<\/td><td class=\"column-3\">Script d'actions<\/td><td class=\"column-4\">Restituer un script de mani\u00e8re impersonnelle<\/td><td class=\"column-5\">- Utiliser des infinitifs<br \/>\n- Effacer les marques de personne<\/td><td class=\"column-6\"><a href=\"http:\/\/la-petite-fabrique-de-grammaire.fr\/wp-content\/uploads\/2025\/07\/1-ecr-Histoire-en-peu-de-mots-1.pdf\" target=\"_blank\">Situation<\/a><br \/>\n<br \/>\n<a href=\"http:\/\/la-petite-fabrique-de-grammaire.fr\/wp-content\/uploads\/2025\/07\/1-ecr-FP-Histoire-en-peu-de-mots.pdf\" target=\"_blank\">Fiche \u00e0 photocopier<\/a><\/td><td class=\"column-7\"><a href=\"http:\/\/la-petite-fabrique-de-grammaire.fr\/wp-content\/uploads\/2025\/07\/1-ecr-DP-Histoire-en-peu-de-mots-.pdf\" target=\"_blank\">Diaporama \u00e0 consulter<\/a><br \/>\n<br \/>\n<a href=\"http:\/\/la-petite-fabrique-de-grammaire.fr\/wp-content\/uploads\/2025\/07\/1-ecr-DP-Histoire-en-peu-de-mots-.pptx\">Diaporama \u00e0 t\u00e9l\u00e9charger<\/a><\/td>\n<\/tr>\n<tr class=\"row-3\">\n\t<td class=\"column-1\">Accord dans le GN<\/td><td class=\"column-2\"><strong><span style=\"color:#7030A0;\"><em>Il y a<\/em><\/span><\/strong><br \/>\n<br \/>\nApr\u00e8s la le\u00e7on 19<\/td><td class=\"column-3\">Po\u00e8me \u00e0 structure<\/td><td class=\"column-4\">Faire passer une \u00e9motion \u00e0 travers une liste<\/td><td class=\"column-5\">- Utiliser des expansions du GN<br \/>\n- Assurer la coh\u00e9sion du GN par les accords<\/td><td class=\"column-6\"><a href=\"http:\/\/la-petite-fabrique-de-grammaire.fr\/wp-content\/uploads\/2025\/07\/2-ecr-GP-Il-y-a.pdf\" target=\"_blank\">Situation<\/a><br \/>\n<br \/>\n<a href=\"http:\/\/la-petite-fabrique-de-grammaire.fr\/wp-content\/uploads\/2025\/07\/2-FP-ecr-Il-y-a-.pdf\" target=\"_blank\">fiche \u00e0 photocopier<\/a><\/td><td class=\"column-7\"><a href=\"http:\/\/la-petite-fabrique-de-grammaire.fr\/wp-content\/uploads\/2025\/07\/2-ecr-DP-Il-y-a.pdf\" target=\"_blank\">Diaporama \u00e0 consulter<\/a><br \/>\n<br \/>\n<a href=\"http:\/\/la-petite-fabrique-de-grammaire.fr\/wp-content\/uploads\/2025\/07\/2-ecr-DP-Il-y-a.pptx\">Diaporama \u00e0 t\u00e9l\u00e9charger<\/a><\/td>\n<\/tr>\n<tr class=\"row-4\">\n\t<td class=\"column-1\">Valeur qualifiante des expansions du GN<\/td><td class=\"column-2\"><strong><span style=\"color:#7030A0;\">Points de vue<\/span><\/strong><br \/>\n<br \/>\nApr\u00e8s la le\u00e7on 19<\/td><td class=\"column-3\">R\u00e9cit en \"je\"<\/td><td class=\"column-4\">Faire vivre le point de vue du narrateur<\/td><td class=\"column-5\">Utiliser des expansions du GN \u00e0 valeur qualificative<\/td><td class=\"column-6\"><a href=\"http:\/\/la-petite-fabrique-de-grammaire.fr\/wp-content\/uploads\/2025\/07\/3-Points-de-vue.pdf\" target=\"_blank\">Situation<\/a><br \/>\n<br \/>\n<a href=\"http:\/\/la-petite-fabrique-de-grammaire.fr\/wp-content\/uploads\/2025\/07\/3-FP-ecr-Points-de-vue.pdf\" target=\"_blank\">fiche \u00e0 photocopier<\/a><\/td><td class=\"column-7\"><a href=\"http:\/\/la-petite-fabrique-de-grammaire.fr\/wp-content\/uploads\/2025\/07\/3-ecr-DP-Points-de-vue-1.pdf\" target=\"_blank\">Diaporama \u00e0 consulter<\/a><br \/>\n<br \/>\n<a href=\"http:\/\/la-petite-fabrique-de-grammaire.fr\/wp-content\/uploads\/2025\/07\/3-ecr-DP-Points-de-vue.pptx\">Diaporama \u00e0 t\u00e9l\u00e9charger<\/a><\/td>\n<\/tr>\n<tr class=\"row-5\">\n\t<td class=\"column-1\">Nominalisation<\/td><td class=\"column-2\"><strong><span style=\"color:#7030A0;\">Cartes postales<\/span><\/strong><br \/>\n<br \/>\nApr\u00e8s la le\u00e7on 29<\/td><td class=\"column-3\">Cartes postales<\/td><td class=\"column-4\">Utiliser un style t\u00e9l\u00e9graphique<\/td><td class=\"column-5\">Passer du verbe au nom pour utiliser des phrases nominales<\/td><td class=\"column-6\"><a href=\"http:\/\/la-petite-fabrique-de-grammaire.fr\/wp-content\/uploads\/2025\/08\/4-GP-Cartes-postales.pdf\" target=\"_blank\">Situation<\/a><br \/>\n<br \/>\n<a href=\"http:\/\/la-petite-fabrique-de-grammaire.fr\/wp-content\/uploads\/2025\/08\/4-FP-Cartes-postales.pdf\" target=\"_blank\">fiche \u00e0 photocopier<\/a><\/td><td class=\"column-7\"><a href=\"http:\/\/la-petite-fabrique-de-grammaire.fr\/wp-content\/uploads\/2025\/08\/4-ecr-DP-Cartes-postales.pdf\" target=\"_blank\">Diaporama \u00e0 consulter<\/a><br \/>\n<br \/>\n<a href=\"http:\/\/la-petite-fabrique-de-grammaire.fr\/wp-content\/uploads\/2025\/08\/4-ecr-DP-Cartes-postales.pptx\">Diaporama \u00e0 t\u00e9l\u00e9charger<\/a><\/td>\n<\/tr>\n<tr class=\"row-6\">\n\t<td class=\"column-1\">Le verbe et ses compl\u00e9ments<\/td><td class=\"column-2\"><strong><span style=\"color:#7030A0;\">Zeugmas<\/span><\/strong><br \/>\n<br \/>\nApr\u00e8s la le\u00e7on 36<\/td><td class=\"column-3\">Phrases humoristiques<\/td><td class=\"column-4\">Cr\u00e9er des zeugmas<\/td><td class=\"column-5\">Jouer sur la construction des verbes pour cr\u00e9er des zeugmas<\/td><td class=\"column-6\"><a href=\"http:\/\/la-petite-fabrique-de-grammaire.fr\/wp-content\/uploads\/2025\/08\/5-Zeugma.pdf\" target=\"_blank\">Situation<\/a><br \/>\n<br \/>\n<a href=\"http:\/\/la-petite-fabrique-de-grammaire.fr\/wp-content\/uploads\/2025\/08\/5-FP-Zeugmas-a-revoir.pdf\" target=\"_blank\">fiche \u00e0 photocopier<\/a><\/td><td class=\"column-7\"><a href=\"http:\/\/la-petite-fabrique-de-grammaire.fr\/wp-content\/uploads\/2025\/08\/5-ecr-DP-Zeugmas.pdf\" target=\"_blank\">Diaporama \u00e0 consulter<\/a><br \/>\n<br \/>\n<a href=\"http:\/\/la-petite-fabrique-de-grammaire.fr\/wp-content\/uploads\/2025\/08\/5-ecr-DP-Zeugmas.pptx\">Diaporama \u00e0 t\u00e9l\u00e9charger<\/a><\/td>\n<\/tr>\n<tr class=\"row-7\">\n\t<td class=\"column-1\">D\u00e9signer les personnages : le GN \u00e9tendu<\/td><td class=\"column-2\"><strong><span style=\"color:#7030A0;\">D\u00e9signer les personnages<\/span><\/strong><br \/>\n<br \/>\nApr\u00e8s la le\u00e7on 38<\/td><td class=\"column-3\">Am\u00e9liorer une fable morale<\/td><td class=\"column-4\">Produire des d\u00e9signations conformes \u00e0 la fois au caract\u00e8re du personnage et au contexte imm\u00e9diat<\/td><td class=\"column-5\">Utiliser des expansions du GN<\/td><td class=\"column-6\"><a href=\"http:\/\/la-petite-fabrique-de-grammaire.fr\/wp-content\/uploads\/2025\/08\/6-GP-designer-les-personnages.pdf\" target=\"_blank\">Situation<\/a><br \/>\n<br \/>\n<a href=\"http:\/\/la-petite-fabrique-de-grammaire.fr\/wp-content\/uploads\/2025\/08\/6-FP-ecr-Designer-des-personnages.pdf\" target=\"_blank\">fiche \u00e0 photocopier<\/a><\/td><td class=\"column-7\"><a href=\"http:\/\/la-petite-fabrique-de-grammaire.fr\/wp-content\/uploads\/2025\/08\/6-ecr-designer-les-personnages-DP.pdf\" target=\"_blank\">Diaporama \u00e0 consulter<\/a><br \/>\n<br \/>\n<a href=\"http:\/\/la-petite-fabrique-de-grammaire.fr\/wp-content\/uploads\/2025\/08\/6-ecr-designer-les-personnages-DP.pptx\">Diaporama \u00e0 t\u00e9l\u00e9charger<\/a><\/td>\n<\/tr>\n<tr class=\"row-8\">\n\t<td class=\"column-1\">Cadre d'une histoire<\/td><td class=\"column-2\"><strong><span style=\"color:#7030A0;\">Iles au tr\u00e9sor<\/span><\/strong><br \/>\n<br \/>\nApr\u00e8s la le\u00e7on 47<\/td><td class=\"column-3\">Indications pour un itin\u00e9raire<\/td><td class=\"column-4\">D\u00e9crire un itin\u00e9raire<\/td><td class=\"column-5\">- Utiliser des compl\u00e9ments circonstanciels<br \/>\n- ponctuer correctement<br \/>\n- accorder les verbes \u00e0 la personne 2<\/td><td class=\"column-6\"><a href=\"http:\/\/la-petite-fabrique-de-grammaire.fr\/wp-content\/uploads\/2025\/08\/7-ecr-ile-au-tresor-GP.pdf\" target=\"_blank\">Situation<\/a><br \/>\n<br \/>\n<a href=\"http:\/\/la-petite-fabrique-de-grammaire.fr\/wp-content\/uploads\/2025\/08\/7-ecr-lile-au-tresor-FP.pdf\" target=\"_blank\">fiche \u00e0 photocopier<\/a><\/td><td class=\"column-7\"><a href=\"http:\/\/la-petite-fabrique-de-grammaire.fr\/wp-content\/uploads\/2025\/08\/7-ecr-Lile-au-tresor-DP.pdf\" target=\"_blank\">Diaporama \u00e0 consulter<\/a><br \/>\n<br \/>\n<a href=\"http:\/\/la-petite-fabrique-de-grammaire.fr\/wp-content\/uploads\/2025\/08\/7-ecr-Lile-au-tresor-DP.pptx\">Diaporama \u00e0 t\u00e9l\u00e9charger<\/a><\/td>\n<\/tr>\n<tr class=\"row-9\">\n\t<td class=\"column-1\">Valeurs de la lettre -s<\/td><td class=\"column-2\"><strong><span style=\"color:#7030A0;\">Lipogramme en <em>-s<\/em><\/span><\/strong><br \/>\n<br \/>\nApr\u00e8s la le\u00e7on 45<\/td><td class=\"column-3\">Texte narratif<\/td><td class=\"column-4\">Cr\u00e9er un lipogramme<\/td><td class=\"column-5\">Mobiliser ses connaissances sur les valeurs de la lettre -s<\/td><td class=\"column-6\"><a href=\"http:\/\/la-petite-fabrique-de-grammaire.fr\/wp-content\/uploads\/2025\/08\/8-ecr-Sans-s-GP.pdf\" target=\"_blank\">Situation<\/a><br \/>\n<br \/>\n<a href=\"http:\/\/la-petite-fabrique-de-grammaire.fr\/wp-content\/uploads\/2025\/08\/8-ecr-Sans-s-FP.pdf\" target=\"_blank\">fiche \u00e0 photocopier<\/a><\/td><td class=\"column-7\"><a href=\"http:\/\/la-petite-fabrique-de-grammaire.fr\/wp-content\/uploads\/2025\/08\/8-ecr-DP-Sans-s-.pdf\" target=\"_blank\">Diaporama \u00e0 consulter<\/a><br \/>\n<br \/>\n<a href=\"http:\/\/la-petite-fabrique-de-grammaire.fr\/wp-content\/uploads\/2025\/08\/8-ecr-DP-Sans-s-.pptx\">Diaporama \u00e0 t\u00e9l\u00e9charger<\/a><\/td>\n<\/tr>\n<tr class=\"row-10\">\n\t<td class=\"column-1\">Accords dans le GN<\/td><td class=\"column-2\"><strong><span style=\"color:#7030A0;\">La dispute des pirates<\/span><\/strong><br \/>\n<br \/>\nApr\u00e8s la le\u00e7on 49<\/td><td class=\"column-3\">Dialogue rapportant une dispute<\/td><td class=\"column-4\">Repr\u00e9senter une dispute<\/td><td class=\"column-5\">Mobiliser les connaissances sur l'accord dans le GN et sur les marques du dialogue<\/td><td class=\"column-6\"><a href=\"http:\/\/la-petite-fabrique-de-grammaire.fr\/wp-content\/uploads\/2025\/08\/9-ecr-La-dispute-GP-.pdf\" target=\"_blank\">Situation<\/a><br \/>\n<br \/>\n<a href=\"http:\/\/la-petite-fabrique-de-grammaire.fr\/wp-content\/uploads\/2025\/08\/9-ecr-La-dispute-des-pirates-FP.pdf\" target=\"_blank\">fiche \u00e0 photocopier<\/a><\/td><td class=\"column-7\"><a href=\"http:\/\/la-petite-fabrique-de-grammaire.fr\/wp-content\/uploads\/2025\/08\/9-ecr-La-dispute-DP.pdf\" target=\"_blank\">Diaporama \u00e0 consulter<\/a><br \/>\n<br \/>\n<a href=\"http:\/\/la-petite-fabrique-de-grammaire.fr\/wp-content\/uploads\/2025\/08\/9-ecr-La-dispute-DP.pptx\">Diaporama \u00e0 t\u00e9l\u00e9charger<\/a><\/td>\n<\/tr>\n<tr class=\"row-11\">\n\t<td class=\"column-1\">Progression th\u00e9matique \u00e0 th\u00e8me \u00e9clat\u00e9<\/td><td class=\"column-2\"><strong><span style=\"color:#7030A0;\">Description<\/span><\/strong><br \/>\n<br \/>\nApr\u00e8s la le\u00e7on 53<\/td><td class=\"column-3\">Description<\/td><td class=\"column-4\">- Donner les moyens de situer ce qui est d\u00e9crit<br \/>\n- Faire partager un point de vue<\/td><td class=\"column-5\">- Adopter le format textuel d'une description<br \/>\n- Utiliser des compl\u00e9ments de phrase<br \/>\n- Utiliser des expansions du GN<\/td><td class=\"column-6\"><a href=\"http:\/\/la-petite-fabrique-de-grammaire.fr\/wp-content\/uploads\/2025\/09\/10-ecr-Description-GP-.pdf\" target=\"_blank\">Situation<\/a><br \/>\n<br \/>\n<a href=\"http:\/\/la-petite-fabrique-de-grammaire.fr\/wp-content\/uploads\/2025\/09\/10-ecr-Description-FP.pdf\" target=\"_blank\">fiche \u00e0 photocopier<\/a><\/td><td class=\"column-7\"><a href=\"http:\/\/la-petite-fabrique-de-grammaire.fr\/wp-content\/uploads\/2025\/09\/10-ecr-Description-DP.pdf\" target=\"_blank\">Diaporama \u00e0 consulter<\/a><br \/>\n<br \/>\n<a href=\"http:\/\/la-petite-fabrique-de-grammaire.fr\/wp-content\/uploads\/2025\/09\/10-ecr-Description-DP.pptx\">Diaporama \u00e0 t\u00e9l\u00e9charger<\/a><\/td>\n<\/tr>\n<tr class=\"row-12\">\n\t<td class=\"column-1\">\u00c9crire [\u025b] et [e] en fin de mot <\/td><td class=\"column-2\"><strong><span style=\"color:#7030A0;\">Des -<em>\u00e9<\/em>- de tous c\u00f4t\u00e9s<\/span><\/strong><br \/>\n<br \/>\nApr\u00e8s la le\u00e7on 60<\/td><td class=\"column-3\">Po\u00e8me de \"contrev\u00e9rit\u00e9s\" <\/td><td class=\"column-4\">- \u00c9crire un po\u00e8me en respectant une structure<br \/>\n- multiplier les occurrences de [\u025b] ou [e]<\/td><td class=\"column-5\">Mobiliser les connaissances sur les graphies de [\u025b] et [e]<\/td><td class=\"column-6\"><a href=\"http:\/\/la-petite-fabrique-de-grammaire.fr\/wp-content\/uploads\/2025\/09\/11-ecr-Des-e-de-tous-cotes-GP.pdf\" target=\"_blank\">Situation<\/a><br \/>\n<br \/>\n<a href=\"http:\/\/la-petite-fabrique-de-grammaire.fr\/wp-content\/uploads\/2025\/09\/11-ecr-Des-e-de-tous-cotes-FP.pdf\" target=\"_blank\">fiche \u00e0 photocopier<\/a><\/td><td class=\"column-7\"><a href=\"http:\/\/la-petite-fabrique-de-grammaire.fr\/wp-content\/uploads\/2025\/09\/11-ecr-Des-e-de-tous-cotes-DP.pdf\" target=\"_blank\">Diaporama \u00e0 consulter<\/a><br \/>\n<br \/>\n<a href=\"http:\/\/la-petite-fabrique-de-grammaire.fr\/wp-content\/uploads\/2025\/09\/11-ecr-Des-e-de-tous-cotes-DP.pptx\">Diaporama \u00e0 t\u00e9l\u00e9charger<\/a><\/td>\n<\/tr>\n<\/tbody>\n<\/table>\n<!-- #tablepress-58 from cache -->\n","protected":false},"excerpt":{"rendered":"<p>Dans le tableau, ainsi que dans les fichiers qui d\u00e9crivent les situations, outre le domaine et le titre propos\u00e9, deux sortes d&rsquo;objectifs sont indiqu\u00e9s : &#8211; un objectif (ou plusieurs) langagier, qui pr\u00e9cise quel enjeu de communication se trouve servi ; &#8211; un objectif grammatical (ou plusieurs), qui pr\u00e9cise quelle notion ou quelle proc\u00e9dure est [&hellip;]<\/p>\n","protected":false},"author":1,"featured_media":0,"parent":0,"menu_order":0,"comment_status":"closed","ping_status":"closed","template":"","meta":{"footnotes":""},"class_list":["post-2512","page","type-page","status-publish","hentry"],"_links":{"self":[{"href":"https:\/\/la-petite-fabrique-de-grammaire.fr\/index.php?rest_route=\/wp\/v2\/pages\/2512","targetHints":{"allow":["GET"]}}],"collection":[{"href":"https:\/\/la-petite-fabrique-de-grammaire.fr\/index.php?rest_route=\/wp\/v2\/pages"}],"about":[{"href":"https:\/\/la-petite-fabrique-de-grammaire.fr\/index.php?rest_route=\/wp\/v2\/types\/page"}],"author":[{"embeddable":true,"href":"https:\/\/la-petite-fabrique-de-grammaire.fr\/index.php?rest_route=\/wp\/v2\/users\/1"}],"replies":[{"embeddable":true,"href":"https:\/\/la-petite-fabrique-de-grammaire.fr\/index.php?rest_route=%2Fwp%2Fv2%2Fcomments&post=2512"}],"version-history":[{"count":7,"href":"https:\/\/la-petite-fabrique-de-grammaire.fr\/index.php?rest_route=\/wp\/v2\/pages\/2512\/revisions"}],"predecessor-version":[{"id":6920,"href":"https:\/\/la-petite-fabrique-de-grammaire.fr\/index.php?rest_route=\/wp\/v2\/pages\/2512\/revisions\/6920"}],"wp:attachment":[{"href":"https:\/\/la-petite-fabrique-de-grammaire.fr\/index.php?rest_route=%2Fwp%2Fv2%2Fmedia&parent=2512"}],"curies":[{"name":"wp","href":"https:\/\/api.w.org\/{rel}","templated":true}]}}