{"id":2509,"date":"2024-03-10T16:56:31","date_gmt":"2024-03-10T15:56:31","guid":{"rendered":"https:\/\/la-petite-fabrique-de-grammaire.fr\/?page_id=2509"},"modified":"2024-03-14T16:29:09","modified_gmt":"2024-03-14T15:29:09","slug":"situations-decriture-ce2","status":"publish","type":"page","link":"https:\/\/la-petite-fabrique-de-grammaire.fr\/?page_id=2509","title":{"rendered":"Situations d&rsquo;\u00e9criture CE2"},"content":{"rendered":"<p><span style=\"color:#7030A0;\"><strong>Situations d&rsquo;\u00e9criture pour le CE2<\/strong><\/span><\/p>\n<p style=\"text-align: justify;\">Dans le tableau, ainsi que dans les fichiers qui d\u00e9crivent les situations, outre le domaine et le titre propos\u00e9, deux sortes d&rsquo;objectifs sont indiqu\u00e9s :<br \/>\n&#8211; un objectif (ou plusieurs) langagier, qui pr\u00e9cise quel enjeu de communication se trouve servi ;<br \/>\n&#8211; un objectif grammatical (ou plusieurs), qui pr\u00e9cise quelle notion ou quelle proc\u00e9dure est vis\u00e9e dans la situation.<\/p>\n<p style=\"text-align: justify;\">Il est indiqu\u00e9 apr\u00e8s quelle le\u00e7on on peut proposer la situation aux \u00e9l\u00e8ves. Mais bien s\u00fbr, on peut aussi la proposer deux semaines ou un mois plus tard&#8230; Cette indication signifie surtout avant quelle le\u00e7on il serait pr\u00e9matur\u00e9 de la proposer.<\/p>\n<p style=\"text-align: justify;\">\n<p style=\"text-align: justify;\">\n<table id=\"tablepress-26\" class=\"tablepress tablepress-id-26\">\n<thead>\n<tr class=\"row-1\">\n\t<th class=\"column-1\">Domaines<\/th><th class=\"column-2\">Titre<\/th><th class=\"column-3\">Genre \u00e0 produire<\/th><th class=\"column-4\">Objectif(s) langagier(s)<\/th><th class=\"column-5\">Objectif(s) grammatical \/ grammaticaux<\/th><th colspan=\"2\" class=\"column-6\">Ressources pour la classe<\/th>\n<\/tr>\n<\/thead>\n<tbody class=\"row-striping row-hover\">\n<tr class=\"row-2\">\n\t<td class=\"column-1\">Accords dans le GN<\/td><td class=\"column-2\"><strong><span style=\"color:#7030A0;\">Invitation<\/span><\/strong><br \/>\n<br \/>\nApr\u00e8s la le\u00e7on 7<\/td><td class=\"column-3\">Message d\u2019invitation<\/td><td class=\"column-4\">Cr\u00e9er un effet sur le lecteur : donner envie<\/td><td class=\"column-5\">- Utiliser des expansions du GN<br \/>\n- Assurer la coh\u00e9sion du groupe nominal par les accords<\/td><td class=\"column-6\"><a href=\"http:\/\/la-petite-fabrique-de-grammaire.fr\/wp-content\/uploads\/2024\/02\/Invitation-ecr-1-GP-CE2.pdf\" rel=\"noopener\" target=\"_blank\">Situation<\/a><br \/>\n<br \/>\n<a href=\"http:\/\/la-petite-fabrique-de-grammaire.fr\/wp-content\/uploads\/2024\/02\/Invitation-ecr-1-FP-CE2.pdf\" rel=\"noopener\" target=\"_blank\">fiche \u00e0 photocopier<\/a><\/td><td class=\"column-7\"><a href=\"http:\/\/la-petite-fabrique-de-grammaire.fr\/wp-content\/uploads\/2024\/02\/invitation-ecr-1-DP-CE2.pdf\" rel=\"noopener\" target=\"_blank\">Diaporama \u00e0 consulter<\/a><br \/>\n<br \/>\n<a href=\"http:\/\/la-petite-fabrique-de-grammaire.fr\/wp-content\/uploads\/2024\/02\/invitation-ecr-1-DP-CE2.pptx\">Diaporama \u00e0 t\u00e9l\u00e9charger<\/a><\/td>\n<\/tr>\n<tr class=\"row-3\">\n\t<td class=\"column-1\">Accord du verbe<\/td><td class=\"column-2\"><strong><span style=\"color:#7030A0;\">\u00c0 l\u2019\u00e9cole<\/span><\/strong><br \/>\n<br \/>\nApr\u00e8s la le\u00e7on 18<\/td><td class=\"column-3\">Script d\u2019actions<\/td><td class=\"column-4\">Maintenir un choix d\u2019\u00e9nonciation<\/td><td class=\"column-5\">S\u00e9lectionner les marques de la personne<\/td><td class=\"column-6\"><a href=\"http:\/\/la-petite-fabrique-de-grammaire.fr\/wp-content\/uploads\/2024\/02\/A-lecole-ecr-2-GP-CE2.pdf\" rel=\"noopener\" target=\"_blank\">Situation<\/a><br \/>\n<br \/>\n<a href=\"http:\/\/la-petite-fabrique-de-grammaire.fr\/wp-content\/uploads\/2024\/02\/A-lecole-ecr-2-FP-CE2.pdf\" rel=\"noopener\" target=\"_blank\">fiche \u00e0 photocopier<\/a><\/td><td class=\"column-7\"><a href=\"http:\/\/la-petite-fabrique-de-grammaire.fr\/wp-content\/uploads\/2024\/02\/A-lecole-ecr-2-DP-CE2.pdf\" rel=\"noopener\" target=\"_blank\">Diaporama \u00e0 consulter<\/a><br \/>\n<br \/>\n<a href=\"http:\/\/la-petite-fabrique-de-grammaire.fr\/wp-content\/uploads\/2024\/02\/A-lecole-ecr-2-DP-CE2.pptx\">Diaporama \u00e0 t\u00e9l\u00e9charger<\/a><\/td>\n<\/tr>\n<tr class=\"row-4\">\n\t<td class=\"column-1\">Accords dans le GN, dans la phrase<\/td><td class=\"column-2\"><strong><span style=\"color:#7030A0;\">Dr\u00f4le de conte<\/span><\/strong><br \/>\n<br \/>\nApr\u00e8s la le\u00e7on 21<\/td><td class=\"column-3\">Parodie de conte<\/td><td class=\"column-4\">Parodier un conte c\u00e9l\u00e8bre<\/td><td class=\"column-5\">Pratiquer les accords dans le GN et dans la phrase<\/td><td class=\"column-6\"><a href=\"http:\/\/la-petite-fabrique-de-grammaire.fr\/wp-content\/uploads\/2024\/02\/drole-de-conte-ecr-3-GP-CE2.pdf\" rel=\"noopener\" target=\"_blank\">Situation<\/a><br \/>\n<br \/>\n<a href=\"http:\/\/la-petite-fabrique-de-grammaire.fr\/wp-content\/uploads\/2024\/02\/Drole-de-conte-ecr-3-FP-CE2.pdf\" rel=\"noopener\" target=\"_blank\">fiche \u00e0 photocopier<\/a><\/td><td class=\"column-7\"><a href=\"http:\/\/la-petite-fabrique-de-grammaire.fr\/wp-content\/uploads\/2024\/02\/drole-de-conte-ecr-3-DP-CE2.pdf\" rel=\"noopener\" target=\"_blank\">Diaporama \u00e0 consulter<\/a><br \/>\n<br \/>\n<a href=\"http:\/\/la-petite-fabrique-de-grammaire.fr\/wp-content\/uploads\/2024\/02\/drole-de-conte-ecr-3-DP-CE2.pptx\">Diaporama \u00e0 t\u00e9l\u00e9charger<\/a><\/td>\n<\/tr>\n<tr class=\"row-5\">\n\t<td class=\"column-1\">Formes de phrase<br \/>\nRep\u00e9rage des infinitifs<\/td><td class=\"column-2\"><strong><span style=\"color:#7030A0;\">R\u00e8glement id\u00e9al<\/span><\/strong><br \/>\n<br \/>\nApr\u00e8s la le\u00e7on 27<\/td><td class=\"column-3\">Texte injonctif<\/td><td class=\"column-4\">Utiliser l\u2019impersonnel pour prescrire<\/td><td class=\"column-5\">- Utiliser des phrases n\u00e9gatives \/ affirmatives<br \/>\n- Utiliser des infinitifs dans les formules impersonnelles <em>on doit, il faut<\/em>\u2026<\/td><td class=\"column-6\"><a href=\"http:\/\/la-petite-fabrique-de-grammaire.fr\/wp-content\/uploads\/2024\/02\/reglement-ideal-ecr-4-GP-CE2.pdf\" rel=\"noopener\" target=\"_blank\">Situation<\/a><br \/>\n<br \/>\n<a href=\"http:\/\/la-petite-fabrique-de-grammaire.fr\/wp-content\/uploads\/2024\/02\/Reglement-ideal-ecr-4-FP-CE2.pdf\" rel=\"noopener\" target=\"_blank\">fiche \u00e0 photocopier<\/a><\/td><td class=\"column-7\"><a href=\"http:\/\/la-petite-fabrique-de-grammaire.fr\/wp-content\/uploads\/2024\/02\/reglement-ideal-ecr-4-DP-CE2.pdf\" rel=\"noopener\" target=\"_blank\">Diaporama \u00e0 consulter<\/a><br \/>\n<br \/>\n<a href=\"http:\/\/la-petite-fabrique-de-grammaire.fr\/wp-content\/uploads\/2024\/02\/reglement-ideal-ecr-4-DP-CE2.pptx\">Diaporama \u00e0 t\u00e9l\u00e9charger<\/a><\/td>\n<\/tr>\n<tr class=\"row-6\">\n\t<td class=\"column-1\">Qui parle \u00e0 qui ?<br \/>\nTypes de phrases<br \/>\nPonctuation<\/td><td class=\"column-2\"><strong><span style=\"color:#7030A0;\">Dialogue de loup et de Chaperons<\/span><\/strong><br \/>\n<br \/>\nApr\u00e8s la le\u00e7on 37<\/td><td class=\"column-3\">Dialogue<\/td><td class=\"column-4\">\u00c9crire un dialogue<\/td><td class=\"column-5\">- Utiliser les pronoms<br \/>\n- Utiliser des phrases interrogatives<br \/>\n- Utiliser la ponctuation<\/td><td class=\"column-6\"><a href=\"http:\/\/la-petite-fabrique-de-grammaire.fr\/wp-content\/uploads\/2024\/02\/dialogue-loup-chaperons-ecr-5-GP-CE2.pdf\" rel=\"noopener\" target=\"_blank\">Situation<\/a><br \/>\n<br \/>\n<a href=\"http:\/\/la-petite-fabrique-de-grammaire.fr\/wp-content\/uploads\/2024\/02\/dialogue-loup-chap-ecr-5-FP-CE2.pdf\" rel=\"noopener\" target=\"_blank\">fiche \u00e0 photocopier<\/a><\/td><td class=\"column-7\"><a href=\"http:\/\/la-petite-fabrique-de-grammaire.fr\/wp-content\/uploads\/2024\/02\/dialogue-loup-chap-ecr-5-DP-CE2.pdf\">Diaporama \u00e0 consulter<\/a><br \/>\n<br \/>\n<a href=\"http:\/\/la-petite-fabrique-de-grammaire.fr\/wp-content\/uploads\/2024\/02\/dialogue-loup-chap-ecr-5-DP-CE2.pptx\">Diaporama \u00e0 t\u00e9l\u00e9charger<\/a><\/td>\n<\/tr>\n<tr class=\"row-7\">\n\t<td class=\"column-1\">Conjugaison<\/td><td class=\"column-2\"><strong><span style=\"color:#7030A0;\">\u00c0 la pr\u00e9histoire<\/span><\/strong><br \/>\n<br \/>\nApr\u00e8s la le\u00e7on 40<\/td><td class=\"column-3\">Histoire<\/td><td class=\"column-4\">\u00c9crire un texte explicatif<\/td><td class=\"column-5\">Orthographier l\u2019imparfait<\/td><td class=\"column-6\"><a href=\"http:\/\/la-petite-fabrique-de-grammaire.fr\/wp-content\/uploads\/2024\/02\/A-la-Prehistoire-ecr-6-GP-CE2.pdf\" rel=\"noopener\" target=\"_blank\">Situation<\/a><br \/>\n<br \/>\n<a href=\"http:\/\/la-petite-fabrique-de-grammaire.fr\/wp-content\/uploads\/2024\/02\/A-la-prehistoire-ecr-6-FP-CE2.pdf\" rel=\"noopener\" target=\"_blank\">fiche \u00e0 photocopier<\/a><\/td><td class=\"column-7\"><a href=\"http:\/\/la-petite-fabrique-de-grammaire.fr\/wp-content\/uploads\/2024\/02\/A-la-prehistoire-ecr-6-DP-CE2.pdf\" rel=\"noopener\" target=\"_blank\">Diaporama \u00e0 consulter<\/a><br \/>\n<br \/>\n<a href=\"http:\/\/la-petite-fabrique-de-grammaire.fr\/wp-content\/uploads\/2024\/02\/A-la-prehistoire-ecr-6-DP-CE2.pptx\">Diaporama \u00e0 t\u00e9l\u00e9charger<\/a><\/td>\n<\/tr>\n<tr class=\"row-8\">\n\t<td class=\"column-1\">Conjugaison<\/td><td class=\"column-2\"><strong><span style=\"color:#7030A0;\">En l\u2019an 3000<\/span><\/strong><br \/>\n<br \/>\nApr\u00e8s la le\u00e7on 45<\/td><td class=\"column-3\">Science-fiction<\/td><td class=\"column-4\">\u00c9crire un texte explicatif<\/td><td class=\"column-5\">Orthographier le futur<\/td><td class=\"column-6\"><a href=\"http:\/\/la-petite-fabrique-de-grammaire.fr\/wp-content\/uploads\/2024\/02\/En-lan-3000-ecr-7-GP-CE2.pdf\" rel=\"noopener\" target=\"_blank\">Situation<\/a><br \/>\n<br \/>\n<a href=\"http:\/\/la-petite-fabrique-de-grammaire.fr\/wp-content\/uploads\/2024\/02\/En-lan-3000-ecr-7-FP-CE2.pdf\" rel=\"noopener\" target=\"_blank\">fiche \u00e0 photocopier<\/a><\/td><td class=\"column-7\"><a href=\"http:\/\/la-petite-fabrique-de-grammaire.fr\/wp-content\/uploads\/2024\/02\/En-lan-3000-ecr-7-DP-CE2.pdf\" rel=\"noopener\" target=\"_blank\">Diaporama \u00e0 consulter<\/a><br \/>\n<br \/>\n<a href=\"http:\/\/la-petite-fabrique-de-grammaire.fr\/wp-content\/uploads\/2024\/02\/En-lan-3000-ecr-7-DP-CE2.pptx\">Diaporama \u00e0 t\u00e9l\u00e9charger<\/a><\/td>\n<\/tr>\n<tr class=\"row-9\">\n\t<td class=\"column-1\">Sens des formes verbales<br \/>\nConjugaison<\/td><td class=\"column-2\"><strong><span style=\"color:#7030A0;\">Une course terrible<\/span><\/strong><br \/>\n<br \/>\nApr\u00e8s la le\u00e7on 49<\/td><td class=\"column-3\">R\u00e9cit en \u00ab je \u00bb<\/td><td class=\"column-4\">Faire vivre le point de vue d\u2019un narrateur t\u00e9moin<\/td><td class=\"column-5\">Utiliser les temps du discours (pr\u00e9sent, imparfait, pass\u00e9 compos\u00e9)<\/td><td class=\"column-6\"><a href=\"http:\/\/la-petite-fabrique-de-grammaire.fr\/wp-content\/uploads\/2024\/02\/Course-terrible-ecr-8-GP-CE2.pdf\" rel=\"noopener\" target=\"_blank\">Situation<\/a><br \/>\n<br \/>\n<a href=\"http:\/\/la-petite-fabrique-de-grammaire.fr\/wp-content\/uploads\/2024\/02\/Une-course-terrible-ecr-8-FP-CE2.pdf\" rel=\"noopener\" target=\"_blank\">fiche \u00e0 photocopier<\/a><\/td><td class=\"column-7\"><a href=\"http:\/\/la-petite-fabrique-de-grammaire.fr\/wp-content\/uploads\/2024\/02\/Une-course-terrible-ecr-8-DP-CE2.pdf\" rel=\"noopener\" target=\"_blank\">Diaporama \u00e0 consulter<\/a><br \/>\n<br \/>\n<a href=\"http:\/\/la-petite-fabrique-de-grammaire.fr\/wp-content\/uploads\/2024\/02\/Une-course-terrible-ecr-8-DP-CE2.pptx\">Diaporama \u00e0 t\u00e9l\u00e9charger<\/a><\/td>\n<\/tr>\n<tr class=\"row-10\">\n\t<td class=\"column-1\">Compl\u00e9ments circonstanciels<br \/>\nPonctuation de la phrase<\/td><td class=\"column-2\"><strong><span style=\"color:#7030A0;\">Regarde !<\/span><\/strong><br \/>\n<br \/>\nApr\u00e8s la le\u00e7on 53<\/td><td class=\"column-3\">Lecture d\u2019image<\/td><td class=\"column-4\">Mettre par \u00e9crit une explication g\u00e9n\u00e9ralement donn\u00e9e \u00e0 l\u2019oral<\/td><td class=\"column-5\">- Utiliser des compl\u00e9ments de lieu<br \/>\n- Segmenter correctement les phrases<\/td><td class=\"column-6\"><a href=\"http:\/\/la-petite-fabrique-de-grammaire.fr\/wp-content\/uploads\/2024\/02\/Regarde-ecr-9-GP-CE2.pdf\" rel=\"noopener\" target=\"_blank\">Situation<\/a><br \/>\n<br \/>\n<a href=\"http:\/\/la-petite-fabrique-de-grammaire.fr\/wp-content\/uploads\/2024\/02\/Regarde-ecr-9-FP-CE2.pdf\" rel=\"noopener\" target=\"_blank\">fiche \u00e0 photocopier<\/a><\/td><td class=\"column-7\"><a href=\"http:\/\/la-petite-fabrique-de-grammaire.fr\/wp-content\/uploads\/2024\/02\/Regarde-ecr-9-DP-CE2.pdf\" rel=\"noopener\" target=\"_blank\">Diaporama \u00e0 consulter<\/a><br \/>\n<br \/>\n<a href=\"http:\/\/la-petite-fabrique-de-grammaire.fr\/wp-content\/uploads\/2024\/02\/Regarde-ecr-9-DP-CE2.pptx\">Diaporama \u00e0 t\u00e9l\u00e9charger<\/a><\/td>\n<\/tr>\n<tr class=\"row-11\">\n\t<td class=\"column-1\">Segmenter un texte<\/td><td class=\"column-2\"><strong><span style=\"color:#7030A0;\">Histoire d\u2019une vie<\/span><\/strong><br \/>\n<br \/>\nApr\u00e8s la le\u00e7on 62<\/td><td class=\"column-3\">biographie<\/td><td class=\"column-4\">Organiser une biographie<\/td><td class=\"column-5\">- Utiliser des compl\u00e9ments de phrase<br \/>\n- Utiliser des formes de reprises vari\u00e9es<\/td><td class=\"column-6\"><a href=\"http:\/\/la-petite-fabrique-de-grammaire.fr\/wp-content\/uploads\/2024\/02\/Histoire-dune-vie-ecr-10-GP-CE2.pdf\">Situation<\/a><br \/>\n<br \/>\n<a href=\"http:\/\/la-petite-fabrique-de-grammaire.fr\/wp-content\/uploads\/2024\/02\/Histoire-d-une-vie-FP-CE2.pdf\" rel=\"noopener\" target=\"_blank\">fiche \u00e0 photocopier<\/a><\/td><td class=\"column-7\"><a href=\"http:\/\/la-petite-fabrique-de-grammaire.fr\/wp-content\/uploads\/2024\/02\/Histoire-dune-vie-ecr-10-DP-CE2.pdf\" rel=\"noopener\" target=\"_blank\">Diaporama \u00e0 consulter<\/a><br \/>\n<br \/>\n<a href=\"http:\/\/la-petite-fabrique-de-grammaire.fr\/wp-content\/uploads\/2024\/02\/Histoire-dune-vie-ecr-10-DP-CE2.pptx\">Diaporama \u00e0 t\u00e9l\u00e9charger<\/a><\/td>\n<\/tr>\n<tr class=\"row-12\">\n\t<td class=\"column-1\"><\/td><td class=\"column-2\"><\/td><td class=\"column-3\"><\/td><td class=\"column-4\"><\/td><td class=\"column-5\"><\/td><td class=\"column-6\"><\/td><td class=\"column-7\"><\/td>\n<\/tr>\n<\/tbody>\n<\/table>\n<\/p>\n","protected":false},"excerpt":{"rendered":"<p>Situations d&rsquo;\u00e9criture pour le CE2 Dans le tableau, ainsi que dans les fichiers qui d\u00e9crivent les situations, outre le domaine et le titre propos\u00e9, deux sortes d&rsquo;objectifs sont indiqu\u00e9s : &#8211; un objectif (ou plusieurs) langagier, qui pr\u00e9cise quel enjeu de communication se trouve servi ; &#8211; un objectif grammatical (ou plusieurs), qui pr\u00e9cise quelle [&hellip;]<\/p>\n","protected":false},"author":1,"featured_media":0,"parent":0,"menu_order":0,"comment_status":"closed","ping_status":"closed","template":"","meta":{"footnotes":""},"class_list":["post-2509","page","type-page","status-publish","hentry"],"_links":{"self":[{"href":"https:\/\/la-petite-fabrique-de-grammaire.fr\/index.php?rest_route=\/wp\/v2\/pages\/2509","targetHints":{"allow":["GET"]}}],"collection":[{"href":"https:\/\/la-petite-fabrique-de-grammaire.fr\/index.php?rest_route=\/wp\/v2\/pages"}],"about":[{"href":"https:\/\/la-petite-fabrique-de-grammaire.fr\/index.php?rest_route=\/wp\/v2\/types\/page"}],"author":[{"embeddable":true,"href":"https:\/\/la-petite-fabrique-de-grammaire.fr\/index.php?rest_route=\/wp\/v2\/users\/1"}],"replies":[{"embeddable":true,"href":"https:\/\/la-petite-fabrique-de-grammaire.fr\/index.php?rest_route=%2Fwp%2Fv2%2Fcomments&post=2509"}],"version-history":[{"count":5,"href":"https:\/\/la-petite-fabrique-de-grammaire.fr\/index.php?rest_route=\/wp\/v2\/pages\/2509\/revisions"}],"predecessor-version":[{"id":2783,"href":"https:\/\/la-petite-fabrique-de-grammaire.fr\/index.php?rest_route=\/wp\/v2\/pages\/2509\/revisions\/2783"}],"wp:attachment":[{"href":"https:\/\/la-petite-fabrique-de-grammaire.fr\/index.php?rest_route=%2Fwp%2Fv2%2Fmedia&parent=2509"}],"curies":[{"name":"wp","href":"https:\/\/api.w.org\/{rel}","templated":true}]}}