{"id":125,"date":"2023-11-04T15:59:12","date_gmt":"2023-11-04T14:59:12","guid":{"rendered":"https:\/\/la-petite-fabrique-de-grammaire.fr\/?page_id=125"},"modified":"2025-09-06T12:12:57","modified_gmt":"2025-09-06T10:12:57","slug":"cm1-2","status":"publish","type":"page","link":"https:\/\/la-petite-fabrique-de-grammaire.fr\/?page_id=125","title":{"rendered":"CM1"},"content":{"rendered":"<p><strong>PROGRAMMATION POUR LE CM1<\/strong><\/p>\n<p style=\"text-align: justify;\">Dans le CM1, les apports nouveaux concernent essentiellement l&rsquo;<strong>analyse du groupe verbal<\/strong>. D&rsquo;abord sont distingu\u00e9s\u00a0 l&rsquo;attribut du sujet et le compl\u00e9ment d&rsquo;objet : le premier est cor\u00e9f\u00e9rent au sujet (il \u00ab\u00a0parle de la m\u00eame chose\u00a0\u00bb) tandis que le second ne l&rsquo;est pas (\u00ab\u00a0parle d&rsquo;autre chose\u00a0\u00bb). Ensuite sont distingu\u00e9s les COD (sans pr\u00e9position) et les COI (introduits par une pr\u00e9position). On observe aussi les formes du pronom personnel dans ces diff\u00e9rentes fonctions.<br \/>\nEn ce qui concerne les <strong>verbes<\/strong>, en conjugaison, on identifie les verbes qui perdent une consonne \u00e0 l&rsquo;oral mais qui la maintiennent \u00e0 l&rsquo;\u00e9crit (type <em>descendre<\/em>, mais aussi les verbes <em>mettre<\/em> et <em>battre<\/em>). On d\u00e9couvre la valeur d&rsquo;ant\u00e9riorit\u00e9 des formes compos\u00e9es (pass\u00e9 compos\u00e9, plus-que-parfait, futur ant\u00e9rieur). On approche la voix pronominale.<br \/>\nEn ce qui concerne le <strong>groupe du nom<\/strong>, on comprend les valeurs d\u00e9terminatives ou qualificatives des expansions. On isole, outre l&rsquo;adjectif, le compl\u00e9ment du nom. On explore les effets de sens li\u00e9s \u00e0 la multiplicit\u00e9 des expansions dans un GN \u00e9tendu.<\/p>\n<p style=\"text-align: justify;\">Si la classe n&rsquo;est pas pr\u00eate pour ces enseignements nouveaux, <strong>il ne faut pas h\u00e9siter \u00e0 consulter ce qui est propos\u00e9 pour les niveaux pr\u00e9c\u00e9dents<\/strong>. L&rsquo;onglet \u00ab\u00a0Situations d&rsquo;apprentissage\u00a0\u00bb devrait vous y aider.<\/p>\n<p>Si <strong>la classe n&rsquo;est pas famili\u00e8re de la <em>Petite Fabrique de Grammaire<\/em><\/strong> et de la fa\u00e7on d&rsquo;y raisonner, il convient d&rsquo;inclure les le\u00e7ons portant sur l&rsquo;analyse de la phrase CE2-5 et 6 <em>Les briques de la phrase<\/em> et CE2-52 <em>La troisi\u00e8me brique<\/em> et la le\u00e7on portant sur l&rsquo;analyse des formes verbales CE2-40 <em>Les deux pouvoirs de la fin des verbes\u00a0<\/em><\/p>\n<p>&nbsp;<\/p>\n<p>Les le\u00e7ons que nous proposons sont nombreuses. Pour disposer rapidement d&rsquo;une <strong>vue d&rsquo;ensemble<\/strong>, vous trouverez dans le tableau ci-dessous la liste, organis\u00e9e par domaine, des objectifs et traces \u00e9crites de chaque le\u00e7on.<\/p>\n\n<table id=\"tablepress-59\" class=\"tablepress tablepress-id-59\">\n<thead>\n<tr class=\"row-1\">\n\t<th colspan=\"2\" class=\"column-1\"><strong>CM1 - Liste des objectifs et des traces \u00e9crites<\/strong><\/th><td class=\"column-3\"><\/td>\n<\/tr>\n<\/thead>\n<tbody class=\"row-striping row-hover\">\n<tr class=\"row-2\">\n\t<td class=\"column-1\"><strong><span style=\"color:#ED7D31;\"> Lettres et sons<\/span><\/strong><\/td><td class=\"column-2\"><a href=\"http:\/\/la-petite-fabrique-de-grammaire.fr\/wp-content\/uploads\/2025\/09\/CM1-Liste-des-traces-ecrites-Lettres-et-sons.pdf\" target=\"_blank\">Liste traces \u00e9crites<\/a><\/td><td class=\"column-3\"><\/td>\n<\/tr>\n<tr class=\"row-3\">\n\t<td class=\"column-1\"><strong><span style=\"color: #008000;\">Lettres et mots particuliers<\/span><\/strong><\/td><td class=\"column-2\"><a href=\"http:\/\/la-petite-fabrique-de-grammaire.fr\/wp-content\/uploads\/2025\/09\/CM1-Liste-des-traces-ecrites-Lettres-et-mots-particuliers.pdf\" target=\"_blank\">Liste traces \u00e9crites<\/a><\/td><td class=\"column-3\"><\/td>\n<\/tr>\n<tr class=\"row-4\">\n\t<td class=\"column-1\"><strong><span style=\"color: #99cc00;\">Groupe du nom<\/span><\/strong><\/td><td class=\"column-2\"><a href=\"http:\/\/la-petite-fabrique-de-grammaire.fr\/wp-content\/uploads\/2025\/09\/CM1-Liste-des-traces-ecrites-Groupe-du-nom.pdf\" target=\"_blank\">Liste traces \u00e9crites<\/a><\/td><td class=\"column-3\"><\/td>\n<\/tr>\n<tr class=\"row-5\">\n\t<td class=\"column-1\"><strong><span style=\"color:#4472C4;\">Groupe du verbe<\/span><\/strong><\/td><td class=\"column-2\"><a href=\"http:\/\/la-petite-fabrique-de-grammaire.fr\/wp-content\/uploads\/2025\/09\/CM1-Liste-des-traces-ecrites-Groupe-du-verbe.pdf\" target=\"_blank\">Liste traces \u00e9crites<\/a><\/td><td class=\"column-3\"><\/td>\n<\/tr>\n<tr class=\"row-6\">\n\t<td class=\"column-1\"><strong><span style=\"color: #00ccff;\">Qui parle ? \u00c0 qui ?<\/span><\/strong><\/td><td class=\"column-2\"><a href=\"http:\/\/la-petite-fabrique-de-grammaire.fr\/wp-content\/uploads\/2026\/03\/CM1-Liste-des-traces-ecrites-Qui-parle-a-qui-.pdf\" target=\"_blank\">Liste traces \u00e9crites<\/a><\/td><td class=\"column-3\"><\/td>\n<\/tr>\n<tr class=\"row-7\">\n\t<td class=\"column-1\"><strong><span style=\"color: #993300;\">Phrase<\/span><\/strong><\/td><td class=\"column-2\"><a href=\"http:\/\/la-petite-fabrique-de-grammaire.fr\/wp-content\/uploads\/2026\/03\/CM1-Liste-des-traces-ecrites-La-phrase.pdf\" target=\"_blank\">Liste traces \u00e9crites<\/a><\/td><td class=\"column-3\"><\/td>\n<\/tr>\n<tr class=\"row-8\">\n\t<td class=\"column-1\"><strong><span style=\"color:#FF0000;\">Conjugaison<\/span><\/strong><\/td><td class=\"column-2\"><a href=\"http:\/\/la-petite-fabrique-de-grammaire.fr\/wp-content\/uploads\/2026\/01\/CM1-Liste-des-traces-ecrites-conjugaison.pdf\" target=\"_blank\">Liste traces \u00e9crites<\/a><\/td><td class=\"column-3\"><\/td>\n<\/tr>\n<tr class=\"row-9\">\n\t<td class=\"column-1\"><strong><span style=\"color:#FF40FF;\"> Distinguer les classes de mots<\/span><\/strong><\/td><td class=\"column-2\"><a href=\"http:\/\/la-petite-fabrique-de-grammaire.fr\/wp-content\/uploads\/2025\/09\/CM1-Liste-des-traces-ecrites-distinguer-les-classes-de-mots.pdf\" target=\"_blank\">Liste traces \u00e9crites<\/a><\/td><td class=\"column-3\"><\/td>\n<\/tr>\n<tr class=\"row-10\">\n\t<td class=\"column-1\"><strong><span style=\"color:#993366;\"> Segmenter<\/span><\/strong><\/td><td class=\"column-2\"><a href=\"http:\/\/la-petite-fabrique-de-grammaire.fr\/wp-content\/uploads\/2025\/09\/CM1-Liste-des-traces-ecrites-Segmenter.pdf\" target=\"_blank\">Liste traces \u00e9crites<\/a><\/td><td class=\"column-3\"><\/td>\n<\/tr>\n<\/tbody>\n<\/table>\n<!-- #tablepress-59 from cache -->\n<p>&nbsp;<\/p>\n<p>Dans le tableau qui suit, les titres des le\u00e7ons sont pr\u00e9c\u00e9d\u00e9s du num\u00e9ro d&rsquo;ordre que la le\u00e7on occupe dans la programmation propos\u00e9e.<br \/>\nIls sont en gras si la le\u00e7on parait incontournable, en maigre quand il s&rsquo;agit d&rsquo;une r\u00e9vision, de l&rsquo;approfondissement d&rsquo;une notion d\u00e9j\u00e0 travaill\u00e9e, d&rsquo;un apport non indispensable. Mais cette distinction est contestable et doit \u00eatre ajust\u00e9e selon la classe.<br \/>\nIls sont en couleurs. Ces couleurs correspondent \u00e0 diff\u00e9rentes mani\u00e8res d&rsquo;aborder la notion grammaticales.<br \/>\n<span style=\"color: #4472c4;\"><strong>En bleu<\/strong><\/span>, la le\u00e7on vise un lien entre le langage et la grammaire, entre la compr\u00e9hension et la notion grammaticale, soit qu&rsquo;elle permette de l&rsquo;introduire, soit que la notion ait \u00e9t\u00e9 d\u00e9j\u00e0 \u00e9tudi\u00e9e et que la le\u00e7on lui donne du sens.<br \/>\n<span style=\"color: #70ad47;\"><strong>En vert<\/strong><\/span>, la le\u00e7on propose d&rsquo;investiguer une notion grammaticale, par l&rsquo;observation ou des activit\u00e9s de classement, de variation&#8230;<br \/>\n<span style=\"color: #ed7d31;\"><strong>En orange<\/strong><\/span>, la le\u00e7on vise un entrainement de proc\u00e9dures, une syst\u00e9matisation, une mise en perspective&#8230;\n<table id=\"tablepress-29\" class=\"tablepress tablepress-id-29\">\n<thead>\n<tr class=\"row-1\">\n\t<td class=\"column-1\"><\/td><th class=\"column-2\"><strong>Titre de la le\u00e7on<\/strong><\/th><th class=\"column-3\"><strong>Objectif<\/strong><\/th><th class=\"column-4\"><strong>Activit\u00e9 des \u00e9l\u00e8ves<\/strong><\/th><th colspan=\"2\" class=\"column-5\"><strong>Ressources pour la classe<strong><\/th><td class=\"column-7\"><\/td><td class=\"column-8\"><\/td><td class=\"column-9\"><\/td><td class=\"column-10\"><\/td>\n<\/tr>\n<\/thead>\n<tbody class=\"row-striping row-hover\">\n<tr class=\"row-2\">\n\t<td class=\"column-1\">Classes de mots<\/td><td class=\"column-2\"><span style=\"color:#ED7D31;\"><strong>1 - La fin des mots<\/strong><\/span><\/td><td class=\"column-3\">Ambig\u00fcit\u00e9 de la fin des mots<\/td><td class=\"column-4\">Pr\u00e9dire la classe de mots \u00e0 partir de la fin du mot<\/td><td class=\"column-5\"><a href=\"http:\/\/la-petite-fabrique-de-grammaire.fr\/wp-content\/uploads\/2024\/10\/GP-CM1-1-La-fin-des-mots-V2.pdf\" rel=\"noopener\" target=\"_blank\">le\u00e7on<\/a><br \/>\n<br \/>\n<a href=\"http:\/\/la-petite-fabrique-de-grammaire.fr\/wp-content\/uploads\/2024\/10\/FP-CM1-1-La-fin-des-mots.pdf\" rel=\"noopener\" target=\"_blank\">fiche \u00e0 photocopier<\/a><\/td><td class=\"column-6\"><a href=\"http:\/\/la-petite-fabrique-de-grammaire.fr\/wp-content\/uploads\/2024\/10\/DP-CM1-1-La-fin-des-mots.pdf\" rel=\"noopener\" target=\"_blank\">Diaporama \u00e0 consulter<\/a><br \/>\n<br \/>\n<a href=\"http:\/\/la-petite-fabrique-de-grammaire.fr\/wp-content\/uploads\/2024\/10\/DP-La-fin-des-mots.pptx\">Diaporama \u00e0 t\u00e9l\u00e9charger<\/a><\/td><td class=\"column-7\"><\/td><td class=\"column-8\"><\/td><td class=\"column-9\"><\/td><td class=\"column-10\"><\/td>\n<\/tr>\n<tr class=\"row-3\">\n\t<td class=\"column-1\">Classes de mots<\/td><td class=\"column-2\"><span style=\"color:#ED7D31;\"><strong>2 - Cat\u00e9gorisons !<\/strong><\/span><\/td><td class=\"column-3\">Distinction entre noms et verbes<\/td><td class=\"column-4\">Classer les mots tir\u00e9s d'un texte<br \/>\n\u00c9crire la d\u00e9finition des noms, verbes, adjectifs et d\u00e9terminants<\/td><td class=\"column-5\"><a href=\"http:\/\/la-petite-fabrique-de-grammaire.fr\/wp-content\/uploads\/2026\/02\/GP-CM1-Categorisons-.pdf\" target=\"_blank\">le\u00e7on<\/a><br \/>\n<br \/>\n<a href=\"http:\/\/la-petite-fabrique-de-grammaire.fr\/wp-content\/uploads\/2024\/10\/FP-CM1-2-Categorisons-1.pdf\" rel=\"noopener\" target=\"_blank\">fiche \u00e0 photocopier 1<\/a><br \/>\n<br \/>\n<a href=\"http:\/\/la-petite-fabrique-de-grammaire.fr\/wp-content\/uploads\/2024\/10\/FP-CM1-2-Categorisons-2.pdf\" rel=\"noopener\" target=\"_blank\">fiche \u00e0 photocopier 2<\/a><\/td><td class=\"column-6\"><a href=\"http:\/\/la-petite-fabrique-de-grammaire.fr\/wp-content\/uploads\/2024\/10\/DP-CM1-2-Categorisons.pdf\" rel=\"noopener\" target=\"_blank\">Diaporama \u00e0 consulter<\/a><br \/>\n<br \/>\n<a href=\"http:\/\/la-petite-fabrique-de-grammaire.fr\/wp-content\/uploads\/2024\/10\/DP-CM1-2-Categorisons.pptx\">Diaporama \u00e0 t\u00e9l\u00e9charger<\/a><\/td><td class=\"column-7\"><\/td><td class=\"column-8\"><\/td><td class=\"column-9\"><\/td><td class=\"column-10\"><\/td>\n<\/tr>\n<tr class=\"row-4\">\n\t<td class=\"column-1\">Personnes grammaticales<\/td><td class=\"column-2\"><span style=\"color:#4472C4;\"><strong>3 - Attention, je mords !<\/strong><\/span><\/td><td class=\"column-3\">Interpr\u00e9tation gr\u00e2ce au contexte des pronoms des personnes 1, 2, 4 et 5<\/td><td class=\"column-4\">Interpr\u00e9ter des phrases d\u2019usage ordinaire<\/td><td class=\"column-5\"><a href=\"http:\/\/la-petite-fabrique-de-grammaire.fr\/wp-content\/uploads\/2024\/10\/GP-CM1-Attention-je-mords-fait.pdf\" rel=\"noopener\" target=\"_blank\">le\u00e7on<\/a><br \/>\n<br \/>\n<a href=\"http:\/\/la-petite-fabrique-de-grammaire.fr\/wp-content\/uploads\/2024\/10\/FP-CM1-Attention-je-mords-fait.pdf\" rel=\"noopener\" target=\"_blank\">fiche \u00e0 photocopier<\/a><\/td><td class=\"column-6\"><a href=\"http:\/\/la-petite-fabrique-de-grammaire.fr\/wp-content\/uploads\/2024\/10\/DP-CM1-3-Attention-je-mords.pdf\" rel=\"noopener\" target=\"_blank\">Diaporama \u00e0 consulter<\/a><br \/>\n<br \/>\n<a href=\"http:\/\/la-petite-fabrique-de-grammaire.fr\/wp-content\/uploads\/2024\/10\/DP-CM1-3-Attention-je-mords.pptx\">Diaporama \u00e0 t\u00e9l\u00e9charger<\/a><\/td><td class=\"column-7\"><\/td><td class=\"column-8\"><\/td><td class=\"column-9\"><\/td><td class=\"column-10\"><\/td>\n<\/tr>\n<tr class=\"row-5\">\n\t<td class=\"column-1\">\u00c9crire le son [j] entre voyelles :<br \/>\n<em>-ai \/-ay-<br \/>\n-oi \/-oy-<br \/>\n-ui \/-uy-<\/em><\/td><td class=\"column-2\"><span style=\"color:#70AD47;\"><strong>4 - Balai, balayette<\/strong><\/span><\/td><td class=\"column-3\">Notation de [j] entre voyelles<\/td><td class=\"column-4\">Apparier des mots de la m\u00eame famille<br \/>\nClasser les m\u00eames mots en mots sources et mots d\u00e9riv\u00e9s<\/td><td class=\"column-5\"><a href=\"http:\/\/la-petite-fabrique-de-grammaire.fr\/wp-content\/uploads\/2024\/10\/GP-CM1-4-Balai-balayette-revu.pdf\" rel=\"noopener\" target=\"_blank\">le\u00e7on<\/a><br \/>\n<br \/>\n<a href=\"http:\/\/la-petite-fabrique-de-grammaire.fr\/wp-content\/uploads\/2024\/10\/FP-CM1-4-Balai-balayette.pdf\" rel=\"noopener\" target=\"_blank\">fiche \u00e0 photocopier<\/a><\/td><td class=\"column-6\"><a href=\"http:\/\/la-petite-fabrique-de-grammaire.fr\/wp-content\/uploads\/2024\/10\/DP-4-Balai-balayette-revu.pdf\" rel=\"noopener\" target=\"_blank\">Diaporama \u00e0 consulter<\/a><br \/>\n<br \/>\n<a href=\"http:\/\/la-petite-fabrique-de-grammaire.fr\/wp-content\/uploads\/2024\/10\/DP-4-Balai-balayette-revu.pptx\">Diaporama \u00e0 t\u00e9l\u00e9charger<\/a><\/td><td class=\"column-7\"><\/td><td class=\"column-8\"><\/td><td class=\"column-9\"><\/td><td class=\"column-10\"><\/td>\n<\/tr>\n<tr class=\"row-6\">\n\t<td class=\"column-1\">Pr\u00e9sent<\/td><td class=\"column-2\"><span style=\"color:#70AD47;\"><strong>5 - Tu dores ?<\/strong><\/span><\/td><td class=\"column-3\">Marques de la personne en <em>-e, -es, -e<\/em> ou en <em>-s, -s, -t<\/em><\/td><td class=\"column-4\">Classer des verbes<\/td><td class=\"column-5\"><a href=\"http:\/\/la-petite-fabrique-de-grammaire.fr\/wp-content\/uploads\/2024\/10\/GP-CM1-5-Tu-dores-.pdf\" rel=\"noopener\" target=\"_blank\">le\u00e7on<\/a><br \/>\n<br \/>\n<a href=\"http:\/\/la-petite-fabrique-de-grammaire.fr\/wp-content\/uploads\/2024\/10\/FP-CM1-5-Tu-dores.pdf\" rel=\"noopener\" target=\"_blank\">fiche \u00e0 photocopier<\/a><\/td><td class=\"column-6\"><a href=\"http:\/\/la-petite-fabrique-de-grammaire.fr\/wp-content\/uploads\/2024\/10\/DP-CM1-5-Tu-dores.pdf\" rel=\"noopener\" target=\"_blank\">Diaporama \u00e0 consulter<\/a><br \/>\n<br \/>\n<a href=\"http:\/\/la-petite-fabrique-de-grammaire.fr\/wp-content\/uploads\/2024\/10\/DP-CM1-5-Tu-dores.pptx\">Diaporama \u00e0 t\u00e9l\u00e9charger<\/a><\/td><td class=\"column-7\"><\/td><td class=\"column-8\"><\/td><td class=\"column-9\"><\/td><td class=\"column-10\"><\/td>\n<\/tr>\n<tr class=\"row-7\">\n\t<td class=\"column-1\">Variation de l'adjectif<\/td><td class=\"column-2\"><span style=\"color:#70AD47;\"><strong>6 - Chat, chats <\/strong><\/span><\/td><td class=\"column-3\">Les cas o\u00f9 on accorde l'adjectif : dans le GN, en position d'attribut<br \/>\nDiversit\u00e9 des types de variation<br \/>\n<\/td><td class=\"column-4\">Compl\u00e9ter de courts textes \u00e0 trous<br \/>\nFaire varier des adjectifs<\/td><td class=\"column-5\"><a href=\"http:\/\/la-petite-fabrique-de-grammaire.fr\/wp-content\/uploads\/2024\/10\/6-GP-Chat-chats-revu.pdf\" rel=\"noopener\" target=\"_blank\">le\u00e7on<\/a><br \/>\n<br \/>\n<a href=\"http:\/\/la-petite-fabrique-de-grammaire.fr\/wp-content\/uploads\/2024\/10\/6-FP-6-Chat-chats.pdf\" rel=\"noopener\" target=\"_blank\">fiche \u00e0 photocopier<\/a><\/td><td class=\"column-6\"><a href=\"http:\/\/la-petite-fabrique-de-grammaire.fr\/wp-content\/uploads\/2024\/10\/CM1-6-DP-Chat-chats-revu.pdf\" rel=\"noopener\" target=\"_blank\">Diaporama \u00e0 consulter<\/a><br \/>\n<br \/>\n<a href=\"http:\/\/la-petite-fabrique-de-grammaire.fr\/wp-content\/uploads\/2024\/10\/CM1-6-DP-Chat-chats-1.pptx\">Diaporama \u00e0 t\u00e9l\u00e9charger<\/a><\/td><td class=\"column-7\"><\/td><td class=\"column-8\"><\/td><td class=\"column-9\"><\/td><td class=\"column-10\"><\/td>\n<\/tr>\n<tr class=\"row-8\">\n\t<td class=\"column-1\">Infinitif comme forme nominale<\/td><td class=\"column-2\"><span style=\"color:#70AD47;\"><strong>7 - Le nom des verbes<\/strong><\/span><\/td><td class=\"column-3\">Infinitif en position de compl\u00e9ment de verbe, de sujet, de compl\u00e9ment de phrase<\/td><td class=\"column-4\">\u00c9noncer des pr\u00e9f\u00e9rences\/d\u00e9gouts<br \/>\nR\u00e9\u00e9crire des phrases<\/td><td class=\"column-5\"><a href=\"http:\/\/la-petite-fabrique-de-grammaire.fr\/wp-content\/uploads\/2024\/10\/7-GP-Le-nom-des-verbes.pdf\" rel=\"noopener\" target=\"_blank\">le\u00e7on<\/a><br \/>\n<br \/>\n<a href=\"http:\/\/la-petite-fabrique-de-grammaire.fr\/wp-content\/uploads\/2024\/10\/7-FP-Le-nom-des-verbes.pdf\" rel=\"noopener\" target=\"_blank\">fiche \u00e0 photocopier<\/a><\/td><td class=\"column-6\"><a href=\"http:\/\/la-petite-fabrique-de-grammaire.fr\/wp-content\/uploads\/2024\/10\/CM1-DP-7-Le-nom-des-verbes.pdf\" rel=\"noopener\" target=\"_blank\">Diaporama \u00e0 consulter<\/a><br \/>\n<br \/>\n<a href=\"http:\/\/la-petite-fabrique-de-grammaire.fr\/wp-content\/uploads\/2024\/10\/CM1-DP-7-Le-nom-des-verbes.pptx\">Diaporama \u00e0 t\u00e9l\u00e9charger<\/a><\/td><td class=\"column-7\"><\/td><td class=\"column-8\"><\/td><td class=\"column-9\"><\/td><td class=\"column-10\"><\/td>\n<\/tr>\n<tr class=\"row-9\">\n\t<td class=\"column-1\">Distinguer conjugaison et famille de mots<\/td><td class=\"column-2\"><span style=\"color:#70AD47;\"><strong>8 - On dort au dortoir<\/strong><\/span><\/td><td class=\"column-3\">Distinguer familles de mots et conjugaison<\/td><td class=\"column-4\">Classer des mots et d\u00e9couvrir que certains sont des noms issus de quelques familles et d\u2019autres des verbes conjugu\u00e9s<\/td><td class=\"column-5\"><a href=\"http:\/\/la-petite-fabrique-de-grammaire.fr\/wp-content\/uploads\/2024\/11\/GP-CM1-On-dort-au-dortoir.pdf\" rel=\"noopener\" target=\"_blank\">le\u00e7on<\/a><br \/>\n<br \/>\n<a href=\"http:\/\/la-petite-fabrique-de-grammaire.fr\/wp-content\/uploads\/2024\/11\/FP-CM1-On-dort-au-dortoir.pdf\" rel=\"noopener\" target=\"_blank\">fiche \u00e0 photocopier<\/a><\/td><td class=\"column-6\"><a href=\"http:\/\/la-petite-fabrique-de-grammaire.fr\/wp-content\/uploads\/2024\/11\/DP-On-dort-au-dortoir.pdf\" rel=\"noopener\" target=\"_blank\">Diaporama \u00e0 consulter<\/a><br \/>\n<br \/>\n<a href=\"http:\/\/la-petite-fabrique-de-grammaire.fr\/wp-content\/uploads\/2024\/11\/DP-On-dort-au-dortoir.pptx\">Diaporama \u00e0 t\u00e9l\u00e9charger<\/a><\/td><td class=\"column-7\"><\/td><td class=\"column-8\"><\/td><td class=\"column-9\"><\/td><td class=\"column-10\"><\/td>\n<\/tr>\n<tr class=\"row-10\">\n\t<td class=\"column-1\">Homophones <em>ont<\/em> et <em>on<\/em><\/td><td class=\"column-2\"><span style=\"color:#ED7D31;\"><strong>9 - La diff\u00e9rence entre <em>on<\/em> et <em>ont<\/em><\/strong><\/span><\/td><td class=\"column-3\">Le contexte s\u00e9mantique et l'environnement syntaxique des deux mots<\/td><td class=\"column-4\">Pr\u00e9lever et classer les occurrences<\/td><td class=\"column-5\"><a href=\"http:\/\/la-petite-fabrique-de-grammaire.fr\/wp-content\/uploads\/2024\/11\/9-GP-differences-ont-on-revu.pdf\" rel=\"noopener\" target=\"_blank\">le\u00e7on<\/a><br \/>\n<br \/>\n<a href=\"http:\/\/la-petite-fabrique-de-grammaire.fr\/wp-content\/uploads\/2024\/11\/9-FP-differences-ont-on.pdf\" rel=\"noopener\" target=\"_blank\">fiche \u00e0 photocopier<\/a><\/td><td class=\"column-6\"><a href=\"http:\/\/la-petite-fabrique-de-grammaire.fr\/wp-content\/uploads\/2024\/11\/9-CM1-DP-On-ont-1.pdf\" rel=\"noopener\" target=\"_blank\">Diaporama \u00e0 consulter<\/a><br \/>\n<br \/>\n<a href=\"http:\/\/la-petite-fabrique-de-grammaire.fr\/wp-content\/uploads\/2024\/11\/9-CM1-DP-On-ont-1.pptx\">Diaporama \u00e0 t\u00e9l\u00e9charger<\/a><\/td><td class=\"column-7\"><\/td><td class=\"column-8\"><\/td><td class=\"column-9\"><\/td><td class=\"column-10\"><\/td>\n<\/tr>\n<tr class=\"row-11\">\n\t<td class=\"column-1\">verbes en <em>-ayer, -oyer, -uyer<br \/>\nvoir, croire...<\/em><\/td><td class=\"column-2\"><span style=\"color:#70AD47;\"><strong>10 - Je balaie, je nettoie puis j'essuie<\/strong><\/span><\/td><td class=\"column-3\">Le -y- en conjugaison<\/td><td class=\"column-4\">Observer et classer les conjugaisons<\/td><td class=\"column-5\"><a href=\"http:\/\/la-petite-fabrique-de-grammaire.fr\/wp-content\/uploads\/2024\/11\/10-GP-CM1-Balayer-nettoyer-essuyer.pdf\" rel=\"noopener\" target=\"_blank\">le\u00e7on<\/a><br \/>\n<br \/>\n<a href=\"http:\/\/la-petite-fabrique-de-grammaire.fr\/wp-content\/uploads\/2024\/11\/10-FP-Je-balaie-je-nettoie-puis-jessuie.pdf\" rel=\"noopener\" target=\"_blank\">fiche \u00e0 photocopier<\/a><\/td><td class=\"column-6\"><a href=\"http:\/\/la-petite-fabrique-de-grammaire.fr\/wp-content\/uploads\/2024\/11\/10-DP-Je-balaie-je-nettoie-puis-jessuie.pdf\" rel=\"noopener\" target=\"_blank\">Diaporama \u00e0 consulter<\/a><br \/>\n<br \/>\n<a href=\"http:\/\/la-petite-fabrique-de-grammaire.fr\/wp-content\/uploads\/2024\/11\/10-DP-Je-balaie-je-nettoie-puis-jessuie.pptx\">Diaporama \u00e0 t\u00e9l\u00e9charger<\/a><\/td><td class=\"column-7\"><\/td><td class=\"column-8\"><\/td><td class=\"column-9\"><\/td><td class=\"column-10\"><\/td>\n<\/tr>\n<tr class=\"row-12\">\n\t<td class=\"column-1\">D\u00e9terminants ind\u00e9finis et d\u00e9finis <\/td><td class=\"column-2\"><span style=\"color:#4472C4;\">11 - <em>Il y avait une fois...<\/em><\/span><\/td><td class=\"column-3\">La suite d\u00e9terminant ind\u00e9fini -> d\u00e9terminant d\u00e9fini<\/td><td class=\"column-4\">Analyser l'erreur d'un \u00e9l\u00e8ve de CE1<\/td><td class=\"column-5\"><a href=\"http:\/\/la-petite-fabrique-de-grammaire.fr\/wp-content\/uploads\/2024\/11\/11-GP-Situation-Il-y-avait-une-fois-le-lapin.pdf\" rel=\"noopener\" target=\"_blank\">le\u00e7on<\/a><br \/>\n<br \/>\n<a href=\"http:\/\/la-petite-fabrique-de-grammaire.fr\/wp-content\/uploads\/2024\/11\/11-FP-Il-y-avait-une-fois.pdf\" rel=\"noopener\" target=\"_blank\">fiche \u00e0 photocopier<\/a><\/td><td class=\"column-6\"><a href=\"http:\/\/la-petite-fabrique-de-grammaire.fr\/wp-content\/uploads\/2024\/11\/11-DP-Il-y-avait-une-fois.pdf\" rel=\"noopener\" target=\"_blank\">Diaporama \u00e0 consulter<\/a><br \/>\n<br \/>\n<a href=\"http:\/\/la-petite-fabrique-de-grammaire.fr\/wp-content\/uploads\/2024\/11\/11-DP-Il-y-avait-une-fois.pptx\">Diaporama \u00e0 t\u00e9l\u00e9charger<\/a><\/td><td class=\"column-7\"><\/td><td class=\"column-8\"><\/td><td class=\"column-9\"><\/td><td class=\"column-10\"><\/td>\n<\/tr>\n<tr class=\"row-13\">\n\t<td class=\"column-1\">Infinitif<\/td><td class=\"column-2\"><span style=\"color:#4472C4;\">12 - Histoire en peu de mots<\/span><\/td><td class=\"column-3\">Caract\u00e8re impersonnel de l'infintif<\/td><td class=\"column-4\">Interpr\u00e9ter un r\u00e9cit r\u00e9dig\u00e9 \u00e0 l'infinitif<\/td><td class=\"column-5\"><a href=\"http:\/\/la-petite-fabrique-de-grammaire.fr\/wp-content\/uploads\/2024\/12\/12-CM1-GP-Histoire-en-peu-de-mots-CM1.pdf\" rel=\"noopener\" target=\"_blank\">le\u00e7on<\/a><br \/>\n<br \/>\n<a href=\"http:\/\/la-petite-fabrique-de-grammaire.fr\/wp-content\/uploads\/2024\/12\/12-FP-Histoire-en-peu-de-mots.pdf\" rel=\"noopener\" target=\"_blank\">fiche \u00e0 photocopier<\/a><\/td><td class=\"column-6\"><a href=\"http:\/\/la-petite-fabrique-de-grammaire.fr\/wp-content\/uploads\/2024\/12\/12-DP-Histoire-en-peu-de-mots.pdf\" rel=\"noopener\" target=\"_blank\">Diaporama \u00e0 consulter<\/a><br \/>\n<br \/>\n<a href=\"http:\/\/la-petite-fabrique-de-grammaire.fr\/wp-content\/uploads\/2024\/12\/12-DP-Histoire-en-peu-de-mots.pptx\">Diaporama \u00e0 t\u00e9l\u00e9charger<\/a><\/td><td class=\"column-7\"><\/td><td class=\"column-8\"><\/td><td class=\"column-9\"><\/td><td class=\"column-10\"><\/td>\n<\/tr>\n<tr class=\"row-14\">\n\t<td class=\"column-1\">Les diff\u00e9rentes classes grammaticales des sujets<\/td><td class=\"column-2\"><span style=\"color:#70AD47;\"><strong>13 - \u00c0 quoi ressemble le sujet grammatical ?<\/strong><\/span><\/span><\/td><td class=\"column-3\">Explorer la diversit\u00e9 des \u00e9l\u00e9ments qui peuvent occuper la position de sujet<\/td><td class=\"column-4\">Tester un ensemble de propositions pour la position de sujet<\/td><td class=\"column-5\"><a href=\"http:\/\/la-petite-fabrique-de-grammaire.fr\/wp-content\/uploads\/2024\/12\/GP-CM1-A-quoi-ressemble-le-sujet.pdf\" rel=\"noopener\" target=\"_blank\">le\u00e7on<\/a><br \/>\n<br \/>\n<a href=\"http:\/\/la-petite-fabrique-de-grammaire.fr\/wp-content\/uploads\/2024\/12\/13-FP-CM1-a-quoi-ressemble-le-sujet.pdf\" rel=\"noopener\" target=\"_blank\">fiche \u00e0 photocopier<\/a><\/td><td class=\"column-6\"><a href=\"http:\/\/la-petite-fabrique-de-grammaire.fr\/wp-content\/uploads\/2024\/12\/A-quoi-ressemble-le-sujet-DP.pdf\" rel=\"noopener\" target=\"_blank\">Diaporama \u00e0 consulter<\/a><br \/>\n<br \/>\n<a href=\"http:\/\/la-petite-fabrique-de-grammaire.fr\/wp-content\/uploads\/2024\/12\/A-quoi-ressemble-le-sujet-DP.pptx\">Diaporama \u00e0 t\u00e9l\u00e9charger<\/a><\/td><td class=\"column-7\"><\/td><td class=\"column-8\"><\/td><td class=\"column-9\"><\/td><td class=\"column-10\"><\/td>\n<\/tr>\n<tr class=\"row-15\">\n\t<td class=\"column-1\">Pronom et possessif anaphoriques<\/td><td class=\"column-2\"><span style=\"color:#4472C4;\"><strong>14 - Ratinos et compagnie<\/strong><\/span><\/td><td class=\"column-3\">Comprendre le jeu des pronoms et des possessifs anaphoriques au niveau des phrases, des relations entre les phrases, des paragraphes<\/td><td class=\"column-4\">Segmenter en phrases et supprimer des r\u00e9p\u00e9titions en cherchant des substituts.<\/td><td class=\"column-5\"><a href=\"http:\/\/la-petite-fabrique-de-grammaire.fr\/wp-content\/uploads\/2026\/02\/14-GP-CM1-Ratinos-et-Cietransform-fait-revu.pdf\" target=\"_blank\">le\u00e7on<\/a><br \/>\n<br \/>\n<a href=\"http:\/\/la-petite-fabrique-de-grammaire.fr\/wp-content\/uploads\/2026\/02\/14-FP-CM1-Ratinos-et-compagnie.pdf\" target=\"_blank\">fiche \u00e0 photocopier<\/a><\/td><td class=\"column-6\"><a href=\"http:\/\/la-petite-fabrique-de-grammaire.fr\/wp-content\/uploads\/2026\/02\/14-DP-CM1-Ratinos-et-compagnie-revu.pdf\" target=\"_blank\">Diaporama \u00e0 consulter<\/a><br \/>\n<br \/>\n<a href=\"http:\/\/la-petite-fabrique-de-grammaire.fr\/wp-content\/uploads\/2026\/02\/14-DP-CM1-Ratinos-et-compagnie-revu.pptx\">Diaporama \u00e0 t\u00e9l\u00e9charger<\/a><\/td><td class=\"column-7\"><\/td><td class=\"column-8\"><\/td><td class=\"column-9\"><\/td><td class=\"column-10\"><\/td>\n<\/tr>\n<tr class=\"row-16\">\n\t<td class=\"column-1\">Rencontre entre voyelles<\/td><td class=\"column-2\"><span style=\"color:#70AD47;\"><strong>15 - Mon ami, cet \u00e9trange voisin<\/strong><\/span><\/td><td class=\"column-3\">Consonne intercalaire pour \u00e9viter la rencontre entre 2 voyelles<\/td><td class=\"column-4\">Faire varier puis classer des groupes du nom<\/td><td class=\"column-5\"><a href=\"http:\/\/la-petite-fabrique-de-grammaire.fr\/wp-content\/uploads\/2026\/02\/15-GP-Mon-ami-cet-etrange-voisin.pdf\" target=\"_blank\">le\u00e7on<\/a><br \/>\n<br \/>\n<a href=\"http:\/\/la-petite-fabrique-de-grammaire.fr\/wp-content\/uploads\/2024\/12\/15-FP-Mon-ami-cet-etrange-voisin.pdf\" rel=\"noopener\" target=\"_blank\">fiche \u00e0 photocopier<\/a><\/td><td class=\"column-6\"><a href=\"http:\/\/la-petite-fabrique-de-grammaire.fr\/wp-content\/uploads\/2024\/12\/15-DP-Mon-ami-cet-etrange-voisin.pdf\" rel=\"noopener\" target=\"_blank\">Diaporama \u00e0 consulter<\/a><br \/>\n<br \/>\n<a href=\"http:\/\/la-petite-fabrique-de-grammaire.fr\/wp-content\/uploads\/2024\/12\/15-DP-Mon-ami-cet-etrange-voisin.pptx\">Diaporama \u00e0 t\u00e9l\u00e9charger<\/a><\/td><td class=\"column-7\"><\/td><td class=\"column-8\"><\/td><td class=\"column-9\"><\/td><td class=\"column-10\"><\/td>\n<\/tr>\n<tr class=\"row-17\">\n\t<td class=\"column-1\">L'imparfait<\/td><td class=\"column-2\"><span style=\"color:#70AD47;\"><strong>16 -  L\u2019imparfait<\/strong><\/span><\/td><td class=\"column-3\">Le <em>-i-<\/em> marque de l'imparfait m\u00eame si on ne l'entend pas<\/td><td class=\"column-4\">Compl\u00e9ter des conjugaisons<\/td><td class=\"column-5\"><a href=\"http:\/\/la-petite-fabrique-de-grammaire.fr\/wp-content\/uploads\/2024\/12\/16-GP-Limparfait.pdf\" rel=\"noopener\" target=\"_blank\">le\u00e7on<\/a><br \/>\n<br \/>\n<a href=\"http:\/\/la-petite-fabrique-de-grammaire.fr\/wp-content\/uploads\/2024\/12\/16-FP-1.pdf\" rel=\"noopener\" target=\"_blank\">fiche \u00e0 photocopier 1<\/a><br \/>\n<br \/>\n<a href=\"http:\/\/la-petite-fabrique-de-grammaire.fr\/wp-content\/uploads\/2024\/12\/16-FP-2-Limparfait.pdf\" rel=\"noopener\" target=\"_blank\">fiche \u00e0 photocopier 2<\/a><\/td><td class=\"column-6\"><a href=\"http:\/\/la-petite-fabrique-de-grammaire.fr\/wp-content\/uploads\/2024\/12\/16-CM1-DP-Limparfait.pdf\" rel=\"noopener\" target=\"_blank\">Diaporama \u00e0 consulter<\/a><br \/>\n<br \/>\n<a href=\"http:\/\/la-petite-fabrique-de-grammaire.fr\/wp-content\/uploads\/2024\/12\/16-CM1-DP-Limparfait.pptx\">Diaporama \u00e0 t\u00e9l\u00e9charger<\/a><\/td><td class=\"column-7\"><\/td><td class=\"column-8\"><\/td><td class=\"column-9\"><\/td><td class=\"column-10\"><\/td>\n<\/tr>\n<tr class=\"row-18\">\n\t<td class=\"column-1\">Sens des expansions du groupe du nom<\/td><td class=\"column-2\"><span style=\"color:#4472C4;\"><strong>17 - Lequel est-ce ?<\/strong><\/span><\/td><td class=\"column-3\">Identifier la valeur d\u00e9terminative des expansion du GN<\/td><td class=\"column-4\">Faire deviner un objet pr\u00e9cis dans une collection<\/td><td class=\"column-5\"><a href=\"http:\/\/la-petite-fabrique-de-grammaire.fr\/wp-content\/uploads\/2025\/01\/17-GP-CM1-Lequel-est-ce.pdf\" target=\"_blank\">le\u00e7on<\/a><br \/>\n<br \/>\n<a href=\"http:\/\/la-petite-fabrique-de-grammaire.fr\/wp-content\/uploads\/2025\/01\/17-FP-CM1-Lequel-est-ce-.pdf\" target=\"_blank\">fiche \u00e0 photocopier<\/a><\/td><td class=\"column-6\"><a href=\"http:\/\/la-petite-fabrique-de-grammaire.fr\/wp-content\/uploads\/2025\/01\/17-Lequel-est-ce-DP.pdf\" target=\"_blank\">Diaporama \u00e0 consulter<\/a><br \/>\n<br \/>\n<a href=\"http:\/\/la-petite-fabrique-de-grammaire.fr\/wp-content\/uploads\/2025\/01\/17-Lequel-est-ce-DP.pptx\">Diaporama \u00e0 t\u00e9l\u00e9charger<\/a><\/td><td class=\"column-7\"><\/td><td class=\"column-8\"><\/td><td class=\"column-9\"><\/td><td class=\"column-10\"><\/td>\n<\/tr>\n<tr class=\"row-19\">\n\t<td class=\"column-1\">Sens des expansions du groupe du nom<\/td><td class=\"column-2\"><span style=\"color:#4472C4;\"><strong>18 - Qui n\u2019aime pas les chats ?<\/strong><\/span><\/td><td class=\"column-3\">Identifier la valeur qualificative des expansion du GN et leur caract\u00e8re supprimable<\/td><td class=\"column-4\">Comparer de courts textes \u00e0 valeur affective.<\/td><td class=\"column-5\"><a href=\"http:\/\/la-petite-fabrique-de-grammaire.fr\/wp-content\/uploads\/2025\/01\/18-GP-CM1-Qui-n-aime-pas-les-chats-fait.pdf\" target=\"_blank\">le\u00e7on<\/a><br \/>\n<br \/>\n<a href=\"http:\/\/la-petite-fabrique-de-grammaire.fr\/wp-content\/uploads\/2025\/01\/18-FP-CM1-Qui-n-aime-pas-les-chats-fait.pdf\" target=\"_blank\">fiche \u00e0 photocopier<\/a><\/td><td class=\"column-6\"><a href=\"http:\/\/la-petite-fabrique-de-grammaire.fr\/wp-content\/uploads\/2025\/01\/18-DP-CM1-Qui-naime-pas-les-chats.pdf\" target=\"_blank\">Diaporama \u00e0 consulter<\/a><br \/>\n<br \/>\n<a href=\"http:\/\/la-petite-fabrique-de-grammaire.fr\/wp-content\/uploads\/2025\/01\/18-DP-CM1-Qui-naime-pas-les-chats.pptx\">Diaporama \u00e0 t\u00e9l\u00e9charger<\/a><\/td><td class=\"column-7\"><\/td><td class=\"column-8\"><\/td><td class=\"column-9\"><\/td><td class=\"column-10\"><\/td>\n<\/tr>\n<tr class=\"row-20\">\n\t<td class=\"column-1\">formes des expansions du groupe du nom<\/td><td class=\"column-2\"><span style=\"color:#70AD47;\"><strong>19 - Les trois types d\u2019ajouts dans le groupe du nom<\/strong><\/span><\/td><td class=\"column-3\">Construire la notion d\u2019expansion du groupe nominal, identifier l\u2019\u00e9pith\u00e8te, le compl\u00e9ment du nom et approcher la subordonn\u00e9e relative<\/td><td class=\"column-4\">Classer les expansions selon leur nombre de mots et selon la pr\u00e9sence ou l\u2019absence d\u2019un verbe \u00e0 un mode<\/td><td class=\"column-5\"><a href=\"http:\/\/la-petite-fabrique-de-grammaire.fr\/wp-content\/uploads\/2025\/06\/19-CM1-GP-3-types-dajouts-dans-le-GN-revu-fait.pdf\" target=\"_blank\">le\u00e7on<\/a><br \/>\n<br \/>\n<a href=\"http:\/\/la-petite-fabrique-de-grammaire.fr\/wp-content\/uploads\/2025\/06\/19-CM1-FP-3-types-dajouts-dans-le-GN.pdf\" target=\"_blank\">fiche \u00e0 photocopier<\/a><\/td><td class=\"column-6\"><a href=\"http:\/\/la-petite-fabrique-de-grammaire.fr\/wp-content\/uploads\/2025\/06\/19-CM1-DP-3-types-dajouts-dans-le-GN.pdf\" target=\"_blank\">Diaporama \u00e0 consulter<\/a><br \/>\n<br \/>\n<a href=\"http:\/\/la-petite-fabrique-de-grammaire.fr\/wp-content\/uploads\/2025\/06\/19-CM1-DP-3-types-dajouts-dans-le-GN.pptx\">Diaporama \u00e0 t\u00e9l\u00e9charger<\/a><\/td><td class=\"column-7\"><\/td><td class=\"column-8\"><\/td><td class=\"column-9\"><\/td><td class=\"column-10\"><\/td>\n<\/tr>\n<tr class=\"row-21\">\n\t<td class=\"column-1\">Nominalisation<\/td><td class=\"column-2\"><span style=\"color:#4472C4;\"><strong>20 - Chasse aux titres<\/strong><\/span><\/td><td class=\"column-3\">Les informations apport\u00e9es par la verbalisation<\/td><td class=\"column-4\">Transformer des titres pour les nominaliser et inversement<\/td><td class=\"column-5\"><a href=\"http:\/\/la-petite-fabrique-de-grammaire.fr\/wp-content\/uploads\/2026\/02\/20-GP-Situation-Chasse-aux-titres.pdf\" target=\"_blank\">le\u00e7on<\/a><br \/>\n<br \/>\n<a href=\"http:\/\/la-petite-fabrique-de-grammaire.fr\/wp-content\/uploads\/2026\/02\/20-FP-Chasse-aux-titres.pdf\" target=\"_blank\">fiche \u00e0 photocopier<\/a><\/td><td class=\"column-6\"><a href=\"http:\/\/la-petite-fabrique-de-grammaire.fr\/wp-content\/uploads\/2026\/02\/20-DP-Chasse-aux-titres.pdf\" target=\"_blank\">Diaporama \u00e0 consulter<\/a><br \/>\n<br \/>\n<a href=\"http:\/\/la-petite-fabrique-de-grammaire.fr\/wp-content\/uploads\/2026\/02\/20-DP-Chasse-aux-titres.pptx\">Diaporama \u00e0 t\u00e9l\u00e9charger<\/a><\/td><td class=\"column-7\"><\/td><td class=\"column-8\"><\/td><td class=\"column-9\"><\/td><td class=\"column-10\"><\/td>\n<\/tr>\n<tr class=\"row-22\">\n\t<td class=\"column-1\">Marquer le nombre<\/td><td class=\"column-2\"><span style=\"color:#70AD47;\"><strong>21 - La bonne mesure<\/strong><\/span><\/td><td class=\"column-3\">D\u00e9termination du nombre dans des cas complexes (syntaxe de leur, noms collectifs, plurale tantum...)<\/td><td class=\"column-4\">Identifier des indicateurs de pluralit\u00e9 et pr\u00e9dire l'orthographe de noms.<\/td><td class=\"column-5\"><a href=\"http:\/\/la-petite-fabrique-de-grammaire.fr\/wp-content\/uploads\/2025\/01\/21-GP-La-bonne-mesure-.pdf\" target=\"_blank\">le\u00e7on<\/a><br \/>\n<br \/>\n<a href=\"http:\/\/la-petite-fabrique-de-grammaire.fr\/wp-content\/uploads\/2025\/01\/21-FP-La-bonne-mesure.pdf\" target=\"_blank\">fiche \u00e0 photocopier<\/a><\/td><td class=\"column-6\"><a href=\"http:\/\/la-petite-fabrique-de-grammaire.fr\/wp-content\/uploads\/2025\/01\/21-DP-La-bonne-mesure.pdf\" target=\"_blank\">Diaporama \u00e0 consulter<\/a><br \/>\n<br \/>\n<a href=\"http:\/\/la-petite-fabrique-de-grammaire.fr\/wp-content\/uploads\/2025\/01\/21-DP-La-bonne-mesure.pptx\">Diaporama \u00e0 t\u00e9l\u00e9charger<\/a><\/td><td class=\"column-7\"><\/td><td class=\"column-8\"><\/td><td class=\"column-9\"><\/td><td class=\"column-10\"><\/td>\n<\/tr>\n<tr class=\"row-23\">\n\t<td class=\"column-1\">Homophones : <em>ces<\/em> et <em>ses<\/em><\/td><td class=\"column-2\"><span style=\"color:#ED7D31;\"><strong>22 - La diff\u00e9rence entre <em>ces<\/em> et <em>ses<\/em><\/strong><\/span><\/td><td class=\"column-3\">Environnement s\u00e9mantique des deux termes : diff\u00e9rence entre possessif et d\u00e9monstratif<\/td><td class=\"column-4\">Caract\u00e9riser les cas d'emploi<\/td><td class=\"column-5\"><a href=\"http:\/\/la-petite-fabrique-de-grammaire.fr\/wp-content\/uploads\/2025\/02\/22-GP-difference-Ces-ses.pdf\" target=\"_blank\">le\u00e7on<\/a><br \/>\n<br \/>\n<a href=\"http:\/\/la-petite-fabrique-de-grammaire.fr\/wp-content\/uploads\/2025\/02\/22-FP-Differences-ses-ces.pdf\" target=\"_blank\">fiche \u00e0 photocopier<\/a><\/td><td class=\"column-6\"><a href=\"http:\/\/la-petite-fabrique-de-grammaire.fr\/wp-content\/uploads\/2025\/02\/22-CM1-DP-Difference-ces-ses.pdf\" target=\"_blank\">Diaporama \u00e0 consulter<\/a><br \/>\n<br \/>\n<a href=\"http:\/\/la-petite-fabrique-de-grammaire.fr\/wp-content\/uploads\/2025\/02\/22-CM1-DP-Difference-ces-ses.pptx\">Diaporama \u00e0 t\u00e9l\u00e9charger<\/a><\/td><td class=\"column-7\"><\/td><td class=\"column-8\"><\/td><td class=\"column-9\"><\/td><td class=\"column-10\"><\/td>\n<\/tr>\n<tr class=\"row-24\">\n\t<td class=\"column-1\">Objet et attribut du sujet<\/td><td class=\"column-2\"><span style=\"color:#70AD47;\"><strong>23 - Yanis est-il une truffe ?<\/strong><\/span><\/td><td class=\"column-3\">Distinction entre le COD et l\u2019attribut<br \/>\nAccord de l'attribut avec le sujet<\/td><td class=\"column-4\">\u00c9tablir par le dessin la cor\u00e9f\u00e9rence sujet \/ attribut (dessins = des portraits) ou son absence (dessins = des sc\u00e8nes)<br \/>\nFaire varier des phrases pour identifier l'accord.<\/td><td class=\"column-5\"><a href=\"http:\/\/la-petite-fabrique-de-grammaire.fr\/wp-content\/uploads\/2025\/02\/23-GP-CM1-Yanis-est-il-une-truffe-attribut-fait.pdf\" target=\"_blank\">le\u00e7on<\/a><br \/>\n<br \/>\n<a href=\"http:\/\/la-petite-fabrique-de-grammaire.fr\/wp-content\/uploads\/2025\/02\/23-FP-CM1-Yanis-est-il-une-truffe-fait.pdf\" target=\"_blank\">fiche \u00e0 photocopier<\/a><\/td><td class=\"column-6\"><a href=\"http:\/\/la-petite-fabrique-de-grammaire.fr\/wp-content\/uploads\/2025\/02\/Yanis-est-il-une-truffe-DP.pdf\" target=\"_blank\">Diaporama \u00e0 consulter<\/a><br \/>\n<br \/>\n<a href=\"http:\/\/la-petite-fabrique-de-grammaire.fr\/wp-content\/uploads\/2025\/02\/Yanis-est-il-une-truffe-DP.pptx\">Diaporama \u00e0 t\u00e9l\u00e9charger<\/a><\/td><td class=\"column-7\"><\/td><td class=\"column-8\"><\/td><td class=\"column-9\"><\/td><td class=\"column-10\"><\/td>\n<\/tr>\n<tr class=\"row-25\">\n\t<td class=\"column-1\">L'accent circonflexe<\/td><td class=\"column-2\"><span style=\"color:#70AD47;\"><strong>24 - For\u00eat \/ forestier<\/strong><\/span><\/td><td class=\"column-3\">R\u00f4les et emplois de l'accent circonflexe<\/td><td class=\"column-4\">Classer \/ Apparier des mots<\/td><td class=\"column-5\"><a href=\"http:\/\/la-petite-fabrique-de-grammaire.fr\/wp-content\/uploads\/2025\/02\/24-GP-CM-Foret-forestier-accent-circonflexe.pdf\" target=\"_blank\">le\u00e7on<\/a><br \/>\n<br \/>\n<a href=\"http:\/\/la-petite-fabrique-de-grammaire.fr\/wp-content\/uploads\/2025\/02\/24-FP-CM1-Foret-forestier.pdf\">fiche \u00e0 photocopier<\/a><\/td><td class=\"column-6\"><a href=\"http:\/\/la-petite-fabrique-de-grammaire.fr\/wp-content\/uploads\/2025\/02\/24-DP-CM1-Foret-forestier.pdf\" target=\"_blank\">Diaporama \u00e0 consulter<\/a><br \/>\n<br \/>\n<a href=\"http:\/\/la-petite-fabrique-de-grammaire.fr\/wp-content\/uploads\/2025\/02\/24-DP-CM1-Foret-forestier.pptx\">Diaporama \u00e0 t\u00e9l\u00e9charger<\/a><\/td><td class=\"column-7\"><\/td><td class=\"column-8\"><\/td><td class=\"column-9\"><\/td><td class=\"column-10\"><\/td>\n<\/tr>\n<tr class=\"row-26\">\n\t<td class=\"column-1\">Le pr\u00e9sent<\/td><td class=\"column-2\"><span style=\"color:#ED7D31;\"><strong>25 - R\u00e9gularit\u00e9s du pr\u00e9sent<\/strong><\/span><\/td><td class=\"column-3\">Caract\u00e9ristiques r\u00e9guli\u00e8res (marques, disparition de consonne) du pr\u00e9sent<\/td><td class=\"column-4\">Apparier des conjugaisons<\/td><td class=\"column-5\"><a href=\"http:\/\/la-petite-fabrique-de-grammaire.fr\/wp-content\/uploads\/2025\/02\/25-GP-regularites-du-present-.pdf\" target=\"_blank\">le\u00e7on<\/a><br \/>\n<br \/>\n<a href=\"http:\/\/la-petite-fabrique-de-grammaire.fr\/wp-content\/uploads\/2025\/02\/25-FP-CM1-Groupement-1.pdf\" target=\"_blank\">fiche \u00e0 photocopier<\/a><\/td><td class=\"column-6\"><a href=\"http:\/\/la-petite-fabrique-de-grammaire.fr\/wp-content\/uploads\/2025\/02\/25-DP-Regularites-du-present.pdf\" target=\"_blank\">Diaporama \u00e0 consulter<\/a><br \/>\n<br \/>\n<a href=\"http:\/\/la-petite-fabrique-de-grammaire.fr\/wp-content\/uploads\/2025\/02\/25-DP-Regularites-du-present.pptx\">Diaporama \u00e0 t\u00e9l\u00e9charger<\/a><\/td><td class=\"column-7\"><\/td><td class=\"column-8\"><\/td><td class=\"column-9\"><\/td><td class=\"column-10\"><\/td>\n<\/tr>\n<tr class=\"row-27\">\n\t<td class=\"column-1\">Verbes irr\u00e9guliers<\/td><td class=\"column-2\"><span style=\"color:#70AD47;\"><strong>26 - Groupements<\/strong><\/span><\/td><td class=\"column-3\">Similarit\u00e9s dans les conjugaisons irr\u00e9guli\u00e8res<\/td><td class=\"column-4\">Compl\u00e9ter et classer des conjugaisons<\/td><td class=\"column-5\"><a href=\"http:\/\/la-petite-fabrique-de-grammaire.fr\/wp-content\/uploads\/2025\/02\/26-GP-Groupement.pdf\" target=\"_blank\">le\u00e7on<\/a><br \/>\n<br \/>\n<a href=\"http:\/\/la-petite-fabrique-de-grammaire.fr\/wp-content\/uploads\/2025\/02\/26-FP-Groupement.pdf\" target=\"_blank\">fiche \u00e0 photocopier<\/a><\/td><td class=\"column-6\"><a href=\"http:\/\/la-petite-fabrique-de-grammaire.fr\/wp-content\/uploads\/2025\/02\/26-DP-Groupement-de-verbes.pdf\" target=\"_blank\">Diaporama \u00e0 consulter<\/a><br \/>\n<br \/>\n<a href=\"http:\/\/la-petite-fabrique-de-grammaire.fr\/wp-content\/uploads\/2025\/02\/26-DP-Groupement-de-verbes.pptx\">Diaporama \u00e0 t\u00e9l\u00e9charger<\/a><\/td><td class=\"column-7\"><\/td><td class=\"column-8\"><\/td><td class=\"column-9\"><\/td><td class=\"column-10\"><\/td>\n<\/tr>\n<tr class=\"row-28\">\n\t<td class=\"column-1\">Maintien de la consonne <em>-d-<\/em> (ou <em>-t-<\/em>)<\/td><td class=\"column-2\"><span style=\"color:#70AD47;\"><strong>27 - Je mets mon chapeau et je descends<\/strong><\/span><\/td><td class=\"column-3\">Verbes en <em>-d-re<\/em> et des verbes <em>mettre<\/em> et <em>battre<\/em><\/td><td class=\"column-4\">Comparer les conjugaisons et identifier l'irr\u00e9gularit\u00e9 <\/td><td class=\"column-5\"><a href=\"http:\/\/la-petite-fabrique-de-grammaire.fr\/wp-content\/uploads\/2025\/02\/27-CM1-GP-Situation-Je-mets-mon-chapeau-et-je-descends.pdf\" target=\"_blank\">le\u00e7on<\/a><br \/>\n<br \/>\n<a href=\"http:\/\/la-petite-fabrique-de-grammaire.fr\/wp-content\/uploads\/2025\/02\/27-FP-Je-mets-mon-chapeau-et-je-descends-1.pdf\" target=\"_blank\">fiche \u00e0 photocopier 1<\/a><br \/>\n<br \/>\n<a href=\"http:\/\/la-petite-fabrique-de-grammaire.fr\/wp-content\/uploads\/2025\/02\/27-FP-Je-mets-mon-chapeau-et-je-descends-2.pdf\">fiche \u00e0 photocopier 2<\/a><\/td><td class=\"column-6\"><a href=\"http:\/\/la-petite-fabrique-de-grammaire.fr\/wp-content\/uploads\/2025\/03\/29-DP-Demenagement-et-bouleversement.pdf\" target=\"_blank\">Diaporama \u00e0 consulter<\/a><br \/>\n<br \/>\n<a href=\"http:\/\/la-petite-fabrique-de-grammaire.fr\/wp-content\/uploads\/2025\/02\/27-CM1-DP-Je-mets-mon-chapeau-et-je-descends.pptx\">Diaporama \u00e0 t\u00e9l\u00e9charger<\/a><\/td><td class=\"column-7\"><\/td><td class=\"column-8\"><\/td><td class=\"column-9\"><\/td><td class=\"column-10\"><\/td>\n<\/tr>\n<tr class=\"row-29\">\n\t<td class=\"column-1\">Compl\u00e9ment du nom<\/td><td class=\"column-2\"><span style=\"color:#70AD47;\"><strong>28 - La lecture du soir<\/strong><\/span><\/td><td class=\"column-3\">Inclusion du compl\u00e9ment du nom dans un GN pour l'\u00e9tendre<\/td><td class=\"column-4\">Produire puis analyser des GN \u00e9tendus par des compl\u00e9ments du nom<\/td><td class=\"column-5\"><a href=\"http:\/\/la-petite-fabrique-de-grammaire.fr\/wp-content\/uploads\/2025\/05\/28-GP-La-lecture-du-soir-.pdf\" target=\"_blank\">le\u00e7on<\/a><br \/>\n<br \/>\n<a href=\"http:\/\/la-petite-fabrique-de-grammaire.fr\/wp-content\/uploads\/2025\/05\/28-FP-La-lecture-du-soir.pdf\" target=\"_blank\">fiche \u00e0 photocopier<\/a><\/td><td class=\"column-6\"><a href=\"http:\/\/la-petite-fabrique-de-grammaire.fr\/wp-content\/uploads\/2025\/05\/28-DP-La-lecture-du-soir.pdf\" target=\"_blank\">Diaporama \u00e0 consulter<\/a><br \/>\n<br \/>\n<a href=\"http:\/\/la-petite-fabrique-de-grammaire.fr\/wp-content\/uploads\/2025\/05\/28-DP-La-lecture-du-soir.pptx\">Diaporama \u00e0 t\u00e9l\u00e9charger<\/a><\/td><td class=\"column-7\"><\/td><td class=\"column-8\"><\/td><td class=\"column-9\"><\/td><td class=\"column-10\"><\/td>\n<\/tr>\n<tr class=\"row-30\">\n\t<td class=\"column-1\">Nominalisation<\/td><td class=\"column-2\"><span style=\"color:#70AD47;\"><strong>29 - D\u00e9m\u00e9nagement et bouleversement ! <\/strong><\/span><\/td><td class=\"column-3\">Les suffixes qui permettent de nominaliser<\/td><td class=\"column-4\">D\u00e9river des noms depuis des verbes ; retrouver des verbes \u00e0 partir de noms d\u00e9riv\u00e9s<\/td><td class=\"column-5\"><a href=\"http:\/\/la-petite-fabrique-de-grammaire.fr\/wp-content\/uploads\/2025\/03\/29-GP-Demenagement-et-bouleversement-.pdf\"target=\"_blank\">le\u00e7on<\/a><br \/>\n<br \/>\n<a href=\"http:\/\/la-petite-fabrique-de-grammaire.fr\/wp-content\/uploads\/2025\/03\/29-FP-1-Demenagement-et-bouleversement.pdf\"target=\"_blank\">fiche \u00e0 photocopier 1<\/a><br \/>\n<br \/>\n<a href=\"http:\/\/la-petite-fabrique-de-grammaire.fr\/wp-content\/uploads\/2025\/03\/29-FP-2-Demenagement-et-bouleversement.pdf\"target=\"_blank\">fiche \u00e0 photocopier 2<\/a><br \/>\n<\/td><td class=\"column-6\"><a href=\"http:\/\/la-petite-fabrique-de-grammaire.fr\/wp-content\/uploads\/2025\/03\/29-DP-Demenagement-et-bouleversement.pdf\" target=\"_blank\">Diaporama \u00e0 consulter<\/a><br \/>\n<br \/>\n<a href=\"http:\/\/la-petite-fabrique-de-grammaire.fr\/wp-content\/uploads\/2025\/03\/29-DP-Demenagement-et-bouleversement.pptx\">Diaporama \u00e0 t\u00e9l\u00e9charger<\/a><\/td><td class=\"column-7\"><\/td><td class=\"column-8\"><\/td><td class=\"column-9\"><\/td><td class=\"column-10\"><\/td>\n<\/tr>\n<tr class=\"row-31\">\n\t<td class=\"column-1\">Les temps ant\u00e9rieurs (plus-que-parfait, futur ant\u00e9rieur)<\/td><td class=\"column-2\"><span style=\"color:#70AD47;\"><strong>30 - Les verbes en deux morceaux<\/strong><\/span><\/span><\/td><td class=\"column-3\">Comprendre les valeurs d\u2019ant\u00e9riorit\u00e9 des formes compos\u00e9es<\/td><td class=\"column-4\">Placer sur la ligne du temps, puis observer, des \u00e9tiquettes en fonction de phrases donn\u00e9es.<\/td><td class=\"column-5\"><a href=\"http:\/\/la-petite-fabrique-de-grammaire.fr\/wp-content\/uploads\/2025\/06\/GP-CM1-Les-verbes-en-deux-morceaux.pdf\" target=\"_blank\">le\u00e7on<\/a><br \/>\n<br \/>\n<a href=\"http:\/\/la-petite-fabrique-de-grammaire.fr\/wp-content\/uploads\/2025\/05\/FP1-CM1-Les-verbes-en-deux-morceaux.pdf\" target=\"_blank\">fiche \u00e0 photocopier 1<\/a><br \/>\n<br \/>\n<a href=\"http:\/\/la-petite-fabrique-de-grammaire.fr\/wp-content\/uploads\/2025\/06\/FP2-verbes-en-deux-morceaux.pdf\" target=\"_blank\">fiche \u00e0 photocopier 2<\/a><\/td><td class=\"column-6\"><a href=\"http:\/\/la-petite-fabrique-de-grammaire.fr\/wp-content\/uploads\/2025\/06\/DP-CM1-30-Les-vbs-en-2-morceaux.pdf\" target=\"_blank\">Diaporama \u00e0 consulter<\/a><br \/>\n<br \/>\n<a href=\"http:\/\/la-petite-fabrique-de-grammaire.fr\/wp-content\/uploads\/2025\/06\/DP-CM1-30-Les-vbs-en-2-morceaux.pptx\">Diaporama \u00e0 t\u00e9l\u00e9charger<\/a><\/td><td class=\"column-7\"><\/td><td class=\"column-8\"><\/td><td class=\"column-9\"><\/td><td class=\"column-10\"><\/td>\n<\/tr>\n<tr class=\"row-32\">\n\t<td class=\"column-1\">Valeurs de la lettre <em>e<\/em><\/td><td class=\"column-2\"><span style=\"color:#ED7D31;\"><strong>31 - Collecte de <em>e<\/em><\/span><\/strong><\/td><td class=\"column-3\">Valeurs de <em> 'noter un son', 'marquer le f\u00e9minin' ou 'marquer la personne'<\/td><td class=\"column-4\">Relever dans un court texte et classer des mots qui comportent la lettre <em>e<\/em><\/td><td class=\"column-5\"><a href=\"http:\/\/la-petite-fabrique-de-grammaire.fr\/wp-content\/uploads\/2025\/05\/31-CM1-Collecte-de-e.pdf\" target=\"_blank\">le\u00e7on<\/a><br \/>\n<br \/>\n<a href=\"http:\/\/la-petite-fabrique-de-grammaire.fr\/wp-content\/uploads\/2025\/05\/31-FP-Collecte-de-e.pdf\" target=\"_blank\">fiche \u00e0 photocopier<\/a><\/td><td class=\"column-6\"><a href=\"http:\/\/la-petite-fabrique-de-grammaire.fr\/wp-content\/uploads\/2025\/05\/DP-31-Collecte-de-e.pdf\" target=\"_blank\">Diaporama \u00e0 consulter<\/a><br \/>\n<br \/>\n<a href=\"http:\/\/la-petite-fabrique-de-grammaire.fr\/wp-content\/uploads\/2025\/05\/DP-31-Collecte-de-e.pptx\">Diaporama \u00e0 t\u00e9l\u00e9charger<\/a><\/td><td class=\"column-7\"><\/td><td class=\"column-8\"><\/td><td class=\"column-9\"><\/td><td class=\"column-10\"><\/td>\n<\/tr>\n<tr class=\"row-33\">\n\t<td class=\"column-1\">Conjugaison de l'imparfait, futur, pass\u00e9 compos\u00e9<\/td><td class=\"column-2\"><span style=\"color:#ED7D31;\"><strong>32 - Le grand m\u00e9cano de la conjugaison<\/span><\/strong><\/td><td class=\"column-3\">Les formes qui permettent d'engendrer la conjugaison d'un verbe<\/td><td class=\"column-4\">Compl\u00e9ter et observer des tableaux de conjugaison<\/td><td class=\"column-5\"><a href=\"http:\/\/la-petite-fabrique-de-grammaire.fr\/wp-content\/uploads\/2025\/05\/32-CM1-GP-Le-grand-mecano-de-la-conjugaison-.pdf\" target=\"_blank\">le\u00e7on<\/a><br \/>\n<br \/>\n<a href=\"http:\/\/la-petite-fabrique-de-grammaire.fr\/wp-content\/uploads\/2025\/05\/32-CM1-FP-Le-grand-mecano-de-la-conjug.pdf\" target=\"_blank\">fiche \u00e0 photocopier<\/a><\/td><td class=\"column-6\"><a href=\"http:\/\/la-petite-fabrique-de-grammaire.fr\/wp-content\/uploads\/2025\/05\/32-CM1-DP-Le-gd-mecano-de-la-conjug.pdf\" target=\"_blank\">Diaporama \u00e0 consulter<\/a><br \/>\n<br \/>\n<a href=\"http:\/\/la-petite-fabrique-de-grammaire.fr\/wp-content\/uploads\/2025\/05\/32-CM1-DP-Le-gd-mecano-de-la-conjug.pptx\">Diaporama \u00e0 t\u00e9l\u00e9charger<\/a><\/td><td class=\"column-7\"><\/td><td class=\"column-8\"><\/td><td class=\"column-9\"><\/td><td class=\"column-10\"><\/td>\n<\/tr>\n<tr class=\"row-34\">\n\t<td class=\"column-1\">Crit\u00e8res de variation et classes de mots<\/td><td class=\"column-2\"><span style=\"color:#ED7D31;\">33 - Qu\u2019est-ce qui varie ?<\/span><\/td><td class=\"column-3\">Crit\u00e8res de variation et classes de mots<\/td><td class=\"column-4\">Faire varier un court texte en changeant le th\u00e8me<\/td><td class=\"column-5\"><a href=\"http:\/\/la-petite-fabrique-de-grammaire.fr\/wp-content\/uploads\/2025\/05\/33-GP-Situation-Quest-ce-qui-varie-.pdf\" target=\"_blank\">le\u00e7on<\/a><br \/>\n<br \/>\n<a href=\"http:\/\/la-petite-fabrique-de-grammaire.fr\/wp-content\/uploads\/2025\/05\/33-FP-Quest-ce-qui-varie-.pdf\" target=\"_blank\">fiche \u00e0 photocopier<\/a><\/td><td class=\"column-6\"><a href=\"http:\/\/la-petite-fabrique-de-grammaire.fr\/wp-content\/uploads\/2025\/05\/33-DP-Qu-est-ce-qui-varie.pdf\" target=\"_blank\">Diaporama \u00e0 consulter<\/a><br \/>\n<br \/>\n<a href=\"http:\/\/la-petite-fabrique-de-grammaire.fr\/wp-content\/uploads\/2025\/05\/33-DP-Qu-est-ce-qui-varie.pptx\">Diaporama \u00e0 t\u00e9l\u00e9charger<\/a><\/td><td class=\"column-7\"><\/td><td class=\"column-8\"><\/td><td class=\"column-9\"><\/td><td class=\"column-10\"><\/td>\n<\/tr>\n<tr class=\"row-35\">\n\t<td class=\"column-1\">Port\u00e9e des expansions dans le GN \u00e9tendu<\/td><td class=\"column-2\"><span style=\"color:#4472C4;\"><strong>34 - Phrases ambig\u00fces<\/strong><\/span><\/td><td class=\"column-3\">Emboitement ou juxtaposition des expansions du GN<\/td><td class=\"column-4\">Observer des groupes du nom \u00e9tendus<\/td><td class=\"column-5\"><a href=\"http:\/\/la-petite-fabrique-de-grammaire.fr\/wp-content\/uploads\/2026\/04\/34-GP-Phrases-ambigues.pdf\" target=\"_blank\">le\u00e7on<\/a><br \/>\n<br \/>\n<a href=\"http:\/\/la-petite-fabrique-de-grammaire.fr\/wp-content\/uploads\/2025\/06\/34-FP-Phrases-ambigues.pdf\" target=\"_blank\">fiche \u00e0 photocopier<\/a><\/td><td class=\"column-6\"><a href=\"http:\/\/la-petite-fabrique-de-grammaire.fr\/wp-content\/uploads\/2025\/06\/34-DP-Phrases-ambigues.pdf\" target=\"_blank\">Diaporama \u00e0 consulter<\/a><br \/>\n<br \/>\n<a href=\"http:\/\/la-petite-fabrique-de-grammaire.fr\/wp-content\/uploads\/2025\/06\/34-DP-Phrases-ambigues.pptx\">Diaporama \u00e0 t\u00e9l\u00e9charger<\/a><\/td><td class=\"column-7\"><\/td><td class=\"column-8\"><\/td><td class=\"column-9\"><\/td><td class=\"column-10\"><\/td>\n<\/tr>\n<tr class=\"row-36\">\n\t<td class=\"column-1\">Auxiliaire <em>\u00eatre<\/em><\/td><td class=\"column-2\"><span style=\"color:#70AD47;\"><strong>35 - <em>Avoir<\/em> ne fait pas tout<\/strong><\/span><\/td><td class=\"column-3\">Emploi de l'auxiliaire <em>\u00eatre<\/em> pour conjuguer certains verbes, en particulier les verbes de d\u00e9placement<\/td><td class=\"column-4\">Faire varier un court texte en le mettant au pass\u00e9 compos\u00e9<\/td><td class=\"column-5\"><a href=\"http:\/\/la-petite-fabrique-de-grammaire.fr\/wp-content\/uploads\/2025\/06\/35-GP-Avoir-ne-fait-pas-tout.pdf\" target=\"_blank\">le\u00e7on<\/a><br \/>\n<br \/>\n<a href=\"http:\/\/la-petite-fabrique-de-grammaire.fr\/wp-content\/uploads\/2025\/06\/FP-CM1-35-Avoir-ne-fait-pas-tout.pdf\"target=\"_blank\">fiche \u00e0 photocopier<\/a><\/td><td class=\"column-6\"><a href=\"http:\/\/la-petite-fabrique-de-grammaire.fr\/wp-content\/uploads\/2025\/06\/35-CM1-DP-Avoir-ne-fait-pas-tout.pdf\" target=\"_blank\">Diaporama \u00e0 consulter<\/a><br \/>\n<br \/>\n<a href=\"http:\/\/la-petite-fabrique-de-grammaire.fr\/wp-content\/uploads\/2025\/06\/35-CM1-DP-Avoir-ne-fait-pas-tout.pptx\">Diaporama \u00e0 t\u00e9l\u00e9charger<\/a><\/td><td class=\"column-7\"><\/td><td class=\"column-8\"><\/td><td class=\"column-9\"><\/td><td class=\"column-10\"><\/td>\n<\/tr>\n<tr class=\"row-37\">\n\t<td class=\"column-1\">Objet direct et objet indirect<\/td><td class=\"column-2\"><span style=\"color:#70AD47;\"><strong>36 - Diff\u00e9rentes briques du verbe<\/strong><\/span><\/td><td class=\"column-3\">Abstraction des constructions verbales<\/td><td class=\"column-4\">R\u00e9pertorier un corpus de constructions verbales puis les classer<\/td><td class=\"column-5\"><a href=\"http:\/\/la-petite-fabrique-de-grammaire.fr\/wp-content\/uploads\/2025\/06\/GP-CM1-Differentes-briques-du-verbe-fait.pdf\" target=\"_blank\">le\u00e7on<\/a><br \/>\n<br \/>\n<a href=\"http:\/\/la-petite-fabrique-de-grammaire.fr\/wp-content\/uploads\/2025\/06\/FP-CM1-Differentes-briques-du-verbe-1.pdf\" target=\"_blank\">fiche \u00e0 photocopier 1<\/a><br \/>\n<br \/>\n<a href=\"http:\/\/la-petite-fabrique-de-grammaire.fr\/wp-content\/uploads\/2025\/06\/FP-CM1-Differentes-briques-du-verbe-2.pdf\" target=\"_blank\">fiche \u00e0 photocopier 2<\/a><\/td><td class=\"column-6\"><a href=\"http:\/\/la-petite-fabrique-de-grammaire.fr\/wp-content\/uploads\/2025\/06\/DP-Differentes-briques-du-verbe.pdf\" target=\"_blank\">Diaporama \u00e0 consulter<\/a><br \/>\n<br \/>\n<a href=\"http:\/\/la-petite-fabrique-de-grammaire.fr\/wp-content\/uploads\/2025\/06\/DP-Differentes-briques-du-verbe.pptx\">Diaporama \u00e0 t\u00e9l\u00e9charger<\/a><\/td><td class=\"column-7\"><\/td><td class=\"column-8\"><\/td><td class=\"column-9\"><\/td><td class=\"column-10\"><\/td>\n<\/tr>\n<tr class=\"row-38\">\n\t<td class=\"column-1\">Suppression des expansions du GN<\/td><td class=\"column-2\"><span style=\"color:#4472C4;\">37 - Faire maigrir une phrase pour mieux la comprendre<\/span><\/td><td class=\"column-3\">Suppression des expansions du GN pour mieux comprendre une phrase longue<\/td><td class=\"column-4\">Identifier les expensions du GN dans une phrase longue pour en faciliter et en affiner la compr\u00e9hension<\/td><td class=\"column-5\"><a href=\"http:\/\/la-petite-fabrique-de-grammaire.fr\/wp-content\/uploads\/2025\/07\/37-GP-Faire-maigrir-une-phrase-.pdf\" target=\"_blank\">le\u00e7on<\/a><br \/>\n<br \/>\n<a href=\"http:\/\/la-petite-fabrique-de-grammaire.fr\/wp-content\/uploads\/2025\/07\/37-FP-Faire-maigrir-une-phrase.pdf\" target=\"_blank\">fiche \u00e0 photocopier<\/a><\/td><td class=\"column-6\"><a href=\"http:\/\/la-petite-fabrique-de-grammaire.fr\/wp-content\/uploads\/2025\/07\/37-DP-Faire-maigrir.pdf\" target=\"_blank\">Diaporama \u00e0 consulter<\/a><br \/>\n<br \/>\n<a href=\"http:\/\/la-petite-fabrique-de-grammaire.fr\/wp-content\/uploads\/2025\/07\/37-DP-Faire-maigrir.pptx\">Diaporama \u00e0 t\u00e9l\u00e9charger<\/a><\/td><td class=\"column-7\"><\/td><td class=\"column-8\"><\/td><td class=\"column-9\"><\/td><td class=\"column-10\"><\/td>\n<\/tr>\n<tr class=\"row-39\">\n\t<td class=\"column-1\">Expansions du GN<\/td><td class=\"column-2\"><span style=\"color:#ED7D31;\"><strong>38 - D\u00e9signer les personnages<\/strong><\/span><\/td><td class=\"column-3\">Le r\u00f4le des expansions associ\u00e9es \u00e0 des noms g\u00e9n\u00e9riques dans la d\u00e9signation des personnages<\/td><td class=\"column-4\">Identifier dans de courts textes et analyser des d\u00e9signateurs de personnages.<\/td><td class=\"column-5\"><a href=\"http:\/\/la-petite-fabrique-de-grammaire.fr\/wp-content\/uploads\/2025\/07\/38-GP-Designer-les-personnages.pdf\" target=\"_blank\">le\u00e7on<\/a><br \/>\n<br \/>\n<a href=\"http:\/\/la-petite-fabrique-de-grammaire.fr\/wp-content\/uploads\/2025\/07\/38-FP-Designer-les-personnages.pdf\" target=\"_blank\">fiche \u00e0 photocopier<\/a><\/td><td class=\"column-6\"><a href=\"http:\/\/la-petite-fabrique-de-grammaire.fr\/wp-content\/uploads\/2025\/07\/38-DP-Designer-les-personnages.pdf\" target=\"_blank\">Diaporama \u00e0 consulter<\/a><br \/>\n<br \/>\n<a href=\"http:\/\/la-petite-fabrique-de-grammaire.fr\/wp-content\/uploads\/2025\/07\/38-DP-Designer-les-personnages.pptx\">Diaporama \u00e0 t\u00e9l\u00e9charger<\/a><\/td><td class=\"column-7\"><\/td><td class=\"column-8\"><\/td><td class=\"column-9\"><\/td><td class=\"column-10\"><\/td>\n<\/tr>\n<tr class=\"row-40\">\n\t<td class=\"column-1\">Doublement de la consonne entre les deux premi\u00e8res syllabes<\/td><td class=\"column-2\"><span style=\"color:#70AD47;\"><strong>39 - Atterrir \/ alunir<\/strong><\/span><\/td><td class=\"column-3\">Comprendre l\u2019assimilation d\u2019une consonne \u00e0 la consonne qui suit<\/td><td class=\"column-4\">Observer et analyser des mots d\u00e9riv\u00e9s<\/td><td class=\"column-5\"><a href=\"http:\/\/la-petite-fabrique-de-grammaire.fr\/wp-content\/uploads\/2025\/07\/CM1-GP-Atterrir-alunir-1.pdf\" target=\"_blank\">le\u00e7on<\/a><br \/>\n<br \/>\n<a href=\"http:\/\/la-petite-fabrique-de-grammaire.fr\/wp-content\/uploads\/2025\/07\/CM1-39-FP-Atterrir-alunir.pdf\" target=\"_blank\">fiche \u00e0 photocopier<\/a><\/td><td class=\"column-6\"><a href=\"http:\/\/la-petite-fabrique-de-grammaire.fr\/wp-content\/uploads\/2025\/07\/CM1-39-DP-Atterrir-alunir.pdf\" target=\"_blank\">Diaporama \u00e0 consulter<\/a><br \/>\n<br \/>\n<a href=\"http:\/\/la-petite-fabrique-de-grammaire.fr\/wp-content\/uploads\/2025\/07\/CM1-39-DP-Atterrir-alunir.pptx\">Diaporama \u00e0 t\u00e9l\u00e9charger<\/a><\/td><td class=\"column-7\"><\/td><td class=\"column-8\"><\/td><td class=\"column-9\"><\/td><td class=\"column-10\"><\/td>\n<\/tr>\n<tr class=\"row-41\">\n\t<td class=\"column-1\">Pronoms compl\u00e9ments<\/td><td class=\"column-2\"><span style=\"color:#70AD47;\"><strong>40 - Tous derri\u00e8re et lui devant<\/strong><\/span><\/td><td class=\"column-3\">Forme et place des pronoms compl\u00e9ments<\/td><td class=\"column-4\">Transformer les phrases<br \/>\nObserver la place des pronoms<\/td><td class=\"column-5\"><a href=\"http:\/\/la-petite-fabrique-de-grammaire.fr\/wp-content\/uploads\/2025\/07\/40-GP-Situation-Tous-derriere-et-lui-devant.pdf\" target=\"_blank\">le\u00e7on<\/a><br \/>\n<br \/>\n<a href=\"http:\/\/la-petite-fabrique-de-grammaire.fr\/wp-content\/uploads\/2025\/07\/40-FP-Tous-derriere-et-lui-devant.pdf\">fiche \u00e0 photocopier<\/a><\/td><td class=\"column-6\"><a href=\"http:\/\/la-petite-fabrique-de-grammaire.fr\/wp-content\/uploads\/2025\/07\/40-DP-Tous-derriere-et-lui-devant.pdf\" target=\"_blank\">Diaporama \u00e0 consulter<\/a><br \/>\n<br \/>\n<a href=\"http:\/\/la-petite-fabrique-de-grammaire.fr\/wp-content\/uploads\/2025\/07\/40-DP-Tous-derriere-et-lui-devant.pptx\">Diaporama \u00e0 t\u00e9l\u00e9charger<\/a><\/td><td class=\"column-7\"><\/td><td class=\"column-8\"><\/td><td class=\"column-9\"><\/td><td class=\"column-10\"><\/td>\n<\/tr>\n<tr class=\"row-42\">\n\t<td class=\"column-1\">Verbes pronominaux<\/td><td class=\"column-2\"><span style=\"color:#70AD47;\"><strong>41 - Justin se souviendra<\/strong><\/span><\/td><td class=\"column-3\">Emploi r\u00e9fl\u00e9chi, r\u00e9ciproque de la conjugaison pronominale<br \/>\nVerbes essentiellement pronominaux<\/td><td class=\"column-4\">Transformer un court texte<\/td><td class=\"column-5\"><a href=\"http:\/\/la-petite-fabrique-de-grammaire.fr\/wp-content\/uploads\/2025\/08\/41-GP-Justin-sen-souviendra.pdf\" target=\"_blank\">le\u00e7on<\/a><br \/>\n<br \/>\n<a href=\"http:\/\/la-petite-fabrique-de-grammaire.fr\/wp-content\/uploads\/2025\/08\/41-FP-Justin-sen-souviendra.pdf\" target=\"_blank\">fiche \u00e0 photocopier<\/a><\/td><td class=\"column-6\"><a href=\"http:\/\/la-petite-fabrique-de-grammaire.fr\/wp-content\/uploads\/2025\/08\/41-DP-Justin-se-souviendra.pdf\" target=\"_blank\">Diaporama \u00e0 consulter<\/a><br \/>\n<br \/>\n<a href=\"http:\/\/la-petite-fabrique-de-grammaire.fr\/wp-content\/uploads\/2025\/08\/41-DP-Justin-se-souviendra.pptx\">Diaporama \u00e0 t\u00e9l\u00e9charger<\/a><\/td><td class=\"column-7\"><\/td><td class=\"column-8\"><\/td><td class=\"column-9\"><\/td><td class=\"column-10\"><\/td>\n<\/tr>\n<tr class=\"row-43\">\n\t<td class=\"column-1\">Indicateurs de circonstance<\/td><td class=\"column-2\"><span style=\"color:#4472C4;\"><strong>42 - Comprendre le cadre d\u2019une histoire<\/strong><\/span><\/td><td class=\"column-3\">Valeur s\u00e9mantique des compl\u00e9ments de phrase<\/td><td class=\"column-4\">Relever dans une histoire les indicateurs de temps et reconstituer la chronologie de l'histoire<\/td><td class=\"column-5\"><a href=\"http:\/\/la-petite-fabrique-de-grammaire.fr\/wp-content\/uploads\/2025\/08\/42-GP-Le-cadre-dune-histoire-1-revu.pdf\" target=\"_blank\">le\u00e7on<\/a><br \/>\n<br \/>\n<a href=\"http:\/\/la-petite-fabrique-de-grammaire.fr\/wp-content\/uploads\/2025\/08\/42-FP-Le-cadre-dune-histoire.pdf\" target=\"_blank\">fiche \u00e0 photocopier<\/a><\/td><td class=\"column-6\"><a href=\"http:\/\/la-petite-fabrique-de-grammaire.fr\/wp-content\/uploads\/2025\/08\/42-DP-Le-cadre-dune-histoire.pdf\" target=\"_blank\">Diaporama \u00e0 consulter<\/a><br \/>\n<br \/>\n<a href=\"http:\/\/la-petite-fabrique-de-grammaire.fr\/wp-content\/uploads\/2025\/08\/42-DP-Le-cadre-dune-histoire.pptx\">Diaporama \u00e0 t\u00e9l\u00e9charger<\/a><\/td><td class=\"column-7\"><\/td><td class=\"column-8\"><\/td><td class=\"column-9\"><\/td><td class=\"column-10\"><\/td>\n<\/tr>\n<tr class=\"row-44\">\n\t<td class=\"column-1\">Indicateurs de circonstance<\/td><td class=\"column-2\"><span style=\"color:#70AD47;\"><strong>42 bis - Comprendre le cadre d\u2019une histoire<\/strong><\/span><\/td><td class=\"column-3\">Diff\u00e9rents r\u00f4les syntaxiques des indicateurs de circonstance<\/td><td class=\"column-4\">Classer les indicateurs relev\u00e9s \u00e0 la le\u00e7on 42<br \/>\n<br \/>\nDans l'exercice 3, \u00e9largissement aux indicateurs de lieu<\/td><td class=\"column-5\"><a href=\"http:\/\/la-petite-fabrique-de-grammaire.fr\/wp-content\/uploads\/2025\/08\/42-bis-GP-Le-cadre-dune-histoire-.pdf\" target=\"_blank\">le\u00e7on<\/a><br \/>\n<br \/>\n<a href=\"http:\/\/la-petite-fabrique-de-grammaire.fr\/wp-content\/uploads\/2025\/08\/FP-42-bis-Le-cadre-dun-histoire-2.pdf\" target=\"_blank\">fiche \u00e0 photocopier<\/a><\/td><td class=\"column-6\"><a href=\"http:\/\/la-petite-fabrique-de-grammaire.fr\/wp-content\/uploads\/2025\/08\/42-bis-DP-Le-cadre-dune-histoire.pdf\" target=\"_blank\">Diaporama \u00e0 consulter<\/a><br \/>\n<br \/>\n<a href=\"http:\/\/la-petite-fabrique-de-grammaire.fr\/wp-content\/uploads\/2025\/08\/42-bis-DP-Le-cadre-dune-histoire.pptx\">Diaporama \u00e0 t\u00e9l\u00e9charger<\/a><\/td><td class=\"column-7\"><\/td><td class=\"column-8\"><\/td><td class=\"column-9\"><\/td><td class=\"column-10\"><\/td>\n<\/tr>\n<tr class=\"row-45\">\n\t<td class=\"column-1\">Accord du verbe avec le sujet<\/td><td class=\"column-2\"><span style=\"color:#ED7D31;\"><strong>43 - \u00c0 quoi reconnaitre le sujet ?<\/strong><\/span><\/td><td class=\"column-3\">Caract\u00e9ristiques du sujet<\/td><td class=\"column-4\">Rep\u00e9rer des affirmations fausses (pas toujours vraies)<\/td><td class=\"column-5\"><a href=\"http:\/\/la-petite-fabrique-de-grammaire.fr\/wp-content\/uploads\/2025\/08\/43-GP-A-quoi-reconnaitre-le-sujet-.pdf\" target=\"_blank\">le\u00e7on<\/a><br \/>\n<br \/>\n<a href=\"http:\/\/la-petite-fabrique-de-grammaire.fr\/wp-content\/uploads\/2025\/08\/FP-43-A-quoi-reconnaitre-le-sujet.pdf\" target=\"_blank\">fiche \u00e0 photocopier<\/a><\/td><td class=\"column-6\"><a href=\"http:\/\/la-petite-fabrique-de-grammaire.fr\/wp-content\/uploads\/2025\/08\/43-DP-A-quoi-reconnaitre-le-sujet.pdf\" target=\"_blank\">Diaporama \u00e0 consulter<\/a><br \/>\n<br \/>\n<a href=\"http:\/\/la-petite-fabrique-de-grammaire.fr\/wp-content\/uploads\/2025\/08\/43-DP-A-quoi-reconnaitre-le-sujet.pptx\">Diaporama \u00e0 t\u00e9l\u00e9charger<\/a><\/td><td class=\"column-7\"><\/td><td class=\"column-8\"><\/td><td class=\"column-9\"><\/td><td class=\"column-10\"><\/td>\n<\/tr>\n<tr class=\"row-46\">\n\t<td class=\"column-1\">Confusion <em>le<\/em> pronom ou d\u00e9terminant<\/td><td class=\"column-2\"><span style=\"color:#70AD47;\">44 - Pronom ou d\u00e9terminant ?<\/span><\/td><td class=\"column-3\">Ambig\u00fcit\u00e9 du pronom et du d\u00e9terminant d\u00e9fini <em>le, la, les<\/em><\/td><td class=\"column-4\">Analyser une erreur, puis observer les phrases extraites d'un texte.<\/td><td class=\"column-5\"><a href=\"http:\/\/la-petite-fabrique-de-grammaire.fr\/wp-content\/uploads\/2025\/08\/44-GP-Pronom-ou-determinant-.pdf\" target=\"_blank\">le\u00e7on<\/a><br \/>\n<br \/>\n<a href=\"http:\/\/la-petite-fabrique-de-grammaire.fr\/wp-content\/uploads\/2025\/08\/44-FP-Pronom-ou-determinant-1.pdf\" target=\"_blank\">fiche \u00e0 photocopier<\/a><\/td><td class=\"column-6\"><a href=\"http:\/\/la-petite-fabrique-de-grammaire.fr\/wp-content\/uploads\/2025\/08\/44-DP-Pronom-ou-determinant.pdf\" target=\"_blank\">Diaporama \u00e0 consulter<\/a><br \/>\n<br \/>\n<a href=\"http:\/\/la-petite-fabrique-de-grammaire.fr\/wp-content\/uploads\/2025\/08\/44-DP-Pronom-ou-determinant.pptx\">Diaporama \u00e0 t\u00e9l\u00e9charger<\/a><\/td><td class=\"column-7\"><\/td><td class=\"column-8\"><\/td><td class=\"column-9\"><\/td><td class=\"column-10\"><\/td>\n<\/tr>\n<tr class=\"row-47\">\n\t<td class=\"column-1\">Valeurs lettre <em>s<\/em><\/td><td class=\"column-2\"><span style=\"color:#ED7D31;\"><strong>45 - Collecte de <em>s<\/em><\/strong><\/span><\/td><td class=\"column-3\">Valeurs lettre <em>s<\/em> '\u00e9crit un son', 'marque du pluriel', 'marque la personne'<\/td><td class=\"column-4\">Relever et classer des mots comportant la lettre <em>s<\/em><\/td><td class=\"column-5\"><a href=\"http:\/\/la-petite-fabrique-de-grammaire.fr\/wp-content\/uploads\/2025\/08\/45-GP-collecte-S.pdf\" target=\"_blank\">le\u00e7on<\/a><br \/>\n<br \/>\n<a href=\"http:\/\/la-petite-fabrique-de-grammaire.fr\/wp-content\/uploads\/2025\/08\/45-FP-Collecte-de-S.pdf\" target=\"_blank\">fiche \u00e0 photocopier<\/a><\/td><td class=\"column-6\"><a href=\"http:\/\/la-petite-fabrique-de-grammaire.fr\/wp-content\/uploads\/2025\/08\/45-A-DP-Collecte-de-s.pdf\" target=\"_blank\">Diaporama \u00e0 consulter<\/a><br \/>\n<a href=\"http:\/\/la-petite-fabrique-de-grammaire.fr\/wp-content\/uploads\/2025\/08\/45-A-DP-Collecte-de-s.pptx\">Diaporama \u00e0 t\u00e9l\u00e9charger<\/a><br \/>\n<br \/>\n<a href=\"http:\/\/la-petite-fabrique-de-grammaire.fr\/wp-content\/uploads\/2025\/08\/45-B-DP-Collecte-de-s.pdf\" target=\"_blank\">Diaporama \u00e0 consulter<\/a><br \/>\n<a href=\"http:\/\/la-petite-fabrique-de-grammaire.fr\/wp-content\/uploads\/2025\/08\/45-B-DP-Collecte-de-s.pptx\">Diaporama \u00e0 t\u00e9l\u00e9charger<\/a><\/td><td class=\"column-7\"><\/td><td class=\"column-8\"><\/td><td class=\"column-9\"><\/td><td class=\"column-10\"><\/td>\n<\/tr>\n<tr class=\"row-48\">\n\t<td class=\"column-1\">D\u00e9placement du compl\u00e9ment de phrase<\/td><td class=\"column-2\"><span style=\"color:#70AD47;\"><strong>46 - Chamboule-tout<\/strong><\/span><\/td><td class=\"column-3\">Rep\u00e9rer que le compl\u00e9ment de phrase peut s\u2019ins\u00e9rer dans le groupe du verbe<\/td><td class=\"column-4\">R\u00e9\u00e9crire une phrase en modifiant l\u2019ordre des groupes syntaxiques<\/td><td class=\"column-5\"><a href=\"http:\/\/la-petite-fabrique-de-grammaire.fr\/wp-content\/uploads\/2025\/08\/GP-CM1-Chamboule-tout.pdf\" target=\"_blank\">le\u00e7on<\/a><br \/>\n<br \/>\n<a href=\"http:\/\/la-petite-fabrique-de-grammaire.fr\/wp-content\/uploads\/2025\/08\/FP-CM1-Chamboule-tout.pdf\" target=\"_blank\">fiche \u00e0 photocopier<\/a><\/td><td class=\"column-6\"><a href=\"http:\/\/la-petite-fabrique-de-grammaire.fr\/wp-content\/uploads\/2025\/08\/DP-CM1-Chamboule-tout.pdf\" target=\"_blank\">Diaporama \u00e0 consulter<\/a><br \/>\n<br \/>\n<a href=\"http:\/\/la-petite-fabrique-de-grammaire.fr\/wp-content\/uploads\/2025\/08\/DP-CM1-Chamboule-tout.pptx\">Diaporama \u00e0 t\u00e9l\u00e9charger<\/a><\/td><td class=\"column-7\"><\/td><td class=\"column-8\"><\/td><td class=\"column-9\"><\/td><td class=\"column-10\"><\/td>\n<\/tr>\n<tr class=\"row-49\">\n\t<td class=\"column-1\">Place des compl\u00e9ments de phrase<br \/>\nPonctuation pour s\u00e9parer les phrases<\/td><td class=\"column-2\"><span style=\"color:#70AD47;\"><strong>47 - Des phrases bien balanc\u00e9es<\/strong><\/span><\/td><td class=\"column-3\">Place en t\u00eate ou en queue de phrase des compl\u00e9ments de phrase<\/td><td class=\"column-4\">Ponctuer un texte en fonction de la place du compl\u00e9ment de phrase.<\/td><td class=\"column-5\"><a href=\"http:\/\/la-petite-fabrique-de-grammaire.fr\/wp-content\/uploads\/2025\/08\/47-GP-Situation-Des-phrases-bien-balancees.pdf\" target=\"_blank\">le\u00e7on<\/a><br \/>\n<br \/>\n<a href=\"http:\/\/la-petite-fabrique-de-grammaire.fr\/wp-content\/uploads\/2025\/08\/47-FP-Des-phrases-bien-balancees.pdf\" target=\"_blank\">fiche \u00e0 photocopier<\/a><\/td><td class=\"column-6\"><a href=\"http:\/\/la-petite-fabrique-de-grammaire.fr\/wp-content\/uploads\/2025\/08\/47-DP-Des-phrases-bien-balancees.pdf\" target=\"_blank\">Diaporama \u00e0 consulter<\/a><br \/>\n<br \/>\n<a href=\"http:\/\/la-petite-fabrique-de-grammaire.fr\/wp-content\/uploads\/2025\/08\/47-DP-Des-phrases-bien-balancees.pptx\">Diaporama \u00e0 t\u00e9l\u00e9charger<\/a><\/td><td class=\"column-7\"><\/td><td class=\"column-8\"><\/td><td class=\"column-9\"><\/td><td class=\"column-10\"><\/td>\n<\/tr>\n<tr class=\"row-50\">\n\t<td class=\"column-1\">Adverbes en <em>-ment<\/em><\/td><td class=\"column-2\"><span style=\"color:#70AD47;\"><strong>48 - \u00c9tourdiment<\/strong><\/span><\/td><td class=\"column-3\">Proximit\u00e9 s\u00e9mantique et morphologique des adverbes et des adjectifs<\/td><td class=\"column-4\">Transformer un court texte puis classer des adverbes selon leur formation<\/td><td class=\"column-5\"><a href=\"http:\/\/la-petite-fabrique-de-grammaire.fr\/wp-content\/uploads\/2025\/08\/48-GP-etourdiment.pdf\" target=\"_blank\">le\u00e7on<\/a><br \/>\n<br \/>\n<a href=\"http:\/\/la-petite-fabrique-de-grammaire.fr\/wp-content\/uploads\/2025\/08\/48-FP-etourdiment.pdf\" target=\"_blank\">fiche \u00e0 photocopier<\/a><\/td><td class=\"column-6\"><a href=\"http:\/\/la-petite-fabrique-de-grammaire.fr\/wp-content\/uploads\/2025\/08\/48-DP-Etourdiment.pdf\" target=\"_blank\">Diaporama \u00e0 consulter<\/a><br \/>\n<br \/>\n<a href=\"http:\/\/la-petite-fabrique-de-grammaire.fr\/wp-content\/uploads\/2025\/08\/48-DP-Etourdiment.pptx\">Diaporama \u00e0 t\u00e9l\u00e9charger<\/a><\/td><td class=\"column-7\"><\/td><td class=\"column-8\"><\/td><td class=\"column-9\"><\/td><td class=\"column-10\"><\/td>\n<\/tr>\n<tr class=\"row-51\">\n\t<td class=\"column-1\">Marques du genre et du nombre<\/td><td class=\"column-2\"><span style=\"color:#4472C4;\">49 - Le tr\u00e9sor des pirates<\/span><\/td><td class=\"column-3\">Donner du sens \u00e0 la redondance des marques d\u2019accord<\/td><td class=\"column-4\">R\u00e9soudre des probl\u00e8mes de compr\u00e9hension en s\u2019appuyant sur des indices orthographiques<\/td><td class=\"column-5\"><a href=\"http:\/\/la-petite-fabrique-de-grammaire.fr\/wp-content\/uploads\/2025\/08\/GP-CM1-Tresor-des-pirates-double-accord.pdf\" target=\"_blank\">le\u00e7on<\/a><br \/>\n<br \/>\n<a href=\"http:\/\/la-petite-fabrique-de-grammaire.fr\/wp-content\/uploads\/2025\/08\/FP-CM1-Le-tresor-des-pirates.pdf\" target=\"_blank\">fiche \u00e0 photocopier<\/a><\/td><td class=\"column-6\"><a href=\"http:\/\/la-petite-fabrique-de-grammaire.fr\/wp-content\/uploads\/2025\/08\/Le-tresor-des-pirates-DP.pdf\" target=\"_blank\">Diaporama \u00e0 consulter<\/a><br \/>\n<br \/>\n<a href=\"http:\/\/la-petite-fabrique-de-grammaire.fr\/wp-content\/uploads\/2025\/08\/Le-tresor-des-pirates-DP.pptx\">Diaporama \u00e0 t\u00e9l\u00e9charger<\/a><\/td><td class=\"column-7\"><\/td><td class=\"column-8\"><\/td><td class=\"column-9\"><\/td><td class=\"column-10\"><\/td>\n<\/tr>\n<tr class=\"row-52\">\n\t<td class=\"column-1\">D\u00e9terminants qui ne signalent pas le nombre<\/td><td class=\"column-2\"><span style=\"color:#70AD47;\"><strong>50 - Des d\u00e9terminants qui ne signalent rien<\/strong><\/span><\/td><td class=\"column-3\">Rep\u00e9rer que le d\u00e9terminant ne r\u00e9v\u00e8le pas toujours le nombre<\/td><td class=\"column-4\">Identifier la pr\u00e9sence ou l\u2019absence d\u2019indices du nombre \u00e0 l\u2019oral et \u00e0 l\u2019\u00e9crit<\/td><td class=\"column-5\"><a href=\"http:\/\/la-petite-fabrique-de-grammaire.fr\/wp-content\/uploads\/2025\/08\/GP-CM1-Des-determinants-qui-ne-signalent-rien.pdf\" target=\"_blank\">le\u00e7on<\/a><br \/>\n<br \/>\n<a href=\"http:\/\/la-petite-fabrique-de-grammaire.fr\/wp-content\/uploads\/2025\/08\/FP-CM1-Des-determinants-qui-ne-signalent-rien.pdf\" target=\"_blank\">fiche \u00e0 photocopier<\/a><\/td><td class=\"column-6\"><a href=\"http:\/\/la-petite-fabrique-de-grammaire.fr\/wp-content\/uploads\/2025\/08\/Des-determinants-qui-ne-signalent-rien-DP.pdf\" target=\"_blank\">Diaporama \u00e0 consulter<\/a><br \/>\n<br \/>\n<a href=\"http:\/\/la-petite-fabrique-de-grammaire.fr\/wp-content\/uploads\/2025\/08\/Des-determinants-qui-ne-signalent-rien-DP.pptx\">Diaporama \u00e0 t\u00e9l\u00e9charger<\/a><\/td><td class=\"column-7\"><\/td><td class=\"column-8\"><\/td><td class=\"column-9\"><\/td><td class=\"column-10\"><\/td>\n<\/tr>\n<tr class=\"row-53\">\n\t<td class=\"column-1\">Compl\u00e9ments de phrase<\/td><td class=\"column-2\"><span style=\"color:#ED7D31;\">51 - Raccourcir \/ rallonger une phrase<\/span><\/td><td class=\"column-3\">Caract\u00e8re supprimable \/ ajoutable des compl\u00e9ments de phrase<\/td><td class=\"column-4\">Identifier et supprimer des compl\u00e9ments de phrases pour mieux les comprendre<br \/>\nEn ajouter pour allonger les phrases<\/td><td class=\"column-5\"><a href=\"http:\/\/la-petite-fabrique-de-grammaire.fr\/wp-content\/uploads\/2025\/08\/51-GP-raccourcir-allonger-.pdf\" target=\"_blank\">le\u00e7on<\/a><br \/>\n<br \/>\n<a href=\"http:\/\/la-petite-fabrique-de-grammaire.fr\/wp-content\/uploads\/2025\/08\/51-FP-Raccourcir-rallonger.pdf\" target=\"_blank\">fiche \u00e0 photocopier<\/a><\/td><td class=\"column-6\"><a href=\"http:\/\/la-petite-fabrique-de-grammaire.fr\/wp-content\/uploads\/2025\/08\/51-DP-Raccourcir-rallonger.pdf\" target=\"_blank\">Diaporama \u00e0 consulter<\/a><br \/>\n<br \/>\n<a href=\"http:\/\/la-petite-fabrique-de-grammaire.fr\/wp-content\/uploads\/2025\/08\/51-DP-Raccourcir-rallonger.pptx\">Diaporama \u00e0 t\u00e9l\u00e9charger<\/a><\/td><td class=\"column-7\"><\/td><td class=\"column-8\"><\/td><td class=\"column-9\"><\/td><td class=\"column-10\"><\/td>\n<\/tr>\n<tr class=\"row-54\">\n\t<td class=\"column-1\">Valeurs des d\u00e9terminants<br \/>\n(dont le partitif)<\/td><td class=\"column-2\"><span style=\"color:#70AD47;\"><strong>52 - Tous, certains, quelques-uns ?<\/strong><\/span><\/td><td class=\"column-3\">Les d\u00e9terminants num\u00e9raux qui indiquent une quantit\u00e9, ceux qui organisent une partition, le partitif qui n'indique pas de quantit\u00e9<\/td><td class=\"column-4\">Identifier des d\u00e9terminants, compl\u00e9ter des phrases<\/td><td class=\"column-5\"><a href=\"http:\/\/la-petite-fabrique-de-grammaire.fr\/wp-content\/uploads\/2025\/09\/52-CM1-GP-Tous-certains-quelques-un-.pdf\" target=\"_blank\">le\u00e7on<\/a><br \/>\n<br \/>\n<a href=\"http:\/\/la-petite-fabrique-de-grammaire.fr\/wp-content\/uploads\/2025\/09\/52-FP-Tous-certains-quelques-uns-.pdf\" target=\"_blank\">fiche \u00e0 photocopier<\/a><\/td><td class=\"column-6\"><a href=\"http:\/\/la-petite-fabrique-de-grammaire.fr\/wp-content\/uploads\/2025\/09\/CM1-52-Tous-certains-quelques-uns-DP.pdf\" target=\"_blank\">Diaporama \u00e0 consulter<\/a><br \/>\n<br \/>\n<a href=\"http:\/\/la-petite-fabrique-de-grammaire.fr\/wp-content\/uploads\/2025\/09\/CM1-52-Tous-certains-quelques-uns.pptx\">Diaporama \u00e0 t\u00e9l\u00e9charger<\/a><\/td><td class=\"column-7\"><\/td><td class=\"column-8\"><\/td><td class=\"column-9\"><\/td><td class=\"column-10\"><\/td>\n<\/tr>\n<tr class=\"row-55\">\n\t<td class=\"column-1\">Organisation du texte descriptif<\/td><td class=\"column-2\"><span style=\"color:#4472C4;\"><strong>53 - Portraits - D\u00e9crire n'est pas raconter<\/strong><\/span><br \/>\n<\/td><td class=\"column-3\">La progression th\u00e9matique \u00e0 th\u00e8me constant et la progression \u00e0 th\u00e8me \u00e9clat\u00e9<\/td><td class=\"column-4\">Produire puis comparer un court r\u00e9cit et un portrait. R\u00e9\u00e9crire le portrait en fonction de l'\u00e9tude d'un texte mod\u00e8le<\/td><td class=\"column-5\"><a href=\"http:\/\/la-petite-fabrique-de-grammaire.fr\/wp-content\/uploads\/2025\/10\/53-GP-CM1-Decrire-nest-pas-raconter.pdf\" target=\"_blank\">le\u00e7on<\/a><br \/>\n<br \/>\n<a href=\"http:\/\/la-petite-fabrique-de-grammaire.fr\/wp-content\/uploads\/2025\/10\/53-FP-CM1-Decrire-nest-pas-raconter.pdf\" target=\"_blank\">fiche \u00e0 photocopier<\/a><\/td><td class=\"column-6\"><a href=\"http:\/\/la-petite-fabrique-de-grammaire.fr\/wp-content\/uploads\/2025\/10\/53-DP-CM1-Decrire-nest-pas-raconter.pdf\" target=\"_blank\">Diaporama \u00e0 consulter<\/a><br \/>\n<br \/>\n<a href=\"http:\/\/la-petite-fabrique-de-grammaire.fr\/wp-content\/uploads\/2025\/10\/53-DP-CM1-Decrire-nest-pas-raconter.pptx\">Diaporama \u00e0 t\u00e9l\u00e9charger<\/a><\/td><td class=\"column-7\"><\/td><td class=\"column-8\"><\/td><td class=\"column-9\"><\/td><td class=\"column-10\"><\/td>\n<\/tr>\n<tr class=\"row-56\">\n\t<td class=\"column-1\">Distinguer les classes grammaticales<\/td><td class=\"column-2\"><span style=\"color:#70AD47;\"><strong>54 - Il \u00e9tait grilheure<\/strong><\/span><\/td><td class=\"column-3\">Prise en compte du fait que les indices font syst\u00e8me pour identifier noms, verbes et adjectifs<\/td><td class=\"column-4\">Dans une langue invent\u00e9e, s\u2019appuyer sur des indices orthographiques pour identifier des classes de mots<\/td><td class=\"column-5\"><a href=\"http:\/\/la-petite-fabrique-de-grammaire.fr\/wp-content\/uploads\/2025\/10\/54-GP-CM1-Il-etait-grilheure.pdf\" target=\"_blank\">le\u00e7on<\/a><br \/>\n<br \/>\n<a href=\"http:\/\/la-petite-fabrique-de-grammaire.fr\/wp-content\/uploads\/2025\/10\/54-FP-CM1-Il-etait-grilheure.pdf\" target=\"_blank\">fiche \u00e0 photocopier<\/a><\/td><td class=\"column-6\"><a href=\"http:\/\/la-petite-fabrique-de-grammaire.fr\/wp-content\/uploads\/2025\/10\/54-CM1-DP-Il-etait-grilheure.pdf\" target=\"_blank\">Diaporama \u00e0 consulter<\/a><br \/>\n<br \/>\n<a href=\"http:\/\/la-petite-fabrique-de-grammaire.fr\/wp-content\/uploads\/2025\/10\/54-CM1-DP-Il-etait-grilheure.pptx\">Diaporama \u00e0 t\u00e9l\u00e9charger<\/a><\/td><td class=\"column-7\"><\/td><td class=\"column-8\"><\/td><td class=\"column-9\"><\/td><td class=\"column-10\"><\/td>\n<\/tr>\n<tr class=\"row-57\">\n\t<td class=\"column-1\">Homophone : <em>a<\/em> et <em>\u00e0<\/em><\/td><td class=\"column-2\"><span style=\"color:#ED7D31;\"><strong>55 - Diff\u00e9rence entre <em>a<\/em> et  <em>\u00e0<\/em><\/strong><\/span><\/td><td class=\"column-3\">Environnement syntaxique de <em>a<\/em> et de <em>\u00e0<\/em><\/td><td class=\"column-4\">Relever et identifier les emplois de <em>a<\/em> et de <em>\u00e0<\/em> dans un texte<\/td><td class=\"column-5\"><a href=\"http:\/\/la-petite-fabrique-de-grammaire.fr\/wp-content\/uploads\/2025\/10\/55-CM1-GP-difference-a-a.pdf\" target=\"_blank\">le\u00e7on<\/a><br \/>\n<br \/>\n<a href=\"http:\/\/la-petite-fabrique-de-grammaire.fr\/wp-content\/uploads\/2025\/10\/55-CM1-FP-Difference-a-a.pdf\" target=\"_blank\">fiche \u00e0 photocopier<\/a><\/td><td class=\"column-6\"><a href=\"http:\/\/la-petite-fabrique-de-grammaire.fr\/wp-content\/uploads\/2025\/10\/55-CM1-DP-difference-a-a.pdf\" target=\"_blank\">Diaporama \u00e0 consulter<\/a><br \/>\n<br \/>\n<a href=\"http:\/\/la-petite-fabrique-de-grammaire.fr\/wp-content\/uploads\/2025\/10\/55-CM1-DP-difference-a-a.pptx\">Diaporama \u00e0 t\u00e9l\u00e9charger<\/a><\/td><td class=\"column-7\"><\/td><td class=\"column-8\"><\/td><td class=\"column-9\"><\/td><td class=\"column-10\"><\/td>\n<\/tr>\n<tr class=\"row-58\">\n\t<td class=\"column-1\">Utilisation du pluriel dans des cas douteux<\/td><td class=\"column-2\"><span style=\"color:#70AD47;\">56 - Petits probl\u00e8mes de quantit\u00e9<\/span><\/td><td class=\"column-3\">Quand le nombre est douteux : non d\u00e9nombrables, apr\u00e8s une n\u00e9gation, avec le d\u00e9terminant <em>leur<\/em><\/td><td class=\"column-4\">R\u00e9soudre des pbs orthographiques<\/td><td class=\"column-5\"><a href=\"http:\/\/la-petite-fabrique-de-grammaire.fr\/wp-content\/uploads\/2025\/10\/56-CM1-GP-Petits-problemes-de-quantite.pdf\" target=\"_blank\">le\u00e7on<\/a><br \/>\n<br \/>\n<a href=\"http:\/\/la-petite-fabrique-de-grammaire.fr\/wp-content\/uploads\/2025\/10\/56-CM1-FP-Ptt-problemes-de-quantite.pdf\" target=\"_blank\">fiche \u00e0 photocopier<\/a><\/td><td class=\"column-6\"><a href=\"http:\/\/la-petite-fabrique-de-grammaire.fr\/wp-content\/uploads\/2025\/10\/56-CM1-DP-Petit-pb-de-quantite.pdf\" target=\"_blank\">Diaporama \u00e0 consulter<\/a><br \/>\n<br \/>\n<a href=\"http:\/\/la-petite-fabrique-de-grammaire.fr\/wp-content\/uploads\/2025\/10\/56-CM1-DP-Petit-pb-de-quantite.pptx\">Diaporama \u00e0 t\u00e9l\u00e9charger<\/a><\/td><td class=\"column-7\"><\/td><td class=\"column-8\"><\/td><td class=\"column-9\"><\/td><td class=\"column-10\"><\/td>\n<\/tr>\n<tr class=\"row-59\">\n\t<td class=\"column-1\">Pronom ambigu<\/td><td class=\"column-2\"><span style=\"color:#70AD47;\"><strong>57 - Qui est ce \u00ab lui \u00bb ?<\/strong><\/span><\/td><td class=\"column-3\">Aide qu'apportent les marques de nombres et de genre. Fa\u00e7ons ordinaires de lever les ambig\u00fcit\u00e9s.<\/td><td class=\"column-4\">Interpr\u00e9ter des pronoms ambigus (<em>lui, leur, les,...<\/em>) dans un petit texte.<\/td><td class=\"column-5\"><a href=\"http:\/\/la-petite-fabrique-de-grammaire.fr\/wp-content\/uploads\/2025\/10\/57-GP-Situation-Qui-est-ce-22lui22-.pdf\" target=\"_blank\">le\u00e7on<\/a><br \/>\n<br \/>\n<a href=\"http:\/\/la-petite-fabrique-de-grammaire.fr\/wp-content\/uploads\/2025\/10\/57-FP-Qui-est-ce-lui.pdf\" target=\"_blank\">fiche \u00e0 photocopier<\/a><\/td><td class=\"column-6\"><a href=\"http:\/\/la-petite-fabrique-de-grammaire.fr\/wp-content\/uploads\/2025\/10\/57-DP-Qui-est-ce-lui.pdf\" target=\"_blank\">Diaporama \u00e0 consulter<\/a><br \/>\n<br \/>\n<a href=\"http:\/\/la-petite-fabrique-de-grammaire.fr\/wp-content\/uploads\/2025\/10\/57-DP-Qui-est-ce-lui.pdf\">Diaporama \u00e0 t\u00e9l\u00e9charger<\/a><\/td><td class=\"column-7\"><\/td><td class=\"column-8\"><\/td><td class=\"column-9\"><\/td><td class=\"column-10\"><\/td>\n<\/tr>\n<tr class=\"row-60\">\n\t<td class=\"column-1\">Discours direct \/ discours indirect : les indicateurs de temps et de lieu<\/td><td class=\"column-2\"><span style=\"color:#70AD47;\"><strong>58 - Ici et maintenant<\/strong><\/span><\/td><td class=\"column-3\">Identifier des mots qui ne conviennent que dans un texte ancr\u00e9 dans une \u00e9nonciation connue<\/td><td class=\"column-4\">R\u00e9\u00e9crire un texte en supprimant l\u2019ancrage<\/td><td class=\"column-5\"><a href=\"http:\/\/la-petite-fabrique-de-grammaire.fr\/wp-content\/uploads\/2025\/11\/58-GP-CM1-Ici-et-maintenant.pdf\" target=\"_blank\">le\u00e7on<\/a><br \/>\n<br \/>\n<a href=\"http:\/\/la-petite-fabrique-de-grammaire.fr\/wp-content\/uploads\/2025\/11\/58-FP-CM1-Ici-et-maintenant.pdf\" target=\"_blank\">fiche \u00e0 photocopier<\/a><\/td><td class=\"column-6\"><a href=\"http:\/\/la-petite-fabrique-de-grammaire.fr\/wp-content\/uploads\/2025\/11\/58-DP-CM1-Ici-et-maintenant.pdf\" target=\"_blank\">Diaporama \u00e0 consulter<\/a><br \/>\n<br \/>\n<a href=\"http:\/\/la-petite-fabrique-de-grammaire.fr\/wp-content\/uploads\/2025\/11\/58-DP-CM1-Ici-et-maintenant.pptx\">Diaporama \u00e0 t\u00e9l\u00e9charger<\/a><\/td><td class=\"column-7\"><\/td><td class=\"column-8\"><\/td><td class=\"column-9\"><\/td><td class=\"column-10\"><\/td>\n<\/tr>\n<tr class=\"row-61\">\n\t<td class=\"column-1\">Terminaisons en [e]<\/td><td class=\"column-2\"><span style=\"color:#ED7D31;\"><strong>59 - \u00c9crire [e] \u00e0 la fin des mots<\/strong><\/span><\/td><td class=\"column-3\">Polys\u00e9mie de la terminaison [e]<\/td><td class=\"column-4\">Relever et classer des mots qui se terminent par la voyelle [e]<\/td><td class=\"column-5\"><a href=\"http:\/\/la-petite-fabrique-de-grammaire.fr\/wp-content\/uploads\/2025\/12\/61-GP-CM1-Tete-Head-Kopf.pdf\" target=\"_blank\">le\u00e7on<\/a><\/td><td class=\"column-6\"><a href=\"http:\/\/la-petite-fabrique-de-grammaire.fr\/wp-content\/uploads\/2025\/11\/59-CM1-DP-Ecrire-e-a-la-fin-des-mots.pdf\" target=\"_blank\">Diaporama \u00e0 consulter<\/a><br \/>\n<br \/>\n<a href=\"http:\/\/la-petite-fabrique-de-grammaire.fr\/wp-content\/uploads\/2025\/11\/59-CM1-DP-Ecrire-e-a-la-fin-des-mots.pptx\">Diaporama \u00e0 t\u00e9l\u00e9charger<\/a><\/td><td class=\"column-7\"><\/td><td class=\"column-8\"><\/td><td class=\"column-9\"><\/td><td class=\"column-10\"><\/td>\n<\/tr>\n<tr class=\"row-62\">\n\t<td class=\"column-1\">Ponctuation, syntaxe et oralit\u00e9<\/td><td class=\"column-2\"><span style=\"color:#4472C4;\">60 - \u00c0 voix haute<\/span><\/td><td class=\"column-3\">L'importance de faire sentir les groupes syntaxiques, la possibilit\u00e9 de faire des effets.<\/td><td class=\"column-4\">Analyser les phrases pour produire une lecture orale<\/td><td class=\"column-5\"><a href=\"http:\/\/la-petite-fabrique-de-grammaire.fr\/wp-content\/uploads\/2025\/12\/60-CM1-GP-A-voix-haute.pdf\" target=\"_blank\">le\u00e7on<\/a><br \/>\n<br \/>\n<a href=\"http:\/\/la-petite-fabrique-de-grammaire.fr\/wp-content\/uploads\/2025\/11\/60-CM1-FP-A-voix-haute.pdf\" target=\"_blank\">fiche \u00e0 photocopier<\/a><\/td><td class=\"column-6\"><a href=\"http:\/\/la-petite-fabrique-de-grammaire.fr\/wp-content\/uploads\/2025\/11\/60-CM1-DP-A-voix-haute.pdf\" target=\"_blank\">Diaporama \u00e0 consulter<\/a><br \/>\n<br \/>\n<a href=\"http:\/\/la-petite-fabrique-de-grammaire.fr\/wp-content\/uploads\/2025\/11\/60-CM1-DP-A-voix-haute.pptx\">Diaporama \u00e0 t\u00e9l\u00e9charger<\/a><\/td><td class=\"column-7\"><\/td><td class=\"column-8\"><\/td><td class=\"column-9\"><\/td><td class=\"column-10\"><\/td>\n<\/tr>\n<tr class=\"row-63\">\n\t<td class=\"column-1\">l'arbitraire de la r\u00e9partition en genre<\/td><td class=\"column-2\"><span style=\"color:#70AD47;\">61 - T\u00eate-head-Kopf<\/span><\/td><td class=\"column-3\">Le genre des noms est un fait culturel (sauf pour certains anim\u00e9s)<\/td><td class=\"column-4\">Comparer le genre des mots de diff\u00e9rentes langues pour d\u00e9signer les m\u00eames choses.<\/td><td class=\"column-5\"><a href=\"http:\/\/la-petite-fabrique-de-grammaire.fr\/wp-content\/uploads\/2025\/12\/61-GP-CM1-Tete-Head-Kopf.pdf\" target=\"_blank\">le\u00e7on<\/a><br \/>\n<br \/>\n<a href=\"http:\/\/la-petite-fabrique-de-grammaire.fr\/wp-content\/uploads\/2025\/12\/61-FP-CM1-Tete-head-Kopf.pdf\" target=\"_blank\">fiche \u00e0 photocopier<\/a><\/td><td class=\"column-6\"><a href=\"http:\/\/la-petite-fabrique-de-grammaire.fr\/wp-content\/uploads\/2025\/12\/61-DP-CM1-Tete-head-Kopf-DP.pdf\" target=\"_blank\">Diaporama \u00e0 consulter<\/a><br \/>\n<br \/>\n<a href=\"http:\/\/la-petite-fabrique-de-grammaire.fr\/wp-content\/uploads\/2025\/12\/61-DP-CM1-Tete-head-Kopf.pptx\">Diaporama \u00e0 t\u00e9l\u00e9charger<\/a><\/td><td class=\"column-7\"><\/td><td class=\"column-8\"><\/td><td class=\"column-9\"><\/td><td class=\"column-10\"><\/td>\n<\/tr>\n<tr class=\"row-64\">\n\t<td class=\"column-1\">distinguer les classes de mots<\/td><td class=\"column-2\"><span style=\"color:#ED7D31;\">62 - Mise en classe <\/span><\/td><td class=\"column-3\">R\u00e9viser les classes grammaticales<\/td><td class=\"column-4\">Classer des mots selon leur classe grammaticale. Revenir sur les d\u00e9finitions propos\u00e9es en d\u00e9but d'ann\u00e9e<\/td><td class=\"column-5\"><a href=\"http:\/\/la-petite-fabrique-de-grammaire.fr\/wp-content\/uploads\/2026\/01\/62-GP-CM1-Mise-en-classes.pdf\" target=\"_blank\">le\u00e7on<\/a><br \/>\n<br \/>\n<a href=\"http:\/\/la-petite-fabrique-de-grammaire.fr\/wp-content\/uploads\/2026\/01\/62-GP-CM1-annexe-Tableau-general.pdf\" target=\"_blank\">tableau annexe<\/a><br \/>\n<br \/>\n<a href=\"http:\/\/la-petite-fabrique-de-grammaire.fr\/wp-content\/uploads\/2026\/01\/62-FP-CM1-Mise-en-classes.pdf\" target=\"_blank\">fiche \u00e0 photocopier<\/a><\/td><td class=\"column-6\"><a href=\"http:\/\/la-petite-fabrique-de-grammaire.fr\/wp-content\/uploads\/2026\/01\/62-DP-CM1-Mise-en-classes.pdf\" target=\"_blank\">Diaporama \u00e0 consulter<\/a><br \/>\n<br \/>\n<a href=\"http:\/\/la-petite-fabrique-de-grammaire.fr\/wp-content\/uploads\/2026\/01\/62-DP-CM1-Mise-en-classe.pptx\">Diaporama \u00e0 t\u00e9l\u00e9charger<\/a><\/td><td class=\"column-7\"><\/td><td class=\"column-8\"><\/td><td class=\"column-9\"><\/td><td class=\"column-10\"><\/td>\n<\/tr>\n<tr class=\"row-65\">\n\t<td class=\"column-1\">R\u00e9vision des formes connues<\/td><td class=\"column-2\"><span style=\"color:#ED7D31;\">63 - Mise en boite<\/span><\/td><td class=\"column-3\">R\u00e9viser les conjugaisons<\/td><td class=\"column-4\">Analyser et classer des formes verbales<\/td><td class=\"column-5\"><a href=\"http:\/\/la-petite-fabrique-de-grammaire.fr\/wp-content\/uploads\/2026\/01\/63-CM1-GP-Mise-en-boites.pdf\" target=\"_blank\">le\u00e7on<\/a><br \/>\n<br \/>\n<a href=\"http:\/\/la-petite-fabrique-de-grammaire.fr\/wp-content\/uploads\/2026\/01\/63-CM1-GP-Mise-en-boites.tableau-annexe.pdf\" target=\"_blank\">tableau annexe<\/a><br \/>\n<br \/>\n<a href=\"http:\/\/la-petite-fabrique-de-grammaire.fr\/wp-content\/uploads\/2026\/01\/63-CM1-FP-Mise-en-boites.pdf\" target=\"_blank\">fiche \u00e0 photocopier<\/a><\/td><td class=\"column-6\"><a href=\"http:\/\/la-petite-fabrique-de-grammaire.fr\/wp-content\/uploads\/2026\/01\/63-CM1-DP-Mise-en-boites.pdf\" target=\"_blank\">Diaporama \u00e0 consulter<\/a><br \/>\n<br \/>\n<a href=\"http:\/\/la-petite-fabrique-de-grammaire.fr\/wp-content\/uploads\/2026\/01\/63-CM1-DP-Mise-en-boites.pptx\">Diaporama \u00e0 t\u00e9l\u00e9charger<\/a><\/td><td class=\"column-7\"><\/td><td class=\"column-8\"><\/td><td class=\"column-9\"><\/td><td class=\"column-10\"><\/td>\n<\/tr>\n<tr class=\"row-66\">\n\t<td class=\"column-1\"><\/td><td class=\"column-2\"><\/td><td class=\"column-3\"><\/td><td class=\"column-4\"><\/td><td class=\"column-5\"><\/td><td class=\"column-6\"><\/td><td class=\"column-7\"><\/td><td class=\"column-8\"><\/td><td class=\"column-9\"><\/td><td class=\"column-10\"><\/td>\n<\/tr>\n<tr class=\"row-67\">\n\t<td class=\"column-1\"><\/td><td class=\"column-2\"><\/td><td class=\"column-3\"><\/td><td class=\"column-4\"><\/td><td class=\"column-5\"><\/td><td class=\"column-6\"><\/td><td class=\"column-7\"><\/td><td class=\"column-8\"><\/td><td class=\"column-9\"><\/td><td class=\"column-10\"><\/td>\n<\/tr>\n<\/tbody>\n<\/table>\n<!-- #tablepress-29 from cache --><\/p>\n","protected":false},"excerpt":{"rendered":"<p>PROGRAMMATION POUR LE CM1 Dans le CM1, les apports nouveaux concernent essentiellement l&rsquo;analyse du groupe verbal. D&rsquo;abord sont distingu\u00e9s\u00a0 l&rsquo;attribut du sujet et le compl\u00e9ment d&rsquo;objet : le premier est cor\u00e9f\u00e9rent au sujet (il \u00ab\u00a0parle de la m\u00eame chose\u00a0\u00bb) tandis que le second ne l&rsquo;est pas (\u00ab\u00a0parle d&rsquo;autre chose\u00a0\u00bb). Ensuite sont distingu\u00e9s les COD (sans [&hellip;]<\/p>\n","protected":false},"author":1,"featured_media":0,"parent":0,"menu_order":0,"comment_status":"closed","ping_status":"closed","template":"","meta":{"footnotes":""},"class_list":["post-125","page","type-page","status-publish","hentry"],"_links":{"self":[{"href":"https:\/\/la-petite-fabrique-de-grammaire.fr\/index.php?rest_route=\/wp\/v2\/pages\/125","targetHints":{"allow":["GET"]}}],"collection":[{"href":"https:\/\/la-petite-fabrique-de-grammaire.fr\/index.php?rest_route=\/wp\/v2\/pages"}],"about":[{"href":"https:\/\/la-petite-fabrique-de-grammaire.fr\/index.php?rest_route=\/wp\/v2\/types\/page"}],"author":[{"embeddable":true,"href":"https:\/\/la-petite-fabrique-de-grammaire.fr\/index.php?rest_route=\/wp\/v2\/users\/1"}],"replies":[{"embeddable":true,"href":"https:\/\/la-petite-fabrique-de-grammaire.fr\/index.php?rest_route=%2Fwp%2Fv2%2Fcomments&post=125"}],"version-history":[{"count":21,"href":"https:\/\/la-petite-fabrique-de-grammaire.fr\/index.php?rest_route=\/wp\/v2\/pages\/125\/revisions"}],"predecessor-version":[{"id":6986,"href":"https:\/\/la-petite-fabrique-de-grammaire.fr\/index.php?rest_route=\/wp\/v2\/pages\/125\/revisions\/6986"}],"wp:attachment":[{"href":"https:\/\/la-petite-fabrique-de-grammaire.fr\/index.php?rest_route=%2Fwp%2Fv2%2Fmedia&parent=125"}],"curies":[{"name":"wp","href":"https:\/\/api.w.org\/{rel}","templated":true}]}}