{"id":121,"date":"2023-11-04T15:58:53","date_gmt":"2023-11-04T14:58:53","guid":{"rendered":"https:\/\/la-petite-fabrique-de-grammaire.fr\/?page_id=121"},"modified":"2025-03-04T17:17:56","modified_gmt":"2025-03-04T16:17:56","slug":"ce1-2","status":"publish","type":"page","link":"https:\/\/la-petite-fabrique-de-grammaire.fr\/?page_id=121","title":{"rendered":"CE1"},"content":{"rendered":"<p><strong>CE1<\/strong><\/p>\n<p>Voir la publication chez Hatier des trois ouvrages.<\/p>\n<p><a href=\"https:\/\/la-petite-fabrique-de-grammaire.fr\/?attachment_id=2976\" rel=\"attachment wp-att-2976\"><img loading=\"lazy\" decoding=\"async\" class=\"alignnone size-medium wp-image-2976\" src=\"http:\/\/la-petite-fabrique-de-grammaire.fr\/wp-content\/uploads\/2024\/03\/Capture-decran-2024-03-16-a-11.46.50-300x89.png\" alt=\"\" width=\"300\" height=\"89\" srcset=\"https:\/\/la-petite-fabrique-de-grammaire.fr\/wp-content\/uploads\/2024\/03\/Capture-decran-2024-03-16-a-11.46.50-300x89.png 300w, https:\/\/la-petite-fabrique-de-grammaire.fr\/wp-content\/uploads\/2024\/03\/Capture-decran-2024-03-16-a-11.46.50.png 396w\" sizes=\"auto, (max-width: 300px) 100vw, 300px\" \/><\/a><\/p>\n<p><a href=\"https:\/\/la-petite-fabrique-de-grammaire.fr\/?attachment_id=3040\" rel=\"attachment wp-att-3040\"><img loading=\"lazy\" decoding=\"async\" class=\"alignnone size-medium wp-image-3040\" src=\"http:\/\/la-petite-fabrique-de-grammaire.fr\/wp-content\/uploads\/2024\/03\/Capture-decran-2024-03-16-a-14.39.09-1-212x300.png\" alt=\"\" width=\"212\" height=\"300\" srcset=\"https:\/\/la-petite-fabrique-de-grammaire.fr\/wp-content\/uploads\/2024\/03\/Capture-decran-2024-03-16-a-14.39.09-1-212x300.png 212w, https:\/\/la-petite-fabrique-de-grammaire.fr\/wp-content\/uploads\/2024\/03\/Capture-decran-2024-03-16-a-14.39.09-1.png 530w\" sizes=\"auto, (max-width: 212px) 100vw, 212px\" \/><\/a><a href=\"https:\/\/la-petite-fabrique-de-grammaire.fr\/?attachment_id=3038\" rel=\"attachment wp-att-3038\"><img loading=\"lazy\" decoding=\"async\" class=\"alignnone size-medium wp-image-3038\" src=\"http:\/\/la-petite-fabrique-de-grammaire.fr\/wp-content\/uploads\/2024\/03\/Capture-decran-2024-03-16-a-14.37.32-1-224x300.png\" alt=\"\" width=\"224\" height=\"300\" srcset=\"https:\/\/la-petite-fabrique-de-grammaire.fr\/wp-content\/uploads\/2024\/03\/Capture-decran-2024-03-16-a-14.37.32-1-224x300.png 224w, https:\/\/la-petite-fabrique-de-grammaire.fr\/wp-content\/uploads\/2024\/03\/Capture-decran-2024-03-16-a-14.37.32-1.png 561w\" sizes=\"auto, (max-width: 224px) 100vw, 224px\" \/><\/a><a href=\"https:\/\/la-petite-fabrique-de-grammaire.fr\/?attachment_id=3048\" rel=\"attachment wp-att-3048\"><img loading=\"lazy\" decoding=\"async\" class=\"alignnone size-medium wp-image-3048\" src=\"http:\/\/la-petite-fabrique-de-grammaire.fr\/wp-content\/uploads\/2024\/03\/couvs_des_livrets-297x300.png\" alt=\"\" width=\"297\" height=\"300\" srcset=\"https:\/\/la-petite-fabrique-de-grammaire.fr\/wp-content\/uploads\/2024\/03\/couvs_des_livrets-297x300.png 297w, https:\/\/la-petite-fabrique-de-grammaire.fr\/wp-content\/uploads\/2024\/03\/couvs_des_livrets.png 639w\" sizes=\"auto, (max-width: 297px) 100vw, 297px\" \/><\/a><\/p>\n<p>Les le\u00e7ons que nous proposons sont nombreuses. Pour disposer rapidement d&rsquo;une <strong>vue d&rsquo;ensemble<\/strong>, vous trouverez dans le tableau ci-dessous la liste, organis\u00e9e par domaine, des objectifs et traces \u00e9crites de chaque le\u00e7on.<\/p>\n\n<table id=\"tablepress-57\" class=\"tablepress tablepress-id-57\">\n<thead>\n<tr class=\"row-1\">\n\t<th colspan=\"2\" class=\"column-1\"><strong>CE1 - Liste des objectifs et des traces \u00e9crites<\/strong><\/th><td class=\"column-3\"><\/td>\n<\/tr>\n<\/thead>\n<tbody class=\"row-striping row-hover\">\n<tr class=\"row-2\">\n\t<td class=\"column-1\"><strong><span style=\"color:#ED7D31;\"> Lettres et sons<\/span><\/strong><\/td><td class=\"column-2\"><a href=\"http:\/\/la-petite-fabrique-de-grammaire.fr\/wp-content\/uploads\/2025\/03\/Liste-des-traces-ecrites-CE1-Lettres-et-sons.pdf\" target=\"_blank\">Liste traces \u00e9crites<\/a><\/td><td class=\"column-3\"><\/td>\n<\/tr>\n<tr class=\"row-3\">\n\t<td class=\"column-1\"><strong><span style=\"color: #008000;\">Lettres et mots particuliers<\/span><\/strong><\/td><td class=\"column-2\"><a href=\"http:\/\/la-petite-fabrique-de-grammaire.fr\/wp-content\/uploads\/2025\/03\/Liste-des-traces-ecrites-CE1-Des-lettres-et-des-mots-particuliers.pdf\" target=\"_blank\">Liste traces \u00e9crites<\/a><\/td><td class=\"column-3\"><\/td>\n<\/tr>\n<tr class=\"row-4\">\n\t<td class=\"column-1\"><strong><span style=\"color: #99cc00;\">Groupe du nom<\/span><\/strong><\/td><td class=\"column-2\"><a href=\"http:\/\/la-petite-fabrique-de-grammaire.fr\/wp-content\/uploads\/2025\/03\/Liste-des-traces-ecrites-CE1-Groupe-du-nom.pdf\" target=\"_blank\">Liste traces \u00e9crites<\/a><\/td><td class=\"column-3\"><\/td>\n<\/tr>\n<tr class=\"row-5\">\n\t<td class=\"column-1\"><strong><span style=\"color: #00ccff;\">Qui parle ? \u00c0 qui ?<\/span><\/strong><\/td><td class=\"column-2\"><a href=\"http:\/\/la-petite-fabrique-de-grammaire.fr\/wp-content\/uploads\/2025\/03\/Liste-des-traces-ecrites-CE1-Qui-parle-a-qui-de-quoi.pdf\" target=\"_blank\">Liste traces \u00e9crites<\/a><\/td><td class=\"column-3\"><\/td>\n<\/tr>\n<tr class=\"row-6\">\n\t<td class=\"column-1\"><strong><span style=\"color: #993300;\">Phrase<\/span><\/strong><\/td><td class=\"column-2\"><a href=\"http:\/\/la-petite-fabrique-de-grammaire.fr\/wp-content\/uploads\/2025\/03\/Liste-des-traces-ecrites-CE1-La-phrase.pdf\" target=\"_blank\">Liste traces \u00e9crites<\/a><\/td><td class=\"column-3\"><\/td>\n<\/tr>\n<tr class=\"row-7\">\n\t<td class=\"column-1\"><strong><span style=\"color:#FF0000;\">Conjugaison<\/span><\/strong><\/td><td class=\"column-2\"><a href=\"http:\/\/la-petite-fabrique-de-grammaire.fr\/wp-content\/uploads\/2025\/03\/Liste-des-traces-ecrites-CE1-Conjugaison.pdf\" target=\"_blank\">Liste traces \u00e9crites<\/a><\/td><td class=\"column-3\"><\/td>\n<\/tr>\n<tr class=\"row-8\">\n\t<td class=\"column-1\"><strong><span style=\"color:#FF40FF;\"> Distinguer les classes de mots<\/span><\/strong><\/td><td class=\"column-2\"><a href=\"http:\/\/la-petite-fabrique-de-grammaire.fr\/wp-content\/uploads\/2025\/03\/Liste-des-traces-ecrites-CE1-Distinguer-les-classes-de-mots.pdf\" target=\"_blank\">Liste traces \u00e9crites<\/a><\/td><td class=\"column-3\"><\/td>\n<\/tr>\n<\/tbody>\n<\/table>\n<!-- #tablepress-57 from cache -->\n<p>&nbsp;<\/p>\n<p>Et voici la liste des le\u00e7ons \u00e0 retrouver dans le guide p\u00e9dagogique.<\/p>\n\n<table id=\"tablepress-41\" class=\"tablepress tablepress-id-41 tbody-has-connected-cells\">\n<thead>\n<tr class=\"row-1\">\n\t<th colspan=\"2\" class=\"column-1\"><strong>Le\u00e7ons pour le CE1<\/strong><\/th><td class=\"column-3\"><\/td><td class=\"column-4\"><\/td><td class=\"column-5\"><\/td><td class=\"column-6\"><\/td><td class=\"column-7\"><\/td><td class=\"column-8\"><\/td><td class=\"column-9\"><\/td><td class=\"column-10\"><\/td><td class=\"column-11\"><\/td>\n<\/tr>\n<\/thead>\n<tbody class=\"row-striping row-hover\">\n<tr class=\"row-2\">\n\t<td class=\"column-1\"><\/td><td class=\"column-2\"><strong>Titre de la le\u00e7on<\/strong><\/td><td class=\"column-3\"><strong>Objectif<\/strong><\/td><td class=\"column-4\"><strong>Activit\u00e9 des \u00e9l\u00e8ves<\/strong><\/td><td colspan=\"2\" class=\"column-5\"><strong>Ressources pour la classe<strong><\/td><td class=\"column-7\"><\/td><td class=\"column-8\"><\/td><td class=\"column-9\"><\/td><td class=\"column-10\"><\/td><td class=\"column-11\"><\/td>\n<\/tr>\n<tr class=\"row-3\">\n\t<td class=\"column-1\">Voyelles et consonnes<\/td><td class=\"column-2\"><strong><span style=\"color:#4472C4;\">1 - Voyelles et consonnes<\/strong><\/sapn><\/td><td class=\"column-3\">Faire la diff\u00e9rence entre son-voyelle et son-consonne<\/td><td class=\"column-4\">Faire varier les consonnes autour d'une m\u00eame voyelle et reconnaitre des mots diff\u00e9rents<\/td><td colspan=\"2\" class=\"column-5\"><em>Guide p\u00e9dagogique CE1<\/em>, Hatier<br \/>\npp. 1-2<\/td><td class=\"column-7\"><\/td><td class=\"column-8\"><\/td><td class=\"column-9\"><\/td><td class=\"column-10\"><\/td><td class=\"column-11\"><\/td>\n<\/tr>\n<tr class=\"row-4\">\n\t<td class=\"column-1\">Voyelles et consonnes<\/td><td class=\"column-2\"><strong><span style=\"color:#70AD47;\">2 - Voyelles et consonnes<\/strong><\/sapn><\/td><td class=\"column-3\">Identifier les lettres-voyelles, simples ou complexes<\/td><td class=\"column-4\">Isoler les lettres qui notent un son-voyelle dans quelques mots. Trvouer des mots comportant le m\u00eame son-voyelle.<\/td><td colspan=\"2\" class=\"column-5\"><em>Guide p\u00e9dagogique CE1<\/em>, Hatier<br \/>\npp.3-4<\/td><td class=\"column-7\"><\/td><td class=\"column-8\"><\/td><td class=\"column-9\"><\/td><td class=\"column-10\"><\/td><td class=\"column-11\"><\/td>\n<\/tr>\n<tr class=\"row-5\">\n\t<td class=\"column-1\">Marques du pluriel<\/td><td class=\"column-2\"><strong><span style=\"color:#4472C4;\">3 - 4 - Un ou plusieurs\u00a0? (1 et 2)<\/span><\/strong><\/td><td class=\"column-3\">Les indicateurs de pluralit\u00e9<\/td><td class=\"column-4\">Relever et observer dans un texte les indicateurs de pluralit\u00e9<\/td><td colspan=\"2\" class=\"column-5\"><em>Guide p\u00e9dagogique CE1<\/em>, Hatier<br \/>\npp. 5-9<\/td><td class=\"column-7\"><\/td><td class=\"column-8\"><\/td><td class=\"column-9\"><\/td><td class=\"column-10\"><\/td><td class=\"column-11\"><\/td>\n<\/tr>\n<tr class=\"row-6\">\n\t<td class=\"column-1\">Marques du pluriel<\/td><td class=\"column-2\"><strong><span style=\"color:#70AD47;\">5 - Des lettres muettes nous disent des choses<\/span><\/strong><\/td><td class=\"column-3\">Les indicateurs de pluralit\u00e9<\/td><td class=\"column-4\">Faire varier et observer une phrase du pluriel au singulier<\/td><td colspan=\"2\" class=\"column-5\"><em>Guide p\u00e9dagogique CE1<\/em>, Hatier<br \/>\npp. 10-11<\/td><td class=\"column-7\"><\/td><td class=\"column-8\"><\/td><td class=\"column-9\"><\/td><td class=\"column-10\"><\/td><td class=\"column-11\"><\/td>\n<\/tr>\n<tr class=\"row-7\">\n\t<td class=\"column-1\">Marques du pluriel<\/td><td class=\"column-2\"><strong><span style=\"color:#70AD47;\">6 - Des lionnes \/ une lionne (1)<\/span><\/strong><\/td><td class=\"column-3\">Les marques du pluriel<\/td><td class=\"column-4\">Faire varier un court texte du pluriel au singulier<\/td><td colspan=\"2\" class=\"column-5\"><em>Guide p\u00e9dagogique CE1<\/em>, Hatier<br \/>\npp. 14-15<\/td><td class=\"column-7\"><\/td><td class=\"column-8\"><\/td><td class=\"column-9\"><\/td><td class=\"column-10\"><\/td><td class=\"column-11\"><\/td>\n<\/tr>\n<tr class=\"row-8\">\n\t<td class=\"column-1\">Nom \/ verbe<\/td><td class=\"column-2\"><strong><span style=\"color:#4472C4;\">7 - Qui fait quoi ?<\/strong><\/sapn><\/td><td class=\"column-3\">Caract\u00e9risation s\u00e9mantique des noms et des verbes<\/td><td class=\"column-4\">\u00c0 partir de la liste des mots d'un r\u00e9cit, pr\u00e9dire les personnages et leurs actions<\/td><td colspan=\"2\" class=\"column-5\"><em>Guide p\u00e9dagogique CE1<\/em>, Hatier, <br \/>\npp. 16-17<\/td><td class=\"column-7\"><\/td><td class=\"column-8\"><\/td><td class=\"column-9\"><\/td><td class=\"column-10\"><\/td><td class=\"column-11\"><\/td>\n<\/tr>\n<tr class=\"row-9\">\n\t<td class=\"column-1\">Nom \/ verbe<\/td><td class=\"column-2\"><span style=\"color:#4472C4;\"> <strong>8 - Imagier des noms \/ imagier des verbes<\/strong><\/td><td class=\"column-3\">Caract\u00e9risation des noms et des verbes<\/td><td class=\"column-4\">Constituer des imagiers contrast\u00e9s \u00e0 partir d'un m\u00eame jeu d'images<\/td><td colspan=\"2\" class=\"column-5\"><em>Guide p\u00e9dagogique CE1<\/em>, Hatier, <br \/>\npp. 18-20<\/td><td class=\"column-7\"><\/td><td class=\"column-8\"><\/td><td class=\"column-9\"><\/td><td class=\"column-10\"><\/td><td class=\"column-11\"><\/td>\n<\/tr>\n<tr class=\"row-10\">\n\t<td class=\"column-1\">Nom \/ verbe<\/td><td class=\"column-2\"><strong><span style=\"color:#70AD47;\">9 - 10 - \"La porte\" et \"elle porte\" (1 et 2)<\/strong><\/span><\/td><td class=\"column-3\">Caract\u00e9risation morphosyntaxique des noms et des verbes<\/td><td class=\"column-4\">Observer et lever les ambig\u00fcit\u00e9s entre noms et verbes<\/td><td colspan=\"2\" class=\"column-5\"><em>Guide p\u00e9dagogique CE1<\/em>, Hatier, <br \/>\npp. 21-23<\/td><td class=\"column-7\"><\/td><td class=\"column-8\"><\/td><td class=\"column-9\"><\/td><td class=\"column-10\"><\/td><td class=\"column-11\"><\/td>\n<\/tr>\n<tr class=\"row-11\">\n\t<td class=\"column-1\">Valeurs du -<em>s<\/em>-<\/td><td class=\"column-2\"><strong><span style=\"color:#ED7D31;\">11 - Collecte du -<span style=\"color:#ED7D31;\"><em>s<\/em><\/span><span style=\"color:#ED7D31;\">-<\/span><\/strong><\/td><td class=\"column-3\">Polys\u00e9mie de la lettre -<em>s-<\/em><\/td><td class=\"column-4\">D\u00e9contextualiser et classer des mots comportant la lettre -<em>s<\/em>-<\/td><td colspan=\"2\" class=\"column-5\"><em>Guide p\u00e9dagogique CE1<\/em>, Hatier, <br \/>\npp. 26-27<\/td><td class=\"column-7\"><\/td><td class=\"column-8\"><\/td><td class=\"column-9\"><\/td><td class=\"column-10\"><\/td><td class=\"column-11\"><\/td>\n<\/tr>\n<tr class=\"row-12\">\n\t<td class=\"column-1\">Le <em>-s-<\/em> entre voyelles<\/td><td class=\"column-2\"><strong><span style=\"color:#70AD47;\">12 - Du poisson et du poison<\/span><\/strong><\/td><td class=\"column-3\">Sonorisation du <em>-s-<\/em><\/td><td class=\"column-4\">Observer un ensemble de mots<\/td><td colspan=\"2\" class=\"column-5\"><em>Guide p\u00e9dagogique CE1<\/em>, Hatier, <br \/>\npp. 29-31<\/td><td class=\"column-7\"><\/td><td class=\"column-8\"><\/td><td class=\"column-9\"><\/td><td class=\"column-10\"><\/td><td class=\"column-11\"><\/td>\n<\/tr>\n<tr class=\"row-13\">\n\t<td class=\"column-1\">D\u00e9terminant d\u00e9fini \/ ind\u00e9fini<\/td><td class=\"column-2\"><strong><span style=\"color:#4472C4;\">13 - Est-ce qu'on en a d\u00e9j\u00e0 parl\u00e9 ?<\/span><\/strong><\/td><td class=\"column-3\">L'enchainement <em>un<\/em> -> <em>le <\/em>dans la pr\u00e9sentation des personnages<\/td><td class=\"column-4\">compl\u00e9ter un texte \u00e0 trous avec des d\u00e9terminants d\u00e9finis ou ind\u00e9finis<\/td><td colspan=\"2\" class=\"column-5\"><em>Guide p\u00e9dagogique CE1<\/em>, Hatier, <br \/>\npp. 34-35<\/td><td class=\"column-7\"><\/td><td class=\"column-8\"><\/td><td class=\"column-9\"><\/td><td class=\"column-10\"><\/td><td class=\"column-11\"><\/td>\n<\/tr>\n<tr class=\"row-14\">\n\t<td class=\"column-1\">Partage de l'information<\/td><td class=\"column-2\"><strong><span style=\"color:#4472C4;\">14 - Comment lire une phrase ?<\/span><\/strong><\/td><td class=\"column-3\">D\u00e9coupage grammatical en GN sujet \/ GV<\/td><td class=\"column-4\">Tester diff\u00e9rentes fa\u00e7on de d\u00e9couper la phrase<\/td><td colspan=\"2\" class=\"column-5\"><em>Guide p\u00e9dagogique CE1<\/em>, Hatier, <br \/>\npp. 36-37<\/td><td class=\"column-7\"><\/td><td class=\"column-8\"><\/td><td class=\"column-9\"><\/td><td class=\"column-10\"><\/td><td class=\"column-11\"><\/td>\n<\/tr>\n<tr class=\"row-15\">\n\t<td class=\"column-1\">Accord du verbe avec le sujet<\/td><td class=\"column-2\"><strong><span style=\"color:#70AD47;\">15 - 16 - Les briques de la phrase (1 et 2)<\/span><\/strong><\/td><td class=\"column-3\">Accord du verbe avec le sujet<\/td><td class=\"column-4\">Apparier groupes sujets et groupes du verbe<\/td><td colspan=\"2\" class=\"column-5\"><em>Guide p\u00e9dagogique CE1<\/em>, Hatier, <br \/>\npp. 38-44<\/td><td class=\"column-7\"><\/td><td class=\"column-8\"><\/td><td class=\"column-9\"><\/td><td class=\"column-10\"><\/td><td class=\"column-11\"><\/td>\n<\/tr>\n<tr class=\"row-16\">\n\t<td class=\"column-1\">Le <em>-n-<\/em> devant <em>-b-<\/em> et <em>-p-<\/em><\/td><td class=\"column-2\"><strong><span style=\"color:#70AD47;\">17 - Le concombre<\/span><\/strong><\/td><td class=\"column-3\">Assimilation du  <em>-n-<\/em> devant <em>-b-<\/em> et <em>-p-<\/em><\/td><td class=\"column-4\">Classer un ensemble de mots<\/td><td colspan=\"2\" class=\"column-5\"><em>Guide p\u00e9dagogique CE1<\/em>, Hatier, <br \/>\npp. 47-49<\/td><td class=\"column-7\"><\/td><td class=\"column-8\"><\/td><td class=\"column-9\"><\/td><td class=\"column-10\"><\/td><td class=\"column-11\"><\/td>\n<\/tr>\n<tr class=\"row-17\">\n\t<td class=\"column-1\">Pronoms personnels sujets<\/td><td class=\"column-2\"><strong><span style=\"color:#4472C4;\">18 - 19 - Sc\u00e9nettes (1 et 2)<\/span><\/strong><\/td><td class=\"column-3\">Interpr\u00e9tation des pronoms personnels<\/td><td class=\"column-4\">Comprendre les pronoms personnels en fonction de courtes sc\u00e9nettes<\/td><td colspan=\"2\" class=\"column-5\"><em>Guide p\u00e9dagogique CE1<\/em>, Hatier, <br \/>\npp. 50-55<\/td><td class=\"column-7\"><\/td><td class=\"column-8\"><\/td><td class=\"column-9\"><\/td><td class=\"column-10\"><\/td><td class=\"column-11\"><\/td>\n<\/tr>\n<tr class=\"row-18\">\n\t<td class=\"column-1\">Personnes grammaticales<\/td><td class=\"column-2\"><span style=\"color:#4472C4;\"><strong>20 - Verbes et pronoms<\/strong><\/span><\/td><td class=\"column-3\">Variation des verbes en fonction des situations d'\u00e9nonciation (des \"sc\u00e9nettes\")<\/td><td class=\"column-4\">Observer quelques variations en fonction du pronom<\/td><td colspan=\"2\" class=\"column-5\"><em>Guide p\u00e9dagogique CE1<\/em>, Hatier, <br \/>\npp. 58-59<\/td><td class=\"column-7\"><\/td><td class=\"column-8\"><\/td><td class=\"column-9\"><\/td><td class=\"column-10\"><\/td><td class=\"column-11\"><\/td>\n<\/tr>\n<tr class=\"row-19\">\n\t<td class=\"column-1\">Pr\u00e9sent de l'indicatif<\/td><td class=\"column-2\"><span style=\"color:#70AD47;\"><strong>21 - 22 - 23 - Machine \u00e0 conjuguer (1, 2 et 3)<\/strong><\/span><\/td><td class=\"column-3\">Les marques de la personne (verbes en -e, -es, -e et verbes en -s, -s, -t)<\/td><td class=\"column-4\">Construire et utiliser le tableau de conjugaison de quatre verbes<\/td><td colspan=\"2\" class=\"column-5\"><em>Guide p\u00e9dagogique CE1<\/em>, Hatier, <br \/>\npp. 60-66<\/td><td class=\"column-7\"><\/td><td class=\"column-8\"><\/td><td class=\"column-9\"><\/td><td class=\"column-10\"><\/td><td class=\"column-11\"><\/td>\n<\/tr>\n<tr class=\"row-20\">\n\t<td class=\"column-1\">Nom \/ verbe<br \/>\n<br \/>\n<br \/>\n<\/td><td class=\"column-2\"><span style=\"color:#70AD47;\">24 - Les petits mots nous disent des choses<\/span><\/td><td class=\"column-3\">Caract\u00e9risation morphosyntaxique des noms et des verbes<\/td><td class=\"column-4\">S'appuyer sur la phrase pour distinguer noms et verbes<\/td><td colspan=\"2\" class=\"column-5\"><em>Guide p\u00e9dagogique CE1<\/em>, Hatier, <br \/>\npp. 67-69<\/td><td class=\"column-7\"><\/td><td class=\"column-8\"><\/td><td class=\"column-9\"><\/td><td class=\"column-10\"><\/td><td class=\"column-11\"><\/td>\n<\/tr>\n<tr class=\"row-21\">\n\t<td class=\"column-1\">\u00c9viter les r\u00e9p\u00e9titions<\/td><td class=\"column-2\"><strong><span style=\"color:#70AD47;\">25 - \u00c0 quoi servent les pronoms personnels ?<\/span><\/strong><\/td><td class=\"column-3\">Identifier les pronoms des personnes 3 et 6 comme reprises de l'information<\/td><td class=\"column-4\">\u00c9viter les r\u00e9p\u00e9titions dans un texte<\/td><td colspan=\"2\" class=\"column-5\"><em>Guide p\u00e9dagogique CE1<\/em>, Hatier, <br \/>\npp. 70-71<\/td><td class=\"column-7\"><\/td><td class=\"column-8\"><\/td><td class=\"column-9\"><\/td><td class=\"column-10\"><\/td><td class=\"column-11\"><\/td>\n<\/tr>\n<tr class=\"row-22\">\n\t<td class=\"column-1\">Les accents aigu et grave<\/td><td class=\"column-2\"><strong><span style=\"color:#70AD47;\">26 - Un sapin pour les \u00e9l\u00e8ves<\/span><\/strong><\/td><td class=\"column-3\">Orientation des accents<\/td><td class=\"column-4\">Classer un ensemble de mots<\/td><td colspan=\"2\" class=\"column-5\"><em>Guide p\u00e9dagogique CE1<\/em>, Hatier, <br \/>\npp. 72-73<br \/>\n<\/td><td class=\"column-7\"><\/td><td class=\"column-8\"><\/td><td class=\"column-9\"><\/td><td class=\"column-10\"><\/td><td class=\"column-11\"><\/td>\n<\/tr>\n<tr class=\"row-23\">\n\t<td class=\"column-1\">Liaison et \u00e9lision<\/td><td class=\"column-2\"><span style=\"color:#70AD47;\"><strong>27 - Les deux amis<\/strong><\/span><\/td><td class=\"column-3\">Le risque d'erreurs li\u00e9es \u00e0 la rencontre entre une consonne qui termine un mot et la voyelle qui comment le mot suivant<\/td><td class=\"column-4\">Analyse d'erreurs<\/td><td class=\"column-5\"><em>Guide p\u00e9dagogique CE1<\/em>, Hatier, <br \/>\npp. 74-77<\/td><td class=\"column-6\"><\/td><td class=\"column-7\"><\/td><td class=\"column-8\"><\/td><td class=\"column-9\"><\/td><td class=\"column-10\"><\/td><td class=\"column-11\"><\/td>\n<\/tr>\n<tr class=\"row-24\">\n\t<td class=\"column-1\">La marque du f\u00e9minin<\/td><td class=\"column-2\"><strong><span style=\"color:#4472C4;\">28 - Mimi\u00a0: fille ou gar\u00e7on\u00a0?<\/span><\/strong><\/td><td class=\"column-3\">La s\u00e9quence <em>consonne + -e-<\/em> comme indice de genre<\/td><td class=\"column-4\">D\u00e9terminer le sexe d\u2019un personnage \u00e0 partir d\u2019un indice orthographique<\/td><td colspan=\"2\" class=\"column-5\"><em>Guide p\u00e9dagogique CE1<\/em>, Hatier<br \/>\npp. 78-80<\/td><td class=\"column-7\"><\/td><td class=\"column-8\"><\/td><td class=\"column-9\"><\/td><td class=\"column-10\"><\/td><td class=\"column-11\"><\/td>\n<\/tr>\n<tr class=\"row-25\">\n\t<td class=\"column-1\">La marque du f\u00e9minin<\/td><td class=\"column-2\"><strong><span style=\"color:#4472C4;\">29 - Devinettes<\/span><\/strong><\/td><td class=\"column-3\">Le -<em>e<\/em>- muet comme indice de genre<\/td><td class=\"column-4\">R\u00e9pondre \u00e0 des devinettes en s\u2019appuyant sur des indices grammaticaux.<\/td><td colspan=\"2\" class=\"column-5\"><em>Guide p\u00e9dagogique CE1<\/em>, Hatier<br \/>\npp. 81-83<\/td><td class=\"column-7\"><\/td><td class=\"column-8\"><\/td><td class=\"column-9\"><\/td><td class=\"column-10\"><\/td><td class=\"column-11\"><\/td>\n<\/tr>\n<tr class=\"row-26\">\n\t<td class=\"column-1\">L\u2019adjectif<\/td><td class=\"column-2\"><strong><span style=\"color:#4472C4;\">30 - Froid, rouge et d\u00e9licieux<\/span><\/strong><\/td><td class=\"column-3\">Le sens des adjectifs<\/td><td class=\"column-4\">Titrer des imagiers<\/td><td colspan=\"2\" class=\"column-5\"><em>Guide p\u00e9dagogique CE1<\/em>, Hatier<br \/>\npp. 84-85<\/td><td class=\"column-7\"><\/td><td class=\"column-8\"><\/td><td class=\"column-9\"><\/td><td class=\"column-10\"><\/td><td class=\"column-11\"><\/td>\n<\/tr>\n<tr class=\"row-27\">\n\t<td class=\"column-1\">Genre de noms<\/td><td class=\"column-2\"><strong><span style=\"color:#70AD47;\">31 - Le moustique et la fourmi<\/span><\/strong><\/td><td class=\"column-3\">Le genre des noms<\/td><td class=\"column-4\">Classer des mots selon leur genre<\/td><td colspan=\"2\" class=\"column-5\"><em>Guide p\u00e9dagogique CE1<\/em>, Hatier<br \/>\npp. 86-89<\/td><td class=\"column-7\"><\/td><td class=\"column-8\"><\/td><td class=\"column-9\"><\/td><td class=\"column-10\"><\/td><td class=\"column-11\"><\/td>\n<\/tr>\n<tr class=\"row-28\">\n\t<td class=\"column-1\">La c\u00e9dille<br \/>\n<br \/>\n<br \/>\n<br \/>\n<\/td><td class=\"column-2\"><strong><span style=\"color:#70AD47;\">32 - Une balan\u00e7oire pour se balancer<\/span><\/strong><\/td><td class=\"column-3\">Utilisation de la c\u00e9dille<\/td><td class=\"column-4\">Classer un ensemble de mots<\/td><td colspan=\"2\" class=\"column-5\"><em>Guide p\u00e9dagogique CE1<\/em>, Hatier, <br \/>\npp. 90-91<\/td><td class=\"column-7\"><\/td><td class=\"column-8\"><\/td><td class=\"column-9\"><\/td><td class=\"column-10\"><\/td><td class=\"column-11\"><\/td>\n<\/tr>\n<tr class=\"row-29\">\n\t<td class=\"column-1\">Homophones <em>et \/ est <br \/>\nou \/ o\u00f9<\/em><\/td><td class=\"column-2\"><strong><span style=\"color:#ED7D31;\">33 - Collecte de <span style=\"color:#ED7D31;\"><em>et<\/em><\/span><span style=\"color:#ED7D31;\"> et <\/span><span style=\"color:#ED7D31;\"><em>ou<\/em><\/span><\/span><\/strong><\/td><td class=\"column-3\">Caract\u00e9risation des mots <em>et<\/em> et <em>ou <\/em>Approcher la coordination<\/td><td class=\"column-4\">D\u00e9contextualiser et observer les conjonctions de coordination dans un corpus<\/td><td colspan=\"2\" class=\"column-5\"><em>Guide p\u00e9dagogique CE1<\/em>, Hatier, <br \/>\npp. 92-93<\/td><td class=\"column-7\"><\/td><td class=\"column-8\"><\/td><td class=\"column-9\"><\/td><td class=\"column-10\"><\/td><td class=\"column-11\"><\/td>\n<\/tr>\n<tr class=\"row-30\">\n\t<td class=\"column-1\">Accord de l\u2019adjectif en genre<\/td><td class=\"column-2\"><strong><span style=\"color:#70AD47;\">34 - <em>Grand<span style=\"color:#70AD47;\"> ou <\/span><span style=\"color:#70AD47;\"><em>grande<\/em><\/span><span style=\"color:#70AD47;\"> baleine\u00a0?<\/span><\/em><\/span><\/strong><\/td><td class=\"column-3\">Accord de l\u2019adjectif avec le nom<\/td><td class=\"column-4\">Apparier des noms avec des d\u00e9terminants puis avec des adjectifs au masculin ou au f\u00e9minin<\/td><td colspan=\"2\" class=\"column-5\"><em>Guide p\u00e9dagogique CE1<\/em>, Hatier<br \/>\npp. 94-96<\/td><td class=\"column-7\"><\/td><td class=\"column-8\"><\/td><td class=\"column-9\"><\/td><td class=\"column-10\"><\/td><td class=\"column-11\"><\/td>\n<\/tr>\n<tr class=\"row-31\">\n\t<td class=\"column-1\">Accords de l\u2019adjectif en genre et en nombre<\/td><td class=\"column-2\"><strong><span style=\"color:#70AD47;\">35 - Le double accord<\/span><\/strong><\/td><td class=\"column-3\">Accord en nombre ET en genre<\/td><td class=\"column-4\">Comparer des groupes du noms accord\u00e9s au pluriel et accord\u00e9s au f\u00e9minin<\/td><td colspan=\"2\" class=\"column-5\"><em>Guide p\u00e9dagogique CE1<\/em>, Hatier<br \/>\npp. 97-98<\/td><td class=\"column-7\"><\/td><td class=\"column-8\"><\/td><td class=\"column-9\"><\/td><td class=\"column-10\"><\/td><td class=\"column-11\"><\/td>\n<\/tr>\n<tr class=\"row-32\">\n\t<td class=\"column-1\">Accords en genre<\/td><td class=\"column-2\"><strong><span style=\"color:#ED7D31;\">36 - Une lionne \/ un lion (1)<\/span><\/strong><\/td><td class=\"column-3\">Pratique des accords au f\u00e9minin<\/td><td class=\"column-4\">Compl\u00e9ter un texte \u00e0 trous, qui est une variation au masculin d\u2019un texte au f\u00e9minin.<\/td><td colspan=\"2\" class=\"column-5\"><em>Guide p\u00e9dagogique CE1<\/em>, Hatier<br \/>\npp. 99-101<\/td><td class=\"column-7\"><\/td><td class=\"column-8\"><\/td><td class=\"column-9\"><\/td><td class=\"column-10\"><\/td><td class=\"column-11\"><\/td>\n<\/tr>\n<tr class=\"row-33\">\n\t<td class=\"column-1\">Adjectifs \u00e9pic\u00e8nes<\/td><td class=\"column-2\"><strong><span style=\"color:#70AD47;\">37 - F\u00e9f\u00e9\u00a0: fille ou gar\u00e7on\u00a0?<\/span><\/strong><\/td><td class=\"column-3\">Absence de marque de genre sur certains adjectifs.<\/td><td class=\"column-4\">D\u00e9terminer le sexe d\u2019un personnage \u00e0 partir d\u2019un indice orthographique<\/td><td colspan=\"2\" class=\"column-5\"><em>Guide p\u00e9dagogique CE1<\/em>, Hatier<br \/>\npp. 102-103<\/td><td class=\"column-7\"><\/td><td class=\"column-8\"><\/td><td class=\"column-9\"><\/td><td class=\"column-10\"><\/td><td class=\"column-11\"><\/td>\n<\/tr>\n<tr class=\"row-34\">\n\t<td class=\"column-1\">le sujet<\/td><td class=\"column-2\"><strong><span style=\"color:#70AD47;\">38 - Les brique sujets<\/span><\/strong><\/td><td class=\"column-3\">Approche de la diversit\u00e9 des sujets<\/td><td class=\"column-4\">Analyser des phrases<\/td><td colspan=\"2\" class=\"column-5\"><em>Guide p\u00e9dagogique<\/em> CE1, Hatier, <br \/>\npp. 106-108<\/td><td class=\"column-7\"><\/td><td class=\"column-8\"><\/td><td class=\"column-9\"><\/td><td class=\"column-10\"><\/td><td class=\"column-11\"><\/td>\n<\/tr>\n<tr class=\"row-35\">\n\t<td class=\"column-1\">Accord du verbe avec le sujet<\/td><td class=\"column-2\"><span style=\"color:#ED7D31;\">39 - Machine \u00e0 accorder le verbe avec le sujet<\/span><\/td><td class=\"column-3\">Accord du verbe avec le sujet<\/td><td class=\"column-4\">Entrainer l'accord du verbe<\/td><td colspan=\"2\" class=\"column-5\"><em>Guide p\u00e9dagogique CE1<\/em>, Hatier, <br \/>\npp. 109-111<\/td><td class=\"column-7\"><\/td><td class=\"column-8\"><\/td><td class=\"column-9\"><\/td><td class=\"column-10\"><\/td><td class=\"column-11\"><\/td>\n<\/tr>\n<tr class=\"row-36\">\n\t<td class=\"column-1\">Vocabulaire sp\u00e9cifique de la grammaire<\/td><td class=\"column-2\"><span style=\"color:#7030A0;\"><strong>40 -  L'arbre de la grammaire<\/strong> (1)<\/span><\/td><td class=\"column-3\">Structuration du champ disciplinaire<\/td><td class=\"column-4\">Classer par domaines des termes sp\u00e9cifiques<\/td><td colspan=\"2\" class=\"column-5\"><em>Guide p\u00e9dagogique CE1<\/em>, Hatier, <br \/>\npp. 112-113<\/td><td class=\"column-7\"><\/td><td class=\"column-8\"><\/td><td class=\"column-9\"><\/td><td class=\"column-10\"><\/td><td class=\"column-11\"><\/td>\n<\/tr>\n<tr class=\"row-37\">\n\t<td class=\"column-1\">Valeurs du -<em>e<\/em>-<\/td><td class=\"column-2\"><strong><span style=\"color:#ED7D31;\">41 - Collecte du -<span style=\"color:#ED7D31;\"><em>e<\/em><\/span><span style=\"color:#ED7D31;\">-<\/span><\/span><\/td><td class=\"column-3\">Polys\u00e9mie de la lettre -<em>e-<\/em><\/td><td class=\"column-4\">D\u00e9contextualiser et classer des mots comportant la lettre -<em>e<\/em>-<\/td><td colspan=\"2\" class=\"column-5\"><em>Guide p\u00e9dagogique CE1<\/em>, Hatier, <br \/>\npp. 114-117<\/td><td class=\"column-7\"><\/td><td class=\"column-8\"><\/td><td class=\"column-9\"><\/td><td class=\"column-10\"><\/td><td class=\"column-11\"><\/td>\n<\/tr>\n<tr class=\"row-38\">\n\t<td class=\"column-1\">Sens de l'infinitif<\/td><td class=\"column-2\"><strong><span style=\"color:#4472C4;\">42 - Recette \u00e0 l'infinitif<\/span><\/strong><\/td><td class=\"column-3\">Le caract\u00e8re impersonnel du mode-temps infinitif - Approche de la valeur nominale de l'infinitif<\/td><td class=\"column-4\">Comparer deux textes de recette, l'un \u00e0 l'infinitif et l'autre narrativis\u00e9<\/td><td colspan=\"2\" class=\"column-5\"><em>Guide p\u00e9dagogique CE1<\/em>, Hatier, <br \/>\npp. 120-121<\/td><td class=\"column-7\"><\/td><td class=\"column-8\"><\/td><td class=\"column-9\"><\/td><td class=\"column-10\"><\/td><td class=\"column-11\"><\/td>\n<\/tr>\n<tr class=\"row-39\">\n\t<td class=\"column-1\">Accords de l\u2019adjectif<\/td><td class=\"column-2\"><strong><span style=\"color:#ED7D31;\">43 - Machine \u00e0 accorder l\u2019adjectif avec le nom<\/span><\/strong><\/td><td class=\"column-3\">Les accords dans le GN<\/td><td class=\"column-4\">Apparier noms, adjectifs et d\u00e9terminants<\/td><td colspan=\"2\" class=\"column-5\"><em>Guide p\u00e9dagogique CE1<\/em>, Hatier<br \/>\npp. 124-125<\/td><td class=\"column-7\"><\/td><td class=\"column-8\"><\/td><td class=\"column-9\"><\/td><td class=\"column-10\"><\/td><td class=\"column-11\"><\/td>\n<\/tr>\n<tr class=\"row-40\">\n\t<td class=\"column-1\"><em>\u00catre<\/em>, <em>aller<\/em>, <em>avoir<\/em><\/td><td class=\"column-2\"><span style=\"color:#70AD47;\"><strong>44 - Les verbes <span style=\"color:#70AD47;\"><em><strong>\u00eatre<\/strong><\/em><\/span><span style=\"color:#70AD47;\"><strong>, <\/strong><\/span><span style=\"color:#70AD47;\"><em><strong>aller<\/strong><\/em><\/span><span style=\"color:#70AD47;\"><strong> et <\/strong><\/span><span style=\"color:#70AD47;\"><em><strong>avoir<\/strong><\/em><\/span><span style=\"color:#70AD47;\"><strong> dans la machine \u00e0 conjuguer<\/strong><\/span><\/strong><\/span><\/td><td class=\"column-3\">Les formes particuli\u00e8res de ces verbes<\/td><td class=\"column-4\">Comparer les conjugaisons particuli\u00e8res aux r\u00e9guli\u00e8res<\/td><td colspan=\"2\" class=\"column-5\"><em>Guide p\u00e9dagogique CE1<\/em>, Hatier, <br \/>\npp. 126-129<\/td><td class=\"column-7\"><\/td><td class=\"column-8\"><\/td><td class=\"column-9\"><\/td><td class=\"column-10\"><\/td><td class=\"column-11\"><\/td>\n<\/tr>\n<tr class=\"row-41\">\n\t<td class=\"column-1\">Valeur des temps<\/td><td class=\"column-2\"><strong><span style=\"color:#70AD47;\">45 - 46 - Histoire de Burt (1 et 2)<\/span><\/strong><\/td><td class=\"column-3\">La relation temporelle indiqu\u00e9e par le verbe<\/td><td class=\"column-4\">Placer \u00e9v\u00e9nement d'une courte histoire et \u00e9nonciateur sur une ligne du temps<\/td><td colspan=\"2\" class=\"column-5\"><em>Guide p\u00e9dagogique CE1<\/em>, Hatier, <br \/>\npp. 132-137<\/td><td class=\"column-7\"><\/td><td class=\"column-8\"><\/td><td class=\"column-9\"><\/td><td class=\"column-10\"><\/td><td class=\"column-11\"><\/td>\n<\/tr>\n<tr class=\"row-42\">\n\t<td class=\"column-1\">Infinitif<\/td><td class=\"column-2\"><span style=\"color:#70AD47;\"><strong>47 - Trouver l'infinitif<\/strong><\/span><\/td><td class=\"column-3\">Les infinitifs en [e] et ceux en [r]<\/td><td class=\"column-4\">Classer des infinitifs<\/td><td colspan=\"2\" class=\"column-5\"><em>Guide p\u00e9dagogique CE1<\/em>, Hatier, <br \/>\npp. 138-139<\/td><td class=\"column-7\"><\/td><td class=\"column-8\"><\/td><td class=\"column-9\"><\/td><td class=\"column-10\"><\/td><td class=\"column-11\"><\/td>\n<\/tr>\n<tr class=\"row-43\">\n\t<td class=\"column-1\">Classer les verbes<\/td><td class=\"column-2\"><span style=\"color:#70AD47;\"><strong><span style=\"color:#70AD47;\"><strong>48 - Verbe en -<\/strong><\/span><span style=\"color:#70AD47;\"><em><strong>e<\/strong><\/em><\/span><span style=\"color:#70AD47;\"><strong> ou verbe en -<\/strong><\/span><span style=\"color:#70AD47;\"><em><strong>s<\/strong><\/em><\/span><span style=\"color:#70AD47;\"><strong> ?<\/strong><\/span><\/strong><\/span><\/td><td class=\"column-3\">Crit\u00e8re pour identifier les deux sortes de verbes<\/td><td class=\"column-4\">Comparer le comportement de diff\u00e9rents verbes<\/td><td colspan=\"2\" class=\"column-5\"><em>Guide p\u00e9dagogique CE1<\/em>, Hatier, <br \/>\npp. 140-141<\/td><td class=\"column-7\"><\/td><td class=\"column-8\"><\/td><td class=\"column-9\"><\/td><td class=\"column-10\"><\/td><td class=\"column-11\"><\/td>\n<\/tr>\n<tr class=\"row-44\">\n\t<td class=\"column-1\">Accords au pluriel<\/td><td class=\"column-2\"><span style=\"color:#ED7D31;\">49 - Des lionnes \/ une lionne (2)<\/span><\/td><td class=\"column-3\">Les accords au pluriel<\/td><td class=\"column-4\">Faire varier un texte entre pluriel et singulier<\/td><td colspan=\"2\" class=\"column-5\"><em>Guide p\u00e9dagogique CE1<\/em>, Hatier<br \/>\npp. 142-143<\/td><td class=\"column-7\"><\/td><td class=\"column-8\"><\/td><td class=\"column-9\"><\/td><td class=\"column-10\"><\/td><td class=\"column-11\"><\/td>\n<\/tr>\n<tr class=\"row-45\">\n\t<td class=\"column-1\">Pass\u00e9 compos\u00e9<\/td><td class=\"column-2\"><span style=\"color:#70AD47;\"><strong>50 - Deux mots pour un seul verbe<\/strong><\/span><\/td><td class=\"column-3\">Le pass\u00e9 compos\u00e9 avec l'auxiliaire <em>avoir<\/em> et le participe en [e]<\/td><td class=\"column-4\">Analyser des phrases o\u00f9 le verbe est en deux mots<\/td><td colspan=\"2\" class=\"column-5\"><em>Guide p\u00e9dagogique<\/em> CE1, Hatier, <br \/>\npp. 145-147<\/td><td class=\"column-7\"><\/td><td class=\"column-8\"><\/td><td class=\"column-9\"><\/td><td class=\"column-10\"><\/td><td class=\"column-11\"><\/td>\n<\/tr>\n<tr class=\"row-46\">\n\t<td class=\"column-1\">Forme interrogative<\/td><td class=\"column-2\"><strong><span style=\"color:#70AD47;\">51 - Les briques dans les questions<\/span><\/strong><\/td><td class=\"column-3\">La structure <em>est-ce que<\/em><\/td><td class=\"column-4\">Comparer phrases interrogatives et d\u00e9claratives<\/td><td colspan=\"2\" class=\"column-5\"><em>Guide p\u00e9dagogique CE1<\/em>, Hatier, <br \/>\npp. 150-152<\/td><td class=\"column-7\"><\/td><td class=\"column-8\"><\/td><td class=\"column-9\"><\/td><td class=\"column-10\"><\/td><td class=\"column-11\"><\/td>\n<\/tr>\n<tr class=\"row-47\">\n\t<td class=\"column-1\">Forme imp\u00e9rative<\/td><td class=\"column-2\"><strong><span style=\"color:#70AD47;\">52 - Les briques absentes<\/span><\/strong><\/td><td class=\"column-3\">Identification de l'imp\u00e9ratif<\/td><td class=\"column-4\">Observation de corpus<\/td><td colspan=\"2\" class=\"column-5\"><em>Guide p\u00e9dagogique CE1<\/em>, Hatier, <br \/>\npp. 153-155<\/td><td class=\"column-7\"><\/td><td class=\"column-8\"><\/td><td class=\"column-9\"><\/td><td class=\"column-10\"><\/td><td class=\"column-11\"><\/td>\n<\/tr>\n<tr class=\"row-48\">\n\t<td class=\"column-1\">Forme n\u00e9gative<\/td><td class=\"column-2\"><strong><span style=\"color:#70AD47;\">53 - Les briques \u00e0 lunettes<\/span><\/strong><\/td><td class=\"column-3\">Rep\u00e9rage de la n\u00e9gation en deux mots<\/td><td class=\"column-4\">Faire varier des phrases affirmatives en phrases n\u00e9gatives<\/td><td colspan=\"2\" class=\"column-5\"><em>Guide p\u00e9dagogique CE1<\/em>, Hatier, <br \/>\npp. 156-158<\/td><td class=\"column-7\"><\/td><td class=\"column-8\"><\/td><td class=\"column-9\"><\/td><td class=\"column-10\"><\/td><td class=\"column-11\"><\/td>\n<\/tr>\n<tr class=\"row-49\">\n\t<td class=\"column-1\">Homophones <em>a \/ \u00e0 <br \/>\nont \/ on<\/em><\/td><td class=\"column-2\"><strong><span style=\"color:#ED7D31;\">54 - Collecte de <span style=\"color:#ED7D31;\"><em>a<\/em><\/span><span style=\"color:#ED7D31;\"> et <\/span><span style=\"color:#ED7D31;\"><em>ont<\/em><\/span><\/span><\/strong><\/td><td class=\"column-3\">Caract\u00e9risation des mots <em>a<\/em> et <em>ont<\/em><\/td><td class=\"column-4\">D\u00e9contextualiser et observer ces deux mots dans un corpus<\/td><td colspan=\"2\" class=\"column-5\"><em>Guide p\u00e9dagogique CE1<\/em>, Hatier, <br \/>\npp. 161-163<\/td><td class=\"column-7\"><\/td><td class=\"column-8\"><\/td><td class=\"column-9\"><\/td><td class=\"column-10\"><\/td><td class=\"column-11\"><\/td>\n<\/tr>\n<tr class=\"row-50\">\n\t<td class=\"column-1\">Imparfait<\/td><td class=\"column-2\"><span style=\"color:#70AD47;\"><strong>55 - Les deux pouvoirs de la fin des verbes<\/strong><\/span><\/td><td class=\"column-3\">Les marques de l'imparfait Les marques du mode-temps et les marques de la personne<\/td><td class=\"column-4\">Comparer une phrase au pr\u00e9sent et \u00e0 l'imparfait Faire varier un verbe aux diff\u00e9rentes personne<\/td><td colspan=\"2\" class=\"column-5\"><em>Guide p\u00e9dagogique CE1<\/em>, Hatier, <br \/>\npp. 164-167<\/td><td class=\"column-7\"><\/td><td class=\"column-8\"><\/td><td class=\"column-9\"><\/td><td class=\"column-10\"><\/td><td class=\"column-11\"><\/td>\n<\/tr>\n<tr class=\"row-51\">\n\t<td class=\"column-1\">Accords dans le GN<br \/>\n<br \/>\n<br \/>\n<\/td><td class=\"column-2\"><strong><span style=\"color:#70AD47;\">56 - Les d\u00e9terminants\u00a0: mots signaux ou pas\u00a0?<\/span><\/strong><\/td><td class=\"column-3\">L\u2019insuffisance d\u2019un appui sur le d\u00e9terminant pour assurer les accords<\/td><td class=\"column-4\">Pr\u00e9dire l\u2019orthographe de GN \u00e0 partir du d\u00e9terminant<\/td><td colspan=\"2\" class=\"column-5\"><em>Guide p\u00e9dagogique CE1<\/em>, Hatier<br \/>\npp. 170-172<\/td><td class=\"column-7\"><\/td><td class=\"column-8\"><\/td><td class=\"column-9\"><\/td><td class=\"column-10\"><\/td><td class=\"column-11\"><\/td>\n<\/tr>\n<tr class=\"row-52\">\n\t<td class=\"column-1\"><em>Faire<\/em>, <em>venir<\/em>, <em>prendre<\/em><\/td><td class=\"column-2\"><span style=\"color:#70AD47;\"><strong>57 - Les verbes <span style=\"color:#70AD47;\"><em><strong>faire<\/strong><\/em><\/span><span style=\"color:#70AD47;\"><strong>, <\/strong><\/span><span style=\"color:#70AD47;\"><em><strong>venir<\/strong><\/em><\/span><span style=\"color:#70AD47;\"><strong> et <\/strong><\/span><span style=\"color:#70AD47;\"><em><strong>prendre<\/strong><\/em><\/span><span style=\"color:#70AD47;\"><strong> dans la machine \u00e0 conjuguer<\/strong><\/span><\/strong><\/span><\/td><td class=\"column-3\">Les formes particuli\u00e8res de ces verbes<\/td><td class=\"column-4\">Comparer les conjugaisons particuli\u00e8res aux r\u00e9guli\u00e8res<\/td><td colspan=\"2\" class=\"column-5\"><em>Guide p\u00e9dagogique CE1<\/em>, Hatier, <br \/>\npp. 173-175<\/td><td class=\"column-7\"><\/td><td class=\"column-8\"><\/td><td class=\"column-9\"><\/td><td class=\"column-10\"><\/td><td class=\"column-11\"><\/td>\n<\/tr>\n<tr class=\"row-53\">\n\t<td class=\"column-1\">Homophones <br \/>\n<em>ont \/ on<\/em><\/td><td class=\"column-2\"><strong><span style=\"color:#ED7D31;\">58 - Collecte de <span style=\"color:#ED7D31;\"><em>on<\/em><\/span><\/span><\/strong><\/td><td class=\"column-3\">Caract\u00e9risation du mot <em>on<\/em><\/td><td class=\"column-4\">D\u00e9contextualiser et observer le mot <em>on<\/em> dans un corpus<\/td><td colspan=\"2\" class=\"column-5\"><em>Guide p\u00e9dagogique CE1<\/em>, Hatier, <br \/>\npp. 176-177<\/td><td class=\"column-7\"><\/td><td class=\"column-8\"><\/td><td class=\"column-9\"><\/td><td class=\"column-10\"><\/td><td class=\"column-11\"><\/td>\n<\/tr>\n<tr class=\"row-54\">\n\t<td class=\"column-1\">Les accords dans la phrase<\/td><td class=\"column-2\"><span style=\"color:#ED7D31;\">59 - Une panth\u00e8re \/ des panth\u00e8res<\/span><\/td><td class=\"column-3\">R\u00e9vision des accords au pluriel, du verbe et dans le GN sujet<\/td><td class=\"column-4\">Faire varier en nombre un petit texte<\/td><td colspan=\"2\" class=\"column-5\"><em>Guide p\u00e9dagogique CE1<\/em>, Hatier, <br \/>\npp. 178-180<\/td><td class=\"column-7\"><\/td><td class=\"column-8\"><\/td><td class=\"column-9\"><\/td><td class=\"column-10\"><\/td><td class=\"column-11\"><\/td>\n<\/tr>\n<tr class=\"row-55\">\n\t<td class=\"column-1\">Les accords dans la phrase<br \/>\n<br \/>\n<br \/>\n<\/td><td class=\"column-2\"><span style=\"color:#ED7D31;\">60 - Un lionne \/ un lion (2\/2)<\/span><\/td><td class=\"column-3\">Le verbe n'est pas soumis \u00e0 la variation en genre<\/td><td class=\"column-4\">Faire varier un texte du f\u00e9minin au masculin<\/td><td colspan=\"2\" class=\"column-5\"><em>Guide p\u00e9dagogique CE1<\/em>, Hatier, <br \/>\npp. 181-183<\/td><td class=\"column-7\"><\/td><td class=\"column-8\"><\/td><td class=\"column-9\"><\/td><td class=\"column-10\"><\/td><td class=\"column-11\"><\/td>\n<\/tr>\n<tr class=\"row-56\">\n\t<td class=\"column-1\"><em>Pouvoir<\/em>, <em>vouloir<\/em><\/td><td class=\"column-2\"><span style=\"color:#70AD47;\"><strong><span style=\"color:#70AD47;\"><strong>61 - Les verbes <\/strong><\/span><span style=\"color:#70AD47;\"><em><strong>pouvoir<\/strong><\/em><\/span><span style=\"color:#70AD47;\"><strong> et <\/strong><\/span><span style=\"color:#70AD47;\"><em><strong>vouloir<\/strong><\/em><\/span><span style=\"color:#70AD47;\"><strong> dans la machine \u00e0 conjuguer<\/strong><\/span><\/strong><\/span><\/td><td class=\"column-3\">Les formes particuli\u00e8res de ces verbes<\/td><td class=\"column-4\">Comparer les conjugaisons particuli\u00e8res aux r\u00e9guli\u00e8res<\/td><td colspan=\"2\" class=\"column-5\"><em>Guide p\u00e9dagogique CE1<\/em>, Hatier, <br \/>\npp. 185-186<\/td><td class=\"column-7\"><\/td><td class=\"column-8\"><\/td><td class=\"column-9\"><\/td><td class=\"column-10\"><\/td><td class=\"column-11\"><\/td>\n<\/tr>\n<tr class=\"row-57\">\n\t<td class=\"column-1\">Futur<br \/>\n<br \/>\n<br \/>\n<\/td><td class=\"column-2\"><span style=\"color:#70AD47;\"><strong>62 - Des marques bien particuli\u00e8res<\/strong><\/span><\/td><td class=\"column-3\">Les marques du futur<\/td><td class=\"column-4\">Observer les formes du futur de verbes en <em>-er<\/em><\/td><td colspan=\"2\" class=\"column-5\"><em>Guide p\u00e9dagogique CE1<\/em>, Hatier, <br \/>\npp. 187-189<\/td><td class=\"column-7\"><\/td><td class=\"column-8\"><\/td><td class=\"column-9\"><\/td><td class=\"column-10\"><\/td><td class=\"column-11\"><\/td>\n<\/tr>\n<tr class=\"row-58\">\n\t<td class=\"column-1\">Homophones <em>et \/ est <br \/>\nsont \/ son<\/em><\/td><td class=\"column-2\"><strong><span style=\"color:#ED7D31;\">63 - Collecte de <span style=\"color:#ED7D31;\"><em>est<\/em><\/span><span style=\"color:#ED7D31;\"> et <\/span><span style=\"color:#ED7D31;\"><em>sont<\/em><\/span><\/span><\/strong><\/td><td class=\"column-3\">Caract\u00e9risation des mots <em>est<\/em> et <em>sont<\/em><\/td><td class=\"column-4\">D\u00e9contextualiser et observer ces deux mots dans un corpus<\/td><td colspan=\"2\" class=\"column-5\"><em>Guide p\u00e9dagogique CE1<\/em>, Hatier, <br \/>\npp. 190-192<\/td><td class=\"column-7\"><\/td><td class=\"column-8\"><\/td><td class=\"column-9\"><\/td><td class=\"column-10\"><\/td><td class=\"column-11\"><\/td>\n<\/tr>\n<tr class=\"row-59\">\n\t<td class=\"column-1\">Ponctuation du dialogue<br \/>\n<br \/>\n<br \/>\n<br \/>\n<br \/>\n<\/td><td class=\"column-2\"><strong><span style=\"color:#70AD47;\">64 - Qui est-ce qui parle ici ?<\/span><\/strong><\/td><td class=\"column-3\">La ponctuation du dialogue<\/td><td class=\"column-4\">Modifier un dialogue pour le rendre compr\u00e9hensible<\/td><td colspan=\"2\" class=\"column-5\"><em>Guide p\u00e9dagogique CE1<\/em>, Hatier, <br \/>\npp. 193-195<\/td><td class=\"column-7\"><\/td><td class=\"column-8\"><\/td><td class=\"column-9\"><\/td><td class=\"column-10\"><\/td><td class=\"column-11\"><\/td>\n<\/tr>\n<tr class=\"row-60\">\n\t<td class=\"column-1\">Homophones <em>l\u00e0 \/ la <br \/>\no\u00f9 \/ ou <br \/>\n\u00e0 \/ \u00e0<\/em><br \/>\n<br \/>\n<\/td><td class=\"column-2\"><strong><span style=\"color:#ED7D31;\">65 - Collecte de <span style=\"color:#ED7D31;\"><em>l\u00e0<\/em><\/span><span style=\"color:#ED7D31;\">, <\/span><span style=\"color:#ED7D31;\"><em>o\u00f9<\/em><\/span><span style=\"color:#ED7D31;\"> et <\/span><span style=\"color:#ED7D31;\"><em>\u00e0 <\/em><\/span><\/span><\/strong><\/td><td class=\"column-3\">Caract\u00e9risation de ces mots<\/td><td class=\"column-4\">D\u00e9contextualiser et observer ces trois mots dans un corpus<\/td><td colspan=\"2\" class=\"column-5\"><em>Guide p\u00e9dagogique CE1<\/em>, Hatier, <br \/>\npp. 196-198<\/td><td class=\"column-7\"><\/td><td class=\"column-8\"><\/td><td class=\"column-9\"><\/td><td class=\"column-10\"><\/td><td class=\"column-11\"><\/td>\n<\/tr>\n<tr class=\"row-61\">\n\t<td class=\"column-1\">Repr\u00e9sentation de la grammaire<\/td><td class=\"column-2\"><span style=\"color:#7030A0;\"><strong>66 - Qu'est-ce que faire de la grammaire ?<\/strong><\/span><\/td><td class=\"column-3\">D\u00e9velopper une conscience disciplinaire<\/td><td class=\"column-4\">Classer les associations d'id\u00e9es autour du mot \"grammaire\" <\/td><td colspan=\"2\" class=\"column-5\"><em>Guide p\u00e9dagogique CE1<\/em>, Hatier,<br \/>\npp. 199-201<\/td><td class=\"column-7\"><\/td><td class=\"column-8\"><\/td><td class=\"column-9\"><\/td><td class=\"column-10\"><\/td><td class=\"column-11\"><\/td>\n<\/tr>\n<tr class=\"row-62\">\n\t<td class=\"column-1\"><\/td><td class=\"column-2\"><\/td><td class=\"column-3\"><\/td><td class=\"column-4\"><\/td><td class=\"column-5\"><\/td><td class=\"column-6\"><\/td><td class=\"column-7\"><\/td><td class=\"column-8\"><\/td><td class=\"column-9\"><\/td><td class=\"column-10\"><\/td><td class=\"column-11\"><\/td>\n<\/tr>\n<\/tbody>\n<\/table>\n<!-- #tablepress-41 from cache -->\n","protected":false},"excerpt":{"rendered":"<p>CE1 Voir la publication chez Hatier des trois ouvrages. Les le\u00e7ons que nous proposons sont nombreuses. Pour disposer rapidement d&rsquo;une vue d&rsquo;ensemble, vous trouverez dans le tableau ci-dessous la liste, organis\u00e9e par domaine, des objectifs et traces \u00e9crites de chaque le\u00e7on. &nbsp; Et voici la liste des le\u00e7ons \u00e0 retrouver dans le guide p\u00e9dagogique.<\/p>\n","protected":false},"author":1,"featured_media":0,"parent":0,"menu_order":0,"comment_status":"closed","ping_status":"closed","template":"","meta":{"footnotes":""},"class_list":["post-121","page","type-page","status-publish","hentry"],"_links":{"self":[{"href":"https:\/\/la-petite-fabrique-de-grammaire.fr\/index.php?rest_route=\/wp\/v2\/pages\/121","targetHints":{"allow":["GET"]}}],"collection":[{"href":"https:\/\/la-petite-fabrique-de-grammaire.fr\/index.php?rest_route=\/wp\/v2\/pages"}],"about":[{"href":"https:\/\/la-petite-fabrique-de-grammaire.fr\/index.php?rest_route=\/wp\/v2\/types\/page"}],"author":[{"embeddable":true,"href":"https:\/\/la-petite-fabrique-de-grammaire.fr\/index.php?rest_route=\/wp\/v2\/users\/1"}],"replies":[{"embeddable":true,"href":"https:\/\/la-petite-fabrique-de-grammaire.fr\/index.php?rest_route=%2Fwp%2Fv2%2Fcomments&post=121"}],"version-history":[{"count":11,"href":"https:\/\/la-petite-fabrique-de-grammaire.fr\/index.php?rest_route=\/wp\/v2\/pages\/121\/revisions"}],"predecessor-version":[{"id":6369,"href":"https:\/\/la-petite-fabrique-de-grammaire.fr\/index.php?rest_route=\/wp\/v2\/pages\/121\/revisions\/6369"}],"wp:attachment":[{"href":"https:\/\/la-petite-fabrique-de-grammaire.fr\/index.php?rest_route=%2Fwp%2Fv2%2Fmedia&parent=121"}],"curies":[{"name":"wp","href":"https:\/\/api.w.org\/{rel}","templated":true}]}}