{"id":109,"date":"2023-11-04T15:57:11","date_gmt":"2023-11-04T14:57:11","guid":{"rendered":"https:\/\/la-petite-fabrique-de-grammaire.fr\/?page_id=109"},"modified":"2024-05-23T17:12:04","modified_gmt":"2024-05-23T15:12:04","slug":"distinguer-les-classes-de-mots","status":"publish","type":"page","link":"https:\/\/la-petite-fabrique-de-grammaire.fr\/?page_id=109","title":{"rendered":"Distinguer les classes de mots"},"content":{"rendered":"<p><strong>DISTINGUER LES CLASSES DE MOTS<\/strong><\/p>\n<p style=\"text-align: justify;\">Dans ce domaine sont \u00e9tudi\u00e9es les diff\u00e9rences entre les classes grammaticales. Sur ces points, on peut aussi consulter les tests de progr\u00e8s et le rituel \u00ab\u00a0<a href=\"https:\/\/la-petite-fabrique-de-grammaire.fr\/?page_id=2475\" target=\"_blank\" rel=\"noopener\">Dispositif Calame-Gippet\u00a0\u00bb<\/a><\/p>\n<p style=\"text-align: justify;\">Dans les tableaux qui suivent, les titres des le\u00e7ons sont pr\u00e9c\u00e9d\u00e9s du num\u00e9ro d&rsquo;ordre que la le\u00e7on occupe dans la programmation propos\u00e9e.<br \/>\nIls sont en gras si la le\u00e7on parait incontournable, en maigre quand il s&rsquo;agit d&rsquo;une r\u00e9vision.<br \/>\nIls sont en couleurs. Ces couleurs correspondent \u00e0 diff\u00e9rentes mani\u00e8res d&rsquo;aborder la notion grammaticales.<br \/>\n<span style=\"color: #4472c4;\"><strong>En bleu<\/strong><\/span>, la le\u00e7on vise un lien entre le langage et la grammaire, entre la compr\u00e9hension et la notion grammaticale, soit qu&rsquo;elle permette de l&rsquo;introduire, soit que la notion ait \u00e9t\u00e9 d\u00e9j\u00e0 \u00e9tudi\u00e9e et que la le\u00e7on lui donne du sens.<br \/>\n<span style=\"color: #70ad47;\"><strong>En vert<\/strong><\/span>, la le\u00e7on propose d&rsquo;investiguer une notion grammaticale, par l&rsquo;observation ou des activit\u00e9s de classement, de variation&#8230;<br \/>\n<span style=\"color: #ed7d31;\"><strong>En orange<\/strong><\/span>, la le\u00e7on vise un entrainement de proc\u00e9dures, une syst\u00e9matisation, une mise en perspective&#8230;<\/p>\n<p style=\"text-align: justify;\">\n<table id=\"tablepress-23\" class=\"tablepress tablepress-id-23 tbody-has-connected-cells\">\n<thead>\n<tr class=\"row-1\">\n\t<th colspan=\"4\" class=\"column-1\"><span style=\"color:#FF40FF;\"> <strong>Distinguer les classes grammaticales - CE1<\/strong><\/th><td class=\"column-5\"><\/td><td class=\"column-6\"><\/td><td class=\"column-7\"><\/td><td class=\"column-8\"><\/td><td class=\"column-9\"><\/td><td class=\"column-10\"><\/td>\n<\/tr>\n<\/thead>\n<tbody class=\"row-striping row-hover\">\n<tr class=\"row-2\">\n\t<td class=\"column-1\"><\/td><td class=\"column-2\"><strong>Titre de la le\u00e7on<\/strong><\/td><td class=\"column-3\"><strong>Objectifs<\/strong><\/td><td class=\"column-4\"><strong>Activit\u00e9 des \u00e9l\u00e8ves<\/strong><\/td><td colspan=\"2\" class=\"column-5\"><strong>Ressources pour la classe<\/strong><\/td><td class=\"column-7\"><\/td><td class=\"column-8\"><\/td><td class=\"column-9\"><\/td><td class=\"column-10\"><\/td>\n<\/tr>\n<tr class=\"row-3\">\n\t<td class=\"column-1\"><strong>CE1<\/strong><\/td><td class=\"column-2\"><\/td><td class=\"column-3\"><\/td><td class=\"column-4\"><\/td><td class=\"column-5\"><\/td><td class=\"column-6\"><\/td><td class=\"column-7\"><\/td><td class=\"column-8\"><\/td><td class=\"column-9\"><\/td><td class=\"column-10\"><\/td>\n<\/tr>\n<tr class=\"row-4\">\n\t<td class=\"column-1\">Nom \/ verbe<\/td><td class=\"column-2\"><strong><span style=\"color:#4472C4;\">7 - Qui fait quoi ?<\/strong><\/sapn><\/td><td class=\"column-3\">Caract\u00e9risation s\u00e9mantique des noms et des verbes<\/td><td class=\"column-4\">\u00c0 partir de la liste des mots d'un r\u00e9cit, pr\u00e9dire les personnages et leurs actions<\/td><td colspan=\"2\" class=\"column-5\"><em>Guide p\u00e9dagogique CE1<\/em>, Hatier, <br \/>\npp. 16-17<\/td><td class=\"column-7\"><\/td><td class=\"column-8\"><\/td><td class=\"column-9\"><\/td><td class=\"column-10\"><\/td>\n<\/tr>\n<tr class=\"row-5\">\n\t<td class=\"column-1\">Nom \/ verbe<\/td><td class=\"column-2\"><span style=\"color:#4472C4;\"> <strong>8 - Imagier des noms \/ imagier des verbes<\/strong><\/td><td class=\"column-3\">Caract\u00e9risation des noms et des verbes<\/td><td class=\"column-4\">Constituer des imagiers contrast\u00e9s \u00e0 partir d'un m\u00eame jeu d'images<\/td><td colspan=\"2\" class=\"column-5\"><em>Guide p\u00e9dagogique CE1<\/em>, Hatier, <br \/>\npp. 18-20<\/td><td class=\"column-7\"><\/td><td class=\"column-8\"><\/td><td class=\"column-9\"><\/td><td class=\"column-10\"><\/td>\n<\/tr>\n<tr class=\"row-6\">\n\t<td class=\"column-1\">Nom \/ verbe<\/td><td class=\"column-2\"><strong><span style=\"color:#70AD47;\">9 - 10 - \"La porte\" et \"elle porte\" (1 et 2)<\/strong><\/span><\/td><td class=\"column-3\">Caract\u00e9risation morphosyntaxique des noms et des verbes<\/td><td class=\"column-4\">Observer et lever les ambig\u00fcit\u00e9s entre noms et verbes<\/td><td colspan=\"2\" class=\"column-5\"><em>Guide p\u00e9dagogique CE1<\/em>, Hatier, <br \/>\npp. 21-23<\/td><td class=\"column-7\"><\/td><td class=\"column-8\"><\/td><td class=\"column-9\"><\/td><td class=\"column-10\"><\/td>\n<\/tr>\n<tr class=\"row-7\">\n\t<td class=\"column-1\">Nom \/ verbe<br \/>\n<br \/>\n<br \/>\n<\/td><td class=\"column-2\"><span style=\"color:#70AD47;\">24 - Les petits mots nous disent des choses<\/span><\/td><td class=\"column-3\">Caract\u00e9risation morphosyntaxique des noms et des verbes<\/td><td class=\"column-4\">S'appuyer sur la phrase pour distinguer noms et verbes<\/td><td colspan=\"2\" class=\"column-5\"><em>Guide p\u00e9dagogique CE1<\/em>, Hatier, <br \/>\npp. 67-69<\/td><td class=\"column-7\"><\/td><td class=\"column-8\"><\/td><td class=\"column-9\"><\/td><td class=\"column-10\"><\/td>\n<\/tr>\n<tr class=\"row-8\">\n\t<td class=\"column-1\"><\/td><td class=\"column-2\"><\/td><td class=\"column-3\"><\/td><td class=\"column-4\"><\/td><td class=\"column-5\"><\/td><td class=\"column-6\"><\/td><td class=\"column-7\"><\/td><td class=\"column-8\"><\/td><td class=\"column-9\"><\/td><td class=\"column-10\"><\/td>\n<\/tr>\n<tr class=\"row-9\">\n\t<td colspan=\"4\" class=\"column-1\"><strong>Pour une vue d'ensemble au CE1 : liste des objectifs et traces \u00e9crites<\/strong><\/td><td class=\"column-5\"><a href=\"http:\/\/la-petite-fabrique-de-grammaire.fr\/wp-content\/uploads\/2025\/03\/Liste-des-traces-ecrites-CE1-Distinguer-les-classes-de-mots.pdf\" target=\"_blank\">Liste traces \u00e9crites<\/a><\/td><td class=\"column-6\"><\/td><td class=\"column-7\"><\/td><td class=\"column-8\"><\/td><td class=\"column-9\"><\/td><td class=\"column-10\"><\/td>\n<\/tr>\n<\/tbody>\n<\/table>\n<\/p>\n<p>&nbsp;<\/p>\n\n<table id=\"tablepress-52\" class=\"tablepress tablepress-id-52 tbody-has-connected-cells\">\n<thead>\n<tr class=\"row-1\">\n\t<th colspan=\"3\" class=\"column-1\"><span style=\"color:#FF40FF;\"> <strong>Distinguer les classes grammaticales - CE2<\/strong><\/span><\/th><td class=\"column-4\"><\/td><td class=\"column-5\"><\/td><td class=\"column-6\"><\/td><td class=\"column-7\"><\/td><td class=\"column-8\"><\/td><td class=\"column-9\"><\/td><td class=\"column-10\"><\/td><td class=\"column-11\"><\/td>\n<\/tr>\n<\/thead>\n<tbody class=\"row-striping row-hover\">\n<tr class=\"row-2\">\n\t<td class=\"column-1\"><\/td><td class=\"column-2\"><strong>Titre de la le\u00e7on<\/strong><\/td><td class=\"column-3\"><strong>Objectifs<\/strong><\/td><td class=\"column-4\"><strong>Activit\u00e9 des \u00e9l\u00e8ves<\/strong><\/td><td colspan=\"2\" class=\"column-5\"><strong>Ressources pour la classe<\/strong><\/td><td class=\"column-7\"><strong>En amont<\/strong><\/td><td class=\"column-8\"><\/td><td class=\"column-9\"><\/td><td class=\"column-10\"><\/td><td class=\"column-11\"><\/td>\n<\/tr>\n<tr class=\"row-3\">\n\t<td class=\"column-1\"><strong>CE2<\/strong><\/td><td class=\"column-2\"><\/td><td class=\"column-3\"><\/td><td class=\"column-4\"><\/td><td class=\"column-5\"><\/td><td class=\"column-6\"><\/td><td class=\"column-7\"><\/td><td class=\"column-8\"><\/td><td class=\"column-9\"><\/td><td class=\"column-10\"><\/td><td class=\"column-11\"><\/td>\n<\/tr>\n<tr class=\"row-4\">\n\t<td class=\"column-1\">Nom \/ verbe \/ adjectif<\/td><td class=\"column-2\"><span style=\"color:#4472C4;\"><strong>1 - Les mots dans le dictionnaire<\/strong><\/span><\/td><td class=\"column-3\">Caract\u00e9risation des noms, des verbes et des adjectifs<br \/>\n<br \/>\n<\/td><td class=\"column-4\">Identifier des mots dans un texte comme noms, verbes ou adjectifs. Rep\u00e9rer comment ces mots sont pr\u00e9sent\u00e9s dans un dictionnaire<\/td><td class=\"column-5\"><a href=\"http:\/\/la-petite-fabrique-de-grammaire.fr\/wp-content\/uploads\/2024\/01\/Nom-et-verbe-Les-mots-dans-le-dictionnaire-GP-CE2.pdf\" rel=\"noopener\" target=\"_blank\">le\u00e7on<\/a><br \/>\n<br \/>\n<a href=\"http:\/\/la-petite-fabrique-de-grammaire.fr\/wp-content\/uploads\/2024\/01\/Les-mots-dans-le-dictionnaire-FP-CE2.pdf\" rel=\"noopener\" target=\"_blank\">fiche \u00e0 photocopier<\/a><\/td><td class=\"column-6\"><a href=\"http:\/\/la-petite-fabrique-de-grammaire.fr\/wp-content\/uploads\/2024\/01\/Les-mots-dans-le-dico-DP-CE2.pdf\" rel=\"noopener\" target=\"_blank\">Diaporama \u00e0 consulter<\/a><br \/>\n<br \/>\n<a href=\"http:\/\/la-petite-fabrique-de-grammaire.fr\/wp-content\/uploads\/2024\/01\/Les-mots-dans-le-dico-DP-CE2.pptx\">Diaporama \u00e0 t\u00e9l\u00e9charger<\/a><\/td><td class=\"column-7\"><\/td><td class=\"column-8\"><\/td><td class=\"column-9\"><\/td><td class=\"column-10\"><\/td><td class=\"column-11\"><\/td>\n<\/tr>\n<tr class=\"row-5\">\n\t<td class=\"column-1\">Nom \/ verbe<\/td><td class=\"column-2\"><span style=\"color:#70AD47;\"><strong>2 - Nom ou verbe ?<\/strong><\/span><\/td><td class=\"column-3\">Caract\u00e9risation des noms et des verbes<\/td><td class=\"column-4\">Identifier puis caract\u00e9riser des noms et des verbes issus d\u2019un texte.<\/td><td class=\"column-5\"><a href=\"http:\/\/la-petite-fabrique-de-grammaire.fr\/wp-content\/uploads\/2024\/01\/Nom-ou-verbe-GP-CE2.pdf\" rel=\"noopener\" target=\"_blank\">le\u00e7on<\/a><br \/>\n<br \/>\n<a href=\"http:\/\/la-petite-fabrique-de-grammaire.fr\/wp-content\/uploads\/2024\/01\/Distinguer-nom-verbe-FP-CE2.pdf\" rel=\"noopener\" target=\"_blank\">fiche \u00e0 photocopier<\/a><\/td><td class=\"column-6\"><a href=\"http:\/\/la-petite-fabrique-de-grammaire.fr\/wp-content\/uploads\/2024\/01\/Distinguer-Nom-et-Verbe-DP-CE2.pdf\" rel=\"noopener\" target=\"_blank\">Diaporama \u00e0 consulter<\/a><br \/>\n<br \/>\n<a href=\"http:\/\/la-petite-fabrique-de-grammaire.fr\/wp-content\/uploads\/2024\/01\/Distinguer-Nom-et-Verbe-DP-CE2.pptx\">Diaporama \u00e0 t\u00e9l\u00e9charger<\/a><\/td><td class=\"column-7\">CE1 : 7 - 8 - 9<\/td><td class=\"column-8\"><\/td><td class=\"column-9\"><\/td><td class=\"column-10\"><\/td><td class=\"column-11\"><\/td>\n<\/tr>\n<tr class=\"row-6\">\n\t<td class=\"column-1\">Nom \/ verbe \/ adjectif<\/td><td class=\"column-2\"><span style=\"color:#4472C4;\"><strong>12 - Les mots en <em>-ent<\/em><\/strong><\/span><\/td><td class=\"column-3\">Caract\u00e9risation des noms, des verbes et des adjectifs<br \/>\n<br \/>\n<\/td><td class=\"column-4\">Oraliser des phrases avec des noms ou des verbes termin\u00e9s par <em>-ent<\/em><\/td><td class=\"column-5\"><a href=\"http:\/\/la-petite-fabrique-de-grammaire.fr\/wp-content\/uploads\/2024\/01\/Nom-et-verbe-Les-mots-en-ent-GP-CE2.pdf\" rel=\"noopener\" target=\"_blank\">le\u00e7on<\/a><br \/>\n<br \/>\n<a href=\"http:\/\/la-petite-fabrique-de-grammaire.fr\/wp-content\/uploads\/2024\/01\/Les-mots-en-ent-FP-CE2.pdf\" rel=\"noopener\" target=\"_blank\">fiche \u00e0 photocopier<\/a><\/td><td class=\"column-6\"><a href=\"http:\/\/la-petite-fabrique-de-grammaire.fr\/wp-content\/uploads\/2024\/01\/Les-mots-en-ent-DP-CE2.pdf\" rel=\"noopener\" target=\"_blank\">Diaporama \u00e0 consulter<\/a><br \/>\n<br \/>\n<a href=\"http:\/\/la-petite-fabrique-de-grammaire.fr\/wp-content\/uploads\/2024\/01\/Les-mots-en-ent-DP-CE2.pptx\">Diaporama \u00e0 t\u00e9l\u00e9charger<\/a><\/td><td class=\"column-7\"><\/td><td class=\"column-8\"><\/td><td class=\"column-9\"><\/td><td class=\"column-10\"><\/td><td class=\"column-11\"><\/td>\n<\/tr>\n<tr class=\"row-7\">\n\t<td class=\"column-1\">Variations de formes selon la classe de mots<\/td><td class=\"column-2\"><span style=\"color:#ED7D31;\"><strong>34 - Bon - bonne<\/strong><\/span><\/td><td class=\"column-3\">Identification de ces trois crit\u00e8res de variation : nombre, genre, personne<\/td><td class=\"column-4\">Faire varier  un court texte<\/td><td class=\"column-5\"><a href=\"http:\/\/la-petite-fabrique-de-grammaire.fr\/wp-content\/uploads\/2024\/03\/GP-CE2-P3-34-Bon-bonne-OK.pdf\" rel=\"noopener\" target=\"_blank\">le\u00e7on<\/a><br \/>\n<br \/>\n<a href=\"http:\/\/la-petite-fabrique-de-grammaire.fr\/wp-content\/uploads\/2024\/03\/FP-34-Bon.pdf\">fiche \u00e0 photocopier<\/a><\/td><td class=\"column-6\"><a href=\"http:\/\/la-petite-fabrique-de-grammaire.fr\/wp-content\/uploads\/2024\/03\/DP-34-Bon-bons.pdf\" rel=\"noopener\" target=\"_blank\">Diaporama \u00e0 consulter<\/a><br \/>\n<br \/>\n<a href=\"http:\/\/la-petite-fabrique-de-grammaire.fr\/wp-content\/uploads\/2024\/03\/DP-34-Bon-bons.pptx\">Diaporama \u00e0 t\u00e9l\u00e9charger<\/a><\/td><td class=\"column-7\">CE1 : 36 - 43 - 49<\/td><td class=\"column-8\"><\/td><td class=\"column-9\"><\/td><td class=\"column-10\"><\/td><td class=\"column-11\"><\/td>\n<\/tr>\n<tr class=\"row-8\">\n\t<td class=\"column-1\"><\/td><td class=\"column-2\"><\/td><td class=\"column-3\"><\/td><td class=\"column-4\"><\/td><td class=\"column-5\"><\/td><td class=\"column-6\"><\/td><td class=\"column-7\"><\/td><td class=\"column-8\"><\/td><td class=\"column-9\"><\/td><td class=\"column-10\"><\/td><td class=\"column-11\"><\/td>\n<\/tr>\n<tr class=\"row-9\">\n\t<td colspan=\"4\" class=\"column-1\"><strong>Pour une vue d'ensemble au CE2 : liste des objectifs et traces \u00e9crites<\/strong><\/td><td colspan=\"2\" class=\"column-5\"><a href=\"http:\/\/la-petite-fabrique-de-grammaire.fr\/wp-content\/uploads\/2025\/02\/CE2-Listes-traces-ecrites-distinguer-classes-de-mots.pdf\" target=\"_blank\">Liste traces \u00e9crites<\/a><\/td><td class=\"column-7\"><\/td><td class=\"column-8\"><\/td><td class=\"column-9\"><\/td><td class=\"column-10\"><\/td><td class=\"column-11\"><\/td>\n<\/tr>\n<\/tbody>\n<\/table>\n\n<p>&nbsp;<\/p>\n\n<table id=\"tablepress-37\" class=\"tablepress tablepress-id-37 tbody-has-connected-cells\">\n<thead>\n<tr class=\"row-1\">\n\t<th colspan=\"3\" class=\"column-1\"><span style=\"color:#FF40FF;\"> <strong>Distinguer les classes grammaticales - CM1<\/strong><\/span><\/th><td class=\"column-4\"><\/td><td class=\"column-5\"><\/td><td class=\"column-6\"><\/td><td class=\"column-7\"><\/td><td class=\"column-8\"><\/td><td class=\"column-9\"><\/td><td class=\"column-10\"><\/td>\n<\/tr>\n<\/thead>\n<tbody class=\"row-striping row-hover\">\n<tr class=\"row-2\">\n\t<td class=\"column-1\"><\/td><td class=\"column-2\"><strong>Titre de la le\u00e7on<\/strong><\/td><td class=\"column-3\"><strong>Objectifs<\/strong><\/td><td class=\"column-4\"><strong>Activit\u00e9 des \u00e9l\u00e8ves<\/strong><\/td><td colspan=\"2\" class=\"column-5\"><strong>Ressources pour la classe<strong><\/td><td class=\"column-7\"><strong>En amont<\/strong><\/td><td class=\"column-8\"><\/td><td class=\"column-9\"><\/td><td class=\"column-10\"><\/td>\n<\/tr>\n<tr class=\"row-3\">\n\t<td class=\"column-1\"><strong>CM1<\/strong><\/td><td class=\"column-2\"><\/td><td class=\"column-3\"><\/td><td class=\"column-4\"><\/td><td class=\"column-5\"><\/td><td class=\"column-6\"><\/td><td class=\"column-7\"><\/td><td class=\"column-8\"><\/td><td class=\"column-9\"><\/td><td class=\"column-10\"><\/td>\n<\/tr>\n<tr class=\"row-4\">\n\t<td class=\"column-1\">Classes de mots<\/td><td class=\"column-2\"><span style=\"color:#ED7D31;\"><strong>1 - La fin des mots<\/strong><\/span><\/td><td class=\"column-3\">Ambig\u00fcit\u00e9 de la fin des mots<\/td><td class=\"column-4\">Pr\u00e9dire la classe de mots \u00e0 partir de la fin du mot<\/td><td class=\"column-5\"><a href=\"http:\/\/la-petite-fabrique-de-grammaire.fr\/wp-content\/uploads\/2024\/10\/GP-CM1-1-La-fin-des-mots-V2.pdf\" rel=\"noopener\" target=\"_blank\">le\u00e7on<\/a><br \/>\n<br \/>\n<a href=\"http:\/\/la-petite-fabrique-de-grammaire.fr\/wp-content\/uploads\/2024\/10\/FP-CM1-1-La-fin-des-mots.pdf\" rel=\"noopener\" target=\"_blank\">fiche \u00e0 photocopier<\/a><\/td><td class=\"column-6\"><a href=\"http:\/\/la-petite-fabrique-de-grammaire.fr\/wp-content\/uploads\/2024\/10\/DP-CM1-1-La-fin-des-mots.pdf\" rel=\"noopener\" target=\"_blank\">Diaporama \u00e0 consulter<\/a><br \/>\n<br \/>\n<a href=\"http:\/\/la-petite-fabrique-de-grammaire.fr\/wp-content\/uploads\/2024\/10\/DP-La-fin-des-mots.pptx\">Diaporama \u00e0 t\u00e9l\u00e9charger<\/a><\/td><td class=\"column-7\">CE1 : 7-8-9<br \/>\nCE2 : 2 - 12<\/td><td class=\"column-8\"><\/td><td class=\"column-9\"><\/td><td class=\"column-10\"><\/td>\n<\/tr>\n<tr class=\"row-5\">\n\t<td class=\"column-1\">Classes de mots<\/td><td class=\"column-2\"><span style=\"color:#ED7D31;\"><strong>2 - Cat\u00e9gorisons !<\/strong><\/span><\/td><td class=\"column-3\">Distinction entre les classes de mots<\/td><td class=\"column-4\">Classer les mots tir\u00e9s d'un texte<br \/>\n\u00c9crire la d\u00e9finition des noms, verbes, adjectifs et d\u00e9terminants<\/td><td class=\"column-5\"><a href=\"http:\/\/la-petite-fabrique-de-grammaire.fr\/wp-content\/uploads\/2024\/10\/GP-CM1-Categorisons-.pdf\">le\u00e7on<\/a><br \/>\n<br \/>\n<a href=\"http:\/\/la-petite-fabrique-de-grammaire.fr\/wp-content\/uploads\/2024\/10\/FP-CM1-2-Categorisons-1.pdf\" rel=\"noopener\" target=\"_blank\">fiche \u00e0 photocopier 1<\/a><br \/>\n<br \/>\n<a href=\"http:\/\/la-petite-fabrique-de-grammaire.fr\/wp-content\/uploads\/2024\/10\/FP-CM1-2-Categorisons-2.pdf\" rel=\"noopener\" target=\"_blank\">fiche \u00e0 photocopier 2<\/a><\/td><td class=\"column-6\"><a href=\"http:\/\/la-petite-fabrique-de-grammaire.fr\/wp-content\/uploads\/2024\/10\/DP-CM1-2-Categorisons.pdf\" rel=\"noopener\" target=\"_blank\">Diaporama \u00e0 consulter<\/a><br \/>\n<br \/>\n<a href=\"http:\/\/la-petite-fabrique-de-grammaire.fr\/wp-content\/uploads\/2024\/10\/DP-CM1-2-Categorisons.pptx\">Diaporama \u00e0 t\u00e9l\u00e9charger<\/a><\/td><td class=\"column-7\">CE1 : 7<br \/>\nCE2 : 1<\/td><td class=\"column-8\"><\/td><td class=\"column-9\"><\/td><td class=\"column-10\"><\/td>\n<\/tr>\n<tr class=\"row-6\">\n\t<td class=\"column-1\">Infinitif comme forme nominale<\/td><td class=\"column-2\"><span style=\"color:#70AD47;\"><strong>7 - Le nom des verbes<\/strong><\/span><\/td><td class=\"column-3\">Infinitif en position de compl\u00e9ment de verbe, de sujet, de compl\u00e9ment de phrase<br \/>\n<\/td><td class=\"column-4\">\u00c9noncer des pr\u00e9f\u00e9rences\/d\u00e9gouts<br \/>\nR\u00e9\u00e9crire des phrases<\/td><td class=\"column-5\"><a href=\"http:\/\/la-petite-fabrique-de-grammaire.fr\/wp-content\/uploads\/2024\/10\/7-GP-Le-nom-des-verbes.pdf\" rel=\"noopener\" target=\"_blank\">le\u00e7on<\/a><br \/>\n<br \/>\n<a href=\"http:\/\/la-petite-fabrique-de-grammaire.fr\/wp-content\/uploads\/2024\/10\/7-FP-Le-nom-des-verbes.pdf\" rel=\"noopener\" target=\"_blank\">fiche \u00e0 photocopier<\/a><\/td><td class=\"column-6\"><a href=\"http:\/\/la-petite-fabrique-de-grammaire.fr\/wp-content\/uploads\/2024\/10\/CM1-DP-7-Le-nom-des-verbes.pdf\" rel=\"noopener\" target=\"_blank\">Diaporama \u00e0 consulter<\/a><br \/>\n<br \/>\n<a href=\"http:\/\/la-petite-fabrique-de-grammaire.fr\/wp-content\/uploads\/2024\/10\/CM1-DP-7-Le-nom-des-verbes.pptx\">Diaporama \u00e0 t\u00e9l\u00e9charger<\/a><\/td><td class=\"column-7\"><\/td><td class=\"column-8\"><\/td><td class=\"column-9\"><\/td><td class=\"column-10\"><\/td>\n<\/tr>\n<tr class=\"row-7\">\n\t<td class=\"column-1\">Distinguer conjugaison et famille de mots<\/td><td class=\"column-2\"><span style=\"color:#70AD47;\"><strong>8 - On dort au dortoir<\/strong><\/span><\/td><td class=\"column-3\">Distinguer familles de mots et conjugaison<\/td><td class=\"column-4\">Classer des mots et d\u00e9couvrir que certains sont des noms issus de quelques familles et d\u2019autres des verbes conjugu\u00e9s<\/td><td class=\"column-5\"><a href=\"http:\/\/la-petite-fabrique-de-grammaire.fr\/wp-content\/uploads\/2024\/11\/GP-CM1-On-dort-au-dortoir.pdf\" rel=\"noopener\" target=\"_blank\">le\u00e7on<\/a><br \/>\n<br \/>\n<a href=\"http:\/\/la-petite-fabrique-de-grammaire.fr\/wp-content\/uploads\/2024\/11\/FP-CM1-On-dort-au-dortoir.pdf\" rel=\"noopener\" target=\"_blank\">fiche \u00e0 photocopier<\/a><\/td><td class=\"column-6\"><a href=\"http:\/\/la-petite-fabrique-de-grammaire.fr\/wp-content\/uploads\/2024\/11\/DP-On-dort-au-dortoir.pdf\" rel=\"noopener\" target=\"_blank\">Diaporama \u00e0 consulter<\/a><br \/>\n<br \/>\n<a href=\"http:\/\/la-petite-fabrique-de-grammaire.fr\/wp-content\/uploads\/2024\/11\/DP-On-dort-au-dortoir.pptx\">Diaporama \u00e0 t\u00e9l\u00e9charger<\/a><\/td><td class=\"column-7\">CE1 : 8<br \/>\nCE2 : 1-2-12<\/td><td class=\"column-8\"><\/td><td class=\"column-9\"><\/td><td class=\"column-10\"><\/td>\n<\/tr>\n<tr class=\"row-8\">\n\t<td class=\"column-1\">Les diff\u00e9rentes classes grammaticales des sujets<\/td><td class=\"column-2\"><span style=\"color:#70AD47;\"><strong>13 - \u00c0 quoi ressemble le sujet grammatical ?<\/strong><\/span><\/span><\/td><td class=\"column-3\">Explorer la diversit\u00e9 des \u00e9l\u00e9ments qui peuvent occuper la position de sujet<\/td><td class=\"column-4\">Tester un ensemble de propositions pour la position de sujet<\/td><td class=\"column-5\"><a href=\"http:\/\/la-petite-fabrique-de-grammaire.fr\/wp-content\/uploads\/2024\/12\/GP-CM1-A-quoi-ressemble-le-sujet.pdf\" rel=\"noopener\" target=\"_blank\">le\u00e7on<\/a><br \/>\n<br \/>\n<a href=\"http:\/\/la-petite-fabrique-de-grammaire.fr\/wp-content\/uploads\/2024\/12\/13-FP-CM1-a-quoi-ressemble-le-sujet.pdf\" rel=\"noopener\" target=\"_blank\">fiche \u00e0 photocopier<\/a><\/td><td class=\"column-6\"><a href=\"http:\/\/la-petite-fabrique-de-grammaire.fr\/wp-content\/uploads\/2024\/12\/A-quoi-ressemble-le-sujet-DP.pdf\" rel=\"noopener\" target=\"_blank\">Diaporama \u00e0 consulter<\/a><br \/>\n<br \/>\n<a href=\"http:\/\/la-petite-fabrique-de-grammaire.fr\/wp-content\/uploads\/2024\/12\/A-quoi-ressemble-le-sujet-DP.pptx\">Diaporama \u00e0 t\u00e9l\u00e9charger<\/a><\/td><td class=\"column-7\"><\/td><td class=\"column-8\"><\/td><td class=\"column-9\"><\/td><td class=\"column-10\"><\/td>\n<\/tr>\n<tr class=\"row-9\">\n\t<td class=\"column-1\">Nominalisation<\/td><td class=\"column-2\"><span style=\"color:#70AD47;\"><strong>29 - D\u00e9m\u00e9nagement et bouleversement ! <\/strong><\/span><\/td><td class=\"column-3\">Les suffixes qui permettent de nominaliser<\/td><td class=\"column-4\">D\u00e9river des noms depuis des verbes ; retrouver des verbes \u00e0 partir de noms d\u00e9riv\u00e9s<\/td><td class=\"column-5\"><a href=\"http:\/\/la-petite-fabrique-de-grammaire.fr\/wp-content\/uploads\/2025\/03\/29-GP-Demenagement-et-bouleversement-.pdf\"target=\"_blank\">le\u00e7on<\/a><br \/>\n<br \/>\n<a href=\"http:\/\/la-petite-fabrique-de-grammaire.fr\/wp-content\/uploads\/2025\/03\/29-FP-1-Demenagement-et-bouleversement.pdf\"target=\"_blank\">fiche \u00e0 photocopier 1<\/a><br \/>\n<br \/>\n<a href=\"http:\/\/la-petite-fabrique-de-grammaire.fr\/wp-content\/uploads\/2025\/03\/29-FP-2-Demenagement-et-bouleversement.pdf\"target=\"_blank\">fiche \u00e0 photocopier 2<\/a><\/td><td class=\"column-6\"><a href=\"http:\/\/la-petite-fabrique-de-grammaire.fr\/wp-content\/uploads\/2025\/03\/29-DP-Demenagement-et-bouleversement.pdf\" target=\"_blank\">Diaporama \u00e0 consulter<\/a><br \/>\n<br \/>\n<a href=\"http:\/\/la-petite-fabrique-de-grammaire.fr\/wp-content\/uploads\/2025\/03\/29-DP-Demenagement-et-bouleversement.pptx\">Diaporama \u00e0 t\u00e9l\u00e9charger<\/a><\/td><td class=\"column-7\"><\/td><td class=\"column-8\"><\/td><td class=\"column-9\"><\/td><td class=\"column-10\"><\/td>\n<\/tr>\n<tr class=\"row-10\">\n\t<td class=\"column-1\">Crit\u00e8res de variation et classes de mots<\/td><td class=\"column-2\"><span style=\"color:#ED7D31;\">33 - Qu\u2019est-ce qui varie ?<\/span><\/td><td class=\"column-3\">Crit\u00e8res de variation et classes de mots<\/td><td class=\"column-4\">Faire varier un court texte en changeant le th\u00e8me<\/td><td class=\"column-5\"><a href=\"http:\/\/la-petite-fabrique-de-grammaire.fr\/wp-content\/uploads\/2025\/05\/33-GP-Situation-Quest-ce-qui-varie-.pdf\" target=\"_blank\">le\u00e7on<\/a><br \/>\n<br \/>\n<a href=\"http:\/\/la-petite-fabrique-de-grammaire.fr\/wp-content\/uploads\/2025\/05\/33-FP-Quest-ce-qui-varie-.pdf\" target=\"_blank\">fiche \u00e0 photocopier<\/a><\/td><td class=\"column-6\"><a href=\"http:\/\/la-petite-fabrique-de-grammaire.fr\/wp-content\/uploads\/2025\/05\/33-DP-Qu-est-ce-qui-varie.pdf\" target=\"_blank\">Diaporama \u00e0 consulter<\/a><br \/>\n<br \/>\n<a href=\"http:\/\/la-petite-fabrique-de-grammaire.fr\/wp-content\/uploads\/2025\/05\/33-DP-Qu-est-ce-qui-varie.pptx\">Diaporama \u00e0 t\u00e9l\u00e9charger<\/a><\/td><td class=\"column-7\"><\/td><td class=\"column-8\"><\/td><td class=\"column-9\"><\/td><td class=\"column-10\"><\/td>\n<\/tr>\n<tr class=\"row-11\">\n\t<td class=\"column-1\">Confusion <em>le<\/em> pronom ou d\u00e9terminant<\/td><td class=\"column-2\"><span style=\"color:#70AD47;\">44 - Pronom ou d\u00e9terminant ?<\/span><\/td><td class=\"column-3\">Ambig\u00fcit\u00e9 du pronom et du d\u00e9terminant d\u00e9fini <em>le, la, les<\/em><\/td><td class=\"column-4\">Analyser une erreur, puis observer les phrases extraites d'un texte.<\/td><td class=\"column-5\"><a href=\"http:\/\/la-petite-fabrique-de-grammaire.fr\/wp-content\/uploads\/2025\/08\/44-GP-Pronom-ou-determinant-.pdf\" target=\"_blank\">le\u00e7on<\/a><br \/>\n<br \/>\n<a href=\"http:\/\/la-petite-fabrique-de-grammaire.fr\/wp-content\/uploads\/2025\/08\/44-FP-Pronom-ou-determinant-1.pdf\" target=\"_blank\">fiche \u00e0 photocopier<\/a><\/td><td class=\"column-6\"><a href=\"http:\/\/la-petite-fabrique-de-grammaire.fr\/wp-content\/uploads\/2025\/08\/44-DP-Pronom-ou-determinant.pdf\" target=\"_blank\">Diaporama \u00e0 consulter<\/a><br \/>\n<br \/>\n<a href=\"http:\/\/la-petite-fabrique-de-grammaire.fr\/wp-content\/uploads\/2025\/08\/44-DP-Pronom-ou-determinant.pptx\">Diaporama \u00e0 t\u00e9l\u00e9charger<\/a><\/td><td class=\"column-7\"><\/td><td class=\"column-8\"><\/td><td class=\"column-9\"><\/td><td class=\"column-10\"><\/td>\n<\/tr>\n<tr class=\"row-12\">\n\t<td class=\"column-1\">Adverbes en <em>-ment<\/em><\/td><td class=\"column-2\"><span style=\"color:#70AD47;\"><strong>48 - \u00c9tourdiment<\/strong><\/span><\/td><td class=\"column-3\">Proximit\u00e9 s\u00e9mantique et morphologique des adverbes et des adjectifs<\/td><td class=\"column-4\">Transformer un court texte puis classer des adverbes selon leur formation<\/td><td class=\"column-5\"><a href=\"http:\/\/la-petite-fabrique-de-grammaire.fr\/wp-content\/uploads\/2025\/08\/48-GP-etourdiment.pdf\" target=\"_blank\">le\u00e7on<\/a><br \/>\n<br \/>\n<a href=\"http:\/\/la-petite-fabrique-de-grammaire.fr\/wp-content\/uploads\/2025\/08\/48-FP-etourdiment.pdf\" target=\"_blank\">fiche \u00e0 photocopier<\/a><\/td><td class=\"column-6\"><a href=\"http:\/\/la-petite-fabrique-de-grammaire.fr\/wp-content\/uploads\/2025\/08\/48-DP-Etourdiment.pdf\" target=\"_blank\">Diaporama \u00e0 consulter<\/a><br \/>\n<br \/>\n<a href=\"http:\/\/la-petite-fabrique-de-grammaire.fr\/wp-content\/uploads\/2025\/08\/48-DP-Etourdiment.pptx\">Diaporama \u00e0 t\u00e9l\u00e9charger<\/a><\/td><td class=\"column-7\"><\/td><td class=\"column-8\"><\/td><td class=\"column-9\"><\/td><td class=\"column-10\"><\/td>\n<\/tr>\n<tr class=\"row-13\">\n\t<td class=\"column-1\">Distinguer les classes grammaticales<\/td><td class=\"column-2\"><span style=\"color:#70AD47;\"><strong>54 - Il \u00e9tait grilheure<\/strong><\/span><\/td><td class=\"column-3\">Prise en compte du fait que les indices font syst\u00e8me pour identifier noms, verbes et adjectifs<\/td><td class=\"column-4\">Dans une langue invent\u00e9e, s\u2019appuyer sur des indices orthographiques pour identifier des classes de mots <\/td><td class=\"column-5\"><a href=\"http:\/\/la-petite-fabrique-de-grammaire.fr\/wp-content\/uploads\/2025\/10\/54-GP-CM1-Il-etait-grilheure.pdf\" target=\"_blank\">le\u00e7on<\/a><br \/>\n<br \/>\n<a href=\"http:\/\/la-petite-fabrique-de-grammaire.fr\/wp-content\/uploads\/2025\/10\/54-FP-CM1-Il-etait-grilheure.pdf\" target=\"_blank\">fiche \u00e0 photocopier<\/a><\/td><td class=\"column-6\"><a href=\"http:\/\/la-petite-fabrique-de-grammaire.fr\/wp-content\/uploads\/2025\/10\/54-CM1-DP-Il-etait-grilheure.pdf\" target=\"_blank\">Diaporama \u00e0 consulter<\/a><br \/>\n<br \/>\n<a href=\"http:\/\/la-petite-fabrique-de-grammaire.fr\/wp-content\/uploads\/2025\/10\/54-CM1-DP-Il-etait-grilheure.pptx\">Diaporama \u00e0 t\u00e9l\u00e9charger<\/a><\/td><td class=\"column-7\"><\/td><td class=\"column-8\"><\/td><td class=\"column-9\"><\/td><td class=\"column-10\"><\/td>\n<\/tr>\n<tr class=\"row-14\">\n\t<td class=\"column-1\">Distinguer les classes de mots<\/td><td class=\"column-2\"><span style=\"color:#ED7D31;\">62 - Mise en classe <\/span><\/td><td class=\"column-3\">R\u00e9viser les classes grammaticales<\/td><td class=\"column-4\">Classer des mots selon leur classe grammaticale. Revenir sur les d\u00e9finitions propos\u00e9es en d\u00e9but d'ann\u00e9e<\/td><td class=\"column-5\"><a href=\"http:\/\/la-petite-fabrique-de-grammaire.fr\/wp-content\/uploads\/2026\/01\/62-GP-CM1-Mise-en-classes.pdf\" target=\"_blank\">le\u00e7on<\/a><br \/>\n<br \/>\n<a href=\"http:\/\/la-petite-fabrique-de-grammaire.fr\/wp-content\/uploads\/2026\/01\/62-GP-CM1-annexe-Tableau-general.pdf\" target=\"_blank\">tableau annexe<\/a><br \/>\n<br \/>\n<a href=\"http:\/\/la-petite-fabrique-de-grammaire.fr\/wp-content\/uploads\/2026\/01\/62-FP-CM1-Mise-en-classes.pdf\" target=\"_blank\">fiche \u00e0 photocopier<\/a><\/td><td class=\"column-6\"><a href=\"http:\/\/la-petite-fabrique-de-grammaire.fr\/wp-content\/uploads\/2026\/01\/62-DP-CM1-Mise-en-classes.pdf\" target=\"_blank\">Diaporama \u00e0 consulter<\/a><br \/>\n<br \/>\n<a href=\"http:\/\/la-petite-fabrique-de-grammaire.fr\/wp-content\/uploads\/2026\/01\/62-DP-CM1-Mise-en-classe.pptx\">Diaporama \u00e0 t\u00e9l\u00e9charger<\/a><\/td><td class=\"column-7\"><\/td><td class=\"column-8\"><\/td><td class=\"column-9\"><\/td><td class=\"column-10\"><\/td>\n<\/tr>\n<tr class=\"row-15\">\n\t<td class=\"column-1\"><\/td><td class=\"column-2\"><\/td><td class=\"column-3\"><\/td><td class=\"column-4\"><\/td><td class=\"column-5\"><\/td><td class=\"column-6\"><\/td><td class=\"column-7\"><\/td><td class=\"column-8\"><\/td><td class=\"column-9\"><\/td><td class=\"column-10\"><\/td>\n<\/tr>\n<tr class=\"row-16\">\n\t<td colspan=\"4\" class=\"column-1\"><strong>Pour une vue d'ensemble au CM1 : liste des objectifs et traces \u00e9crites<\/strong><\/td><td colspan=\"2\" class=\"column-5\"><a href=\"http:\/\/la-petite-fabrique-de-grammaire.fr\/wp-content\/uploads\/2025\/09\/CM1-Liste-des-traces-ecrites-distinguer-les-classes-de-mots.pdf\" target=\"_blank\">Liste traces \u00e9crites<\/a><\/td><td class=\"column-7\"><\/td><td class=\"column-8\"><\/td><td class=\"column-9\"><\/td><td class=\"column-10\"><\/td>\n<\/tr>\n<\/tbody>\n<\/table>\n\n<p>&nbsp;<\/p>\n\n<table id=\"tablepress-46\" class=\"tablepress tablepress-id-46 tbody-has-connected-cells\">\n<thead>\n<tr class=\"row-1\">\n\t<th colspan=\"3\" class=\"column-1\"><span style=\"color:#FF40FF;\"> <strong>Distinguer les classes grammaticales - CM2<\/strong><\/span><\/th><td class=\"column-4\"><\/td><td class=\"column-5\"><\/td><td class=\"column-6\"><\/td><td class=\"column-7\"><\/td><td class=\"column-8\"><\/td><td class=\"column-9\"><\/td><td class=\"column-10\"><\/td>\n<\/tr>\n<\/thead>\n<tbody class=\"row-striping row-hover\">\n<tr class=\"row-2\">\n\t<td class=\"column-1\"><\/td><td class=\"column-2\"><strong>Titre de la le\u00e7on<\/strong><\/td><td class=\"column-3\"><strong>Objectifs<\/strong><\/td><td class=\"column-4\"><strong>Activit\u00e9 des \u00e9l\u00e8ves<\/strong><\/td><td colspan=\"2\" class=\"column-5\"><strong>Ressources pour la classe<strong><\/td><td class=\"column-7\"><strong>En amont<\/strong><\/td><td class=\"column-8\"><\/td><td class=\"column-9\"><\/td><td class=\"column-10\"><\/td>\n<\/tr>\n<tr class=\"row-3\">\n\t<td class=\"column-1\"><strong>CM2<\/strong><\/td><td class=\"column-2\"><\/td><td class=\"column-3\"><\/td><td class=\"column-4\"><\/td><td class=\"column-5\"><\/td><td class=\"column-6\"><\/td><td class=\"column-7\"><\/td><td class=\"column-8\"><\/td><td class=\"column-9\"><\/td><td class=\"column-10\"><\/td>\n<\/tr>\n<tr class=\"row-4\">\n\t<td class=\"column-1\">Accord en genre, en nombre et en personne<\/td><td class=\"column-2\"><span style=\"color:#70AD47;\"><strong>1 - Qu'est-ce qui varie ?<\/strong><\/span><\/td><td class=\"column-3\">R\u00e9viser les crit\u00e8res de variation en relation avec les classes de mots<br \/>\nR\u00e9viser les accords principaux<\/td><td class=\"column-4\">Faire varier un texte<\/td><td class=\"column-5\"><a href=\"http:\/\/la-petite-fabrique-de-grammaire.fr\/wp-content\/uploads\/2026\/02\/1-CM2-GP-Quest-ce-qui-varie-.pdf\" target=\"_blank\">le\u00e7on<\/a><br \/>\n<br \/>\n<a href=\"http:\/\/la-petite-fabrique-de-grammaire.fr\/wp-content\/uploads\/2026\/02\/1-CM2-FP-CM2-Qu-est-ce-qui-varie-1.pdf\" target=\"_blank\">fiche \u00e0 photocopier 1<\/a><br \/>\n<br \/>\n<a href=\"http:\/\/la-petite-fabrique-de-grammaire.fr\/wp-content\/uploads\/2026\/02\/1-CM2-FP-Quest-ce-qui-varie-2.pdf\" target=\"_blank\">fiche \u00e0 photocopier 2<\/a><\/td><td class=\"column-6\"><a href=\"http:\/\/la-petite-fabrique-de-grammaire.fr\/wp-content\/uploads\/2026\/02\/1-CM2-DP-Qu-est-ce-qui-varie-.pdf\" target=\"_blank\">Diaporama \u00e0 consulter<\/a><br \/>\n<br \/>\n<a href=\"http:\/\/la-petite-fabrique-de-grammaire.fr\/wp-content\/uploads\/2026\/02\/1-CM2-DP-Qu-est-ce-qui-varie-.pptx\">Diaporama \u00e0 t\u00e9l\u00e9charger<\/a><\/td><td class=\"column-7\"><\/td><td class=\"column-8\"><\/td><td class=\"column-9\"><\/td><td class=\"column-10\"><\/td>\n<\/tr>\n<tr class=\"row-5\">\n\t<td class=\"column-1\">Pr\u00e9position<\/td><td class=\"column-2\"><span style=\"color:#70AD47;\"><strong>14 - Notion de pr\u00e9position<\/strong><\/span><\/td><td class=\"column-3\">Positions de la pr\u00e9position : devant un compl\u00e9ment de phrase, appel\u00e9e par un verbe...<\/td><td class=\"column-4\"><\/td><td class=\"column-5\"><\/td><td class=\"column-6\"><\/td><td class=\"column-7\"><\/td><td class=\"column-8\"><\/td><td class=\"column-9\"><\/td><td class=\"column-10\"><\/td>\n<\/tr>\n<tr class=\"row-6\">\n\t<td class=\"column-1\">Confusion pronom \/ d\u00e9terminant<\/td><td class=\"column-2\"><span style=\"color:#ED7D31;\"><strong>58 - Les trois cochons<\/strong><\/span><\/td><td class=\"column-3\">Distinguer <em>le<\/em> pronom et <em>le<\/em> d\u00e9terminant<\/td><td class=\"column-4\">Interpr\u00e9ter une \"blague\"<\/td><td class=\"column-5\"><\/td><td class=\"column-6\"><\/td><td class=\"column-7\">CM1 : 43<\/td><td class=\"column-8\"><\/td><td class=\"column-9\"><\/td><td class=\"column-10\"><\/td>\n<\/tr>\n<tr class=\"row-7\">\n\t<td class=\"column-1\">Distinguer les classes grammaticales<\/td><td class=\"column-2\"><span style=\"color:#ED7D31;\"><strong>64 - Mise en classe <\/strong><\/span><\/td><td class=\"column-3\">R\u00e9viser les classes grammaticales<\/td><td class=\"column-4\">Classer des mots selon leur classe grammaticale. V\u00e9rifier en consultant un texte.<\/td><td class=\"column-5\"><\/td><td class=\"column-6\"><\/td><td class=\"column-7\">CM1 : 1-2-8-30-54-63<\/td><td class=\"column-8\"><\/td><td class=\"column-9\"><\/td><td class=\"column-10\"><\/td>\n<\/tr>\n<\/tbody>\n<\/table>\n\n","protected":false},"excerpt":{"rendered":"<p>DISTINGUER LES CLASSES DE MOTS Dans ce domaine sont \u00e9tudi\u00e9es les diff\u00e9rences entre les classes grammaticales. Sur ces points, on peut aussi consulter les tests de progr\u00e8s et le rituel \u00ab\u00a0Dispositif Calame-Gippet\u00a0\u00bb Dans les tableaux qui suivent, les titres des le\u00e7ons sont pr\u00e9c\u00e9d\u00e9s du num\u00e9ro d&rsquo;ordre que la le\u00e7on occupe dans la programmation propos\u00e9e. Ils [&hellip;]<\/p>\n","protected":false},"author":1,"featured_media":0,"parent":0,"menu_order":0,"comment_status":"closed","ping_status":"closed","template":"","meta":{"footnotes":""},"class_list":["post-109","page","type-page","status-publish","hentry"],"_links":{"self":[{"href":"https:\/\/la-petite-fabrique-de-grammaire.fr\/index.php?rest_route=\/wp\/v2\/pages\/109","targetHints":{"allow":["GET"]}}],"collection":[{"href":"https:\/\/la-petite-fabrique-de-grammaire.fr\/index.php?rest_route=\/wp\/v2\/pages"}],"about":[{"href":"https:\/\/la-petite-fabrique-de-grammaire.fr\/index.php?rest_route=\/wp\/v2\/types\/page"}],"author":[{"embeddable":true,"href":"https:\/\/la-petite-fabrique-de-grammaire.fr\/index.php?rest_route=\/wp\/v2\/users\/1"}],"replies":[{"embeddable":true,"href":"https:\/\/la-petite-fabrique-de-grammaire.fr\/index.php?rest_route=%2Fwp%2Fv2%2Fcomments&post=109"}],"version-history":[{"count":18,"href":"https:\/\/la-petite-fabrique-de-grammaire.fr\/index.php?rest_route=\/wp\/v2\/pages\/109\/revisions"}],"predecessor-version":[{"id":4670,"href":"https:\/\/la-petite-fabrique-de-grammaire.fr\/index.php?rest_route=\/wp\/v2\/pages\/109\/revisions\/4670"}],"wp:attachment":[{"href":"https:\/\/la-petite-fabrique-de-grammaire.fr\/index.php?rest_route=%2Fwp%2Fv2%2Fmedia&parent=109"}],"curies":[{"name":"wp","href":"https:\/\/api.w.org\/{rel}","templated":true}]}}